{"id":51857,"date":"2026-04-27T05:36:05","date_gmt":"2026-04-27T05:36:05","guid":{"rendered":"http:\/\/shop.verlag.uni-potsdam.de\/produkt\/roemische-geschichte-und-geschichtsschreibung\/"},"modified":"2026-04-27T09:37:05","modified_gmt":"2026-04-27T07:37:05","slug":"roemische-geschichte-und-geschichtsschreibung","status":"publish","type":"product","link":"https:\/\/shop.verlag.uni-potsdam.de\/en\/shop\/roemische-geschichte-und-geschichtsschreibung\/","title":{"rendered":"R\u00f6mische Geschichte und Geschichtsschreibung"},"content":{"rendered":"<p class=\"qtranxs-available-languages-message qtranxs-available-languages-message-en\">Sorry, this entry is only available in <a href=\"https:\/\/shop.verlag.uni-potsdam.de\/de\/wp-json\/wp\/v2\/product\/51857\" class=\"qtranxs-available-language-link qtranxs-available-language-link-de\" title=\"Deutsch\">Deutsch<\/a>.<\/p><p>Im Februar 2005 fand zum ersten Mal der \u201aPotsdamer Lateintag\u2018 an der Universit\u00e4t Potsdam statt. Konzipiert war diese Veranstaltung als eine Kombination aus Weiterbildungsangebot f\u00fcr Lehrerinnen und Lehrer sowie einem Schnupperstudium f\u00fcr Sch\u00fclerinnen und Sch\u00fcler; sie steht f\u00fcr die notwendige Gemeinsamkeit von Theorie und Praxis, Universit\u00e4t und Schule, Lehrerausbildung und Lehrerfortbildung. \u00dcbergeordnetes Thema der Vortr\u00e4ge&nbsp; war \u201aR\u00f6mische Geschichte und Geschichtsschreibung (1. Jh. v. Chr.)\u2018. Nach&nbsp; einem althistorischen Er\u00f6ffnungsvortrag f\u00fcr alle Teilnehmerinnen und&nbsp; Teilnehmer gab es f\u00fcr die Lehrenden einen fachwissenschaftlichen und einen fachdidaktischen Vortrag, f\u00fcr die Sch\u00fclerinnen und Sch\u00fcler Informationen&nbsp; zum Lateinstudium sowie eine F\u00fchrung durch die Ovidgalerie in den Neuen Kammern oder F\u00fchrungen durch das Neue Palais. \u00dcber das gro\u00dfe Interesse der \u00fcber 350 Teilnehmer haben&nbsp; wir uns sehr gefreut. Gerne sind wir auch dem Wunsch nachgekommen, die Vortr\u00e4ge in schriftlicher Form zug\u00e4nglich zu machen. Der \u201aPotsdamer Lateintag\u2018 wird in Zukunft einmal j\u00e4hrlich zu einem \u00fcbergeordneten Thema stattfinden, die Vortr\u00e4ge werden in der hier zum ersten Mal vorliegenden Zeitschrift ver\u00f6ffentlicht werden. <br \/><\/p>","protected":false},"excerpt":{"rendered":"<p class=\"qtranxs-available-languages-message qtranxs-available-languages-message-en\">Sorry, this entry is only available in <a href=\"https:\/\/shop.verlag.uni-potsdam.de\/de\/wp-json\/wp\/v2\/product\/51857\" class=\"qtranxs-available-language-link qtranxs-available-language-link-de\" title=\"Deutsch\">Deutsch<\/a>.<\/p>\n<p>Im Februar 2005 fand zum ersten Mal der \u201aPotsdamer Lateintag\u2018 an der Universit\u00e4t Potsdam statt. Konzipiert war diese Veranstaltung als eine Kombination aus Weiterbildungsangebot f\u00fcr Lehrerinnen und Lehrer sowie einem Schnupperstudium f\u00fcr Sch\u00fclerinnen und Sch\u00fcler; sie steht f\u00fcr die notwendige Gemeinsamkeit von Theorie und Praxis, Universit\u00e4t und Schule, Lehrerausbildung und Lehrerfortbildung. \u00dcbergeordnetes Thema der Vortr\u00e4ge&nbsp; war \u201aR\u00f6mische Geschichte und Geschichtsschreibung (1. Jh. v. Chr.)\u2018. Nach&nbsp; einem althistorischen Er\u00f6ffnungsvortrag f\u00fcr alle Teilnehmerinnen und&nbsp; Teilnehmer gab es f\u00fcr die Lehrenden einen fachwissenschaftlichen und einen fachdidaktischen Vortrag, f\u00fcr die Sch\u00fclerinnen und Sch\u00fcler Informationen&nbsp; zum Lateinstudium sowie eine F\u00fchrung durch die Ovidgalerie in den Neuen Kammern oder F\u00fchrungen durch das Neue Palais. \u00dcber das gro\u00dfe Interesse der \u00fcber 350 Teilnehmer haben&nbsp; wir uns sehr gefreut. Gerne sind wir auch dem Wunsch nachgekommen, die Vortr\u00e4ge in schriftlicher Form zug\u00e4nglich zu machen. Der \u201aPotsdamer Lateintag\u2018 wird in Zukunft einmal j\u00e4hrlich zu einem \u00fcbergeordneten Thema stattfinden, die Vortr\u00e4ge werden in der hier zum ersten Mal vorliegenden Zeitschrift ver\u00f6ffentlicht werden. <\/p>\n","protected":false},"featured_media":53738,"template":"","meta":{"_acf_changed":false},"product_brand":[],"product_cat":[6207],"product_tag":[5772],"class_list":{"0":"post-51857","1":"product","2":"type-product","3":"status-publish","4":"has-post-thumbnail","6":"product_cat-geschichte-web-kategorie","7":"product_tag-cicero-lateinunterricht-roemische-geschichte-roemische-verfassung","8":"autor-ursula-gaertner","10":"first","11":"instock","12":"shipping-taxable","13":"purchasable","14":"product-type-simple"},"acf":[],"yoast_head":"<!-- This site is optimized with the Yoast SEO plugin v27.1.1 - https:\/\/yoast.com\/product\/yoast-seo-wordpress\/ -->\n<title>R\u00f6mische Geschichte und Geschichtsschreibung - Universit\u00e4tsverlag Potsdam<\/title>\n<meta name=\"robots\" content=\"index, follow, max-snippet:-1, max-image-preview:large, max-video-preview:-1\" \/>\n<link rel=\"canonical\" href=\"https:\/\/shop.verlag.uni-potsdam.de\/en\/shop\/roemische-geschichte-und-geschichtsschreibung\/\" \/>\n<meta property=\"og:locale\" content=\"en_US\" \/>\n<meta property=\"og:type\" content=\"article\" \/>\n<meta property=\"og:title\" content=\"R\u00f6mische Geschichte und Geschichtsschreibung - Universit\u00e4tsverlag Potsdam\" \/>\n<meta property=\"og:description\" content=\"Im Februar 2005 fand zum ersten Mal der \u201aPotsdamer Lateintag\u2018 an der Universit\u00e4t Potsdam statt. Konzipiert war diese Veranstaltung als eine Kombination aus Weiterbildungsangebot f\u00fcr Lehrerinnen und Lehrer sowie einem Schnupperstudium f\u00fcr Sch\u00fclerinnen und Sch\u00fcler; sie steht f\u00fcr die notwendige Gemeinsamkeit von Theorie und Praxis, Universit\u00e4t und Schule, Lehrerausbildung und Lehrerfortbildung. \u00dcbergeordnetes Thema der Vortr\u00e4ge&nbsp; war \u201aR\u00f6mische Geschichte und Geschichtsschreibung (1. Jh. v. Chr.)\u2018. Nach&nbsp; einem althistorischen Er\u00f6ffnungsvortrag f\u00fcr alle Teilnehmerinnen und&nbsp; Teilnehmer gab es f\u00fcr die Lehrenden einen fachwissenschaftlichen und einen fachdidaktischen Vortrag, f\u00fcr die Sch\u00fclerinnen und Sch\u00fcler Informationen&nbsp; zum Lateinstudium sowie eine F\u00fchrung durch die Ovidgalerie in den Neuen Kammern oder F\u00fchrungen durch das Neue Palais. \u00dcber das gro\u00dfe Interesse der \u00fcber 350 Teilnehmer haben&nbsp; wir uns sehr gefreut. Gerne sind wir auch dem Wunsch nachgekommen, die Vortr\u00e4ge in schriftlicher Form zug\u00e4nglich zu machen. Der \u201aPotsdamer Lateintag\u2018 wird in Zukunft einmal j\u00e4hrlich zu einem \u00fcbergeordneten Thema stattfinden, die Vortr\u00e4ge werden in der hier zum ersten Mal vorliegenden Zeitschrift ver\u00f6ffentlicht werden.\" \/>\n<meta property=\"og:url\" content=\"https:\/\/shop.verlag.uni-potsdam.de\/en\/shop\/roemische-geschichte-und-geschichtsschreibung\/\" \/>\n<meta property=\"og:site_name\" content=\"Universit\u00e4tsverlag Potsdam\" \/>\n<meta property=\"article:modified_time\" content=\"2026-04-27T07:37:05+00:00\" \/>\n<meta property=\"og:image\" content=\"https:\/\/shop.verlag.uni-potsdam.de\/wp-content\/uploads\/asolmerce\/image-9783937786384.jpg\" \/>\n\t<meta property=\"og:image:width\" content=\"1072\" \/>\n\t<meta property=\"og:image:height\" content=\"1597\" \/>\n\t<meta property=\"og:image:type\" content=\"image\/jpeg\" \/>\n<meta name=\"twitter:card\" content=\"summary_large_image\" \/>\n<meta name=\"twitter:label1\" content=\"Est. reading time\" \/>\n\t<meta name=\"twitter:data1\" content=\"1 minute\" \/>\n<script type=\"application\/ld+json\" class=\"yoast-schema-graph\">{\"@context\":\"https:\/\/schema.org\",\"@graph\":[{\"@type\":\"WebPage\",\"@id\":\"https:\/\/shop.verlag.uni-potsdam.de\/en\/shop\/roemische-geschichte-und-geschichtsschreibung\/\",\"url\":\"https:\/\/shop.verlag.uni-potsdam.de\/en\/shop\/roemische-geschichte-und-geschichtsschreibung\/\",\"name\":\"R\u00f6mische Geschichte und Geschichtsschreibung - Universit\u00e4tsverlag Potsdam\",\"isPartOf\":{\"@id\":\"https:\/\/shop.verlag.uni-potsdam.de\/en\/#website\"},\"primaryImageOfPage\":{\"@id\":\"https:\/\/shop.verlag.uni-potsdam.de\/en\/shop\/roemische-geschichte-und-geschichtsschreibung\/#primaryimage\"},\"image\":{\"@id\":\"https:\/\/shop.verlag.uni-potsdam.de\/shop\/roemische-geschichte-und-geschichtsschreibung\/#primaryimage\"},\"thumbnailUrl\":\"https:\/\/shop.verlag.uni-potsdam.de\/wp-content\/uploads\/asolmerce\/image-9783937786384.jpg\",\"datePublished\":\"2026-04-27T05:36:05+00:00\",\"dateModified\":\"2026-04-27T07:37:05+00:00\",\"breadcrumb\":{\"@id\":\"https:\/\/shop.verlag.uni-potsdam.de\/en\/shop\/roemische-geschichte-und-geschichtsschreibung\/#breadcrumb\"},\"inLanguage\":\"en-US\",\"potentialAction\":[{\"@type\":\"ReadAction\",\"target\":[[\"https:\/\/shop.verlag.uni-potsdam.de\/en\/shop\/roemische-geschichte-und-geschichtsschreibung\/\"]]}]},{\"@type\":\"ImageObject\",\"inLanguage\":\"en-US\",\"@id\":\"https:\/\/shop.verlag.uni-potsdam.de\/en\/shop\/roemische-geschichte-und-geschichtsschreibung\/#primaryimage\",\"url\":\"https:\/\/shop.verlag.uni-potsdam.de\/wp-content\/uploads\/asolmerce\/image-9783937786384.jpg\",\"contentUrl\":\"https:\/\/shop.verlag.uni-potsdam.de\/wp-content\/uploads\/asolmerce\/image-9783937786384.jpg\",\"width\":1072,\"height\":1597},{\"@type\":\"BreadcrumbList\",\"@id\":\"https:\/\/shop.verlag.uni-potsdam.de\/en\/shop\/roemische-geschichte-und-geschichtsschreibung\/#breadcrumb\",\"itemListElement\":[{\"@type\":\"ListItem\",\"position\":1,\"name\":\"Startseite\",\"item\":\"https:\/\/shop.verlag.uni-potsdam.de\/en\/\"},{\"@type\":\"ListItem\",\"position\":2,\"name\":\"Shop\",\"item\":\"https:\/\/shop.verlag.uni-potsdam.de\/en\/shop\/\"},{\"@type\":\"ListItem\",\"position\":3,\"name\":\"R\u00f6mische Geschichte und Geschichtsschreibung\"}]},{\"@type\":\"WebSite\",\"@id\":\"https:\/\/shop.verlag.uni-potsdam.de\/en\/#website\",\"url\":\"https:\/\/shop.verlag.uni-potsdam.de\/en\/\",\"name\":\"Universit\u00e4tsverlag Potsdam\",\"description\":\"\",\"publisher\":{\"@id\":\"https:\/\/shop.verlag.uni-potsdam.de\/en\/#organization\"},\"potentialAction\":[{\"@type\":\"SearchAction\",\"target\":{\"@type\":\"EntryPoint\",\"urlTemplate\":\"https:\/\/shop.verlag.uni-potsdam.de\/en\/?s={search_term_string}\"},\"query-input\":{\"@type\":\"PropertyValueSpecification\",\"valueRequired\":true,\"valueName\":\"search_term_string\"}}],\"inLanguage\":\"en-US\"},{\"@type\":\"Organization\",\"@id\":\"https:\/\/shop.verlag.uni-potsdam.de\/en\/#organization\",\"name\":\"Universit\u00e4tsverlag Potsdam\",\"url\":\"https:\/\/shop.verlag.uni-potsdam.de\/en\/\",\"logo\":{\"@type\":\"ImageObject\",\"inLanguage\":\"en-US\",\"@id\":\"https:\/\/shop.verlag.uni-potsdam.de\/en\/#\/schema\/logo\/image\/\",\"url\":\"https:\/\/shop.verlag.uni-potsdam.de\/wp-content\/uploads\/2017\/04\/up_logo_university_2.png\",\"contentUrl\":\"https:\/\/shop.verlag.uni-potsdam.de\/wp-content\/uploads\/2017\/04\/up_logo_university_2.png\",\"width\":160,\"height\":172,\"caption\":\"Universit\u00e4tsverlag Potsdam\"},\"image\":{\"@id\":\"https:\/\/shop.verlag.uni-potsdam.de\/en\/#\/schema\/logo\/image\/\"}}]}<\/script>\n<!-- \/ Yoast SEO plugin. -->","yoast_head_json":{"title":"R\u00f6mische Geschichte und Geschichtsschreibung - Universit\u00e4tsverlag Potsdam","robots":{"index":"index","follow":"follow","max-snippet":"max-snippet:-1","max-image-preview":"max-image-preview:large","max-video-preview":"max-video-preview:-1"},"canonical":"https:\/\/shop.verlag.uni-potsdam.de\/en\/shop\/roemische-geschichte-und-geschichtsschreibung\/","og_locale":"en_US","og_type":"article","og_title":"R\u00f6mische Geschichte und Geschichtsschreibung - Universit\u00e4tsverlag Potsdam","og_description":"Im Februar 2005 fand zum ersten Mal der \u201aPotsdamer Lateintag\u2018 an der Universit\u00e4t Potsdam statt. Konzipiert war diese Veranstaltung als eine Kombination aus Weiterbildungsangebot f\u00fcr Lehrerinnen und Lehrer sowie einem Schnupperstudium f\u00fcr Sch\u00fclerinnen und Sch\u00fcler; sie steht f\u00fcr die notwendige Gemeinsamkeit von Theorie und Praxis, Universit\u00e4t und Schule, Lehrerausbildung und Lehrerfortbildung. \u00dcbergeordnetes Thema der Vortr\u00e4ge&nbsp; war \u201aR\u00f6mische Geschichte und Geschichtsschreibung (1. Jh. v. Chr.)\u2018. Nach&nbsp; einem althistorischen Er\u00f6ffnungsvortrag f\u00fcr alle Teilnehmerinnen und&nbsp; Teilnehmer gab es f\u00fcr die Lehrenden einen fachwissenschaftlichen und einen fachdidaktischen Vortrag, f\u00fcr die Sch\u00fclerinnen und Sch\u00fcler Informationen&nbsp; zum Lateinstudium sowie eine F\u00fchrung durch die Ovidgalerie in den Neuen Kammern oder F\u00fchrungen durch das Neue Palais. \u00dcber das gro\u00dfe Interesse der \u00fcber 350 Teilnehmer haben&nbsp; wir uns sehr gefreut. Gerne sind wir auch dem Wunsch nachgekommen, die Vortr\u00e4ge in schriftlicher Form zug\u00e4nglich zu machen. Der \u201aPotsdamer Lateintag\u2018 wird in Zukunft einmal j\u00e4hrlich zu einem \u00fcbergeordneten Thema stattfinden, die Vortr\u00e4ge werden in der hier zum ersten Mal vorliegenden Zeitschrift ver\u00f6ffentlicht werden.","og_url":"https:\/\/shop.verlag.uni-potsdam.de\/en\/shop\/roemische-geschichte-und-geschichtsschreibung\/","og_site_name":"Universit\u00e4tsverlag Potsdam","article_modified_time":"2026-04-27T07:37:05+00:00","og_image":[{"width":1072,"height":1597,"url":"https:\/\/shop.verlag.uni-potsdam.de\/wp-content\/uploads\/asolmerce\/image-9783937786384.jpg","type":"image\/jpeg"}],"twitter_card":"summary_large_image","twitter_misc":{"Est. reading time":"1 minute"},"schema":{"@context":"https:\/\/schema.org","@graph":[{"@type":"WebPage","@id":"https:\/\/shop.verlag.uni-potsdam.de\/en\/shop\/roemische-geschichte-und-geschichtsschreibung\/","url":"https:\/\/shop.verlag.uni-potsdam.de\/en\/shop\/roemische-geschichte-und-geschichtsschreibung\/","name":"R\u00f6mische Geschichte und Geschichtsschreibung - Universit\u00e4tsverlag Potsdam","isPartOf":{"@id":"https:\/\/shop.verlag.uni-potsdam.de\/en\/#website"},"primaryImageOfPage":{"@id":"https:\/\/shop.verlag.uni-potsdam.de\/en\/shop\/roemische-geschichte-und-geschichtsschreibung\/#primaryimage"},"image":{"@id":"https:\/\/shop.verlag.uni-potsdam.de\/shop\/roemische-geschichte-und-geschichtsschreibung\/#primaryimage"},"thumbnailUrl":"https:\/\/shop.verlag.uni-potsdam.de\/wp-content\/uploads\/asolmerce\/image-9783937786384.jpg","datePublished":"2026-04-27T05:36:05+00:00","dateModified":"2026-04-27T07:37:05+00:00","breadcrumb":{"@id":"https:\/\/shop.verlag.uni-potsdam.de\/en\/shop\/roemische-geschichte-und-geschichtsschreibung\/#breadcrumb"},"inLanguage":"en-US","potentialAction":[{"@type":"ReadAction","target":[["https:\/\/shop.verlag.uni-potsdam.de\/en\/shop\/roemische-geschichte-und-geschichtsschreibung\/"]]}]},{"@type":"ImageObject","inLanguage":"en-US","@id":"https:\/\/shop.verlag.uni-potsdam.de\/en\/shop\/roemische-geschichte-und-geschichtsschreibung\/#primaryimage","url":"https:\/\/shop.verlag.uni-potsdam.de\/wp-content\/uploads\/asolmerce\/image-9783937786384.jpg","contentUrl":"https:\/\/shop.verlag.uni-potsdam.de\/wp-content\/uploads\/asolmerce\/image-9783937786384.jpg","width":1072,"height":1597},{"@type":"BreadcrumbList","@id":"https:\/\/shop.verlag.uni-potsdam.de\/en\/shop\/roemische-geschichte-und-geschichtsschreibung\/#breadcrumb","itemListElement":[{"@type":"ListItem","position":1,"name":"Startseite","item":"https:\/\/shop.verlag.uni-potsdam.de\/en\/"},{"@type":"ListItem","position":2,"name":"Shop","item":"https:\/\/shop.verlag.uni-potsdam.de\/en\/shop\/"},{"@type":"ListItem","position":3,"name":"R\u00f6mische Geschichte und Geschichtsschreibung"}]},{"@type":"WebSite","@id":"https:\/\/shop.verlag.uni-potsdam.de\/en\/#website","url":"https:\/\/shop.verlag.uni-potsdam.de\/en\/","name":"Universit\u00e4tsverlag Potsdam","description":"","publisher":{"@id":"https:\/\/shop.verlag.uni-potsdam.de\/en\/#organization"},"potentialAction":[{"@type":"SearchAction","target":{"@type":"EntryPoint","urlTemplate":"https:\/\/shop.verlag.uni-potsdam.de\/en\/?s={search_term_string}"},"query-input":{"@type":"PropertyValueSpecification","valueRequired":true,"valueName":"search_term_string"}}],"inLanguage":"en-US"},{"@type":"Organization","@id":"https:\/\/shop.verlag.uni-potsdam.de\/en\/#organization","name":"Universit\u00e4tsverlag Potsdam","url":"https:\/\/shop.verlag.uni-potsdam.de\/en\/","logo":{"@type":"ImageObject","inLanguage":"en-US","@id":"https:\/\/shop.verlag.uni-potsdam.de\/en\/#\/schema\/logo\/image\/","url":"https:\/\/shop.verlag.uni-potsdam.de\/wp-content\/uploads\/2017\/04\/up_logo_university_2.png","contentUrl":"https:\/\/shop.verlag.uni-potsdam.de\/wp-content\/uploads\/2017\/04\/up_logo_university_2.png","width":160,"height":172,"caption":"Universit\u00e4tsverlag Potsdam"},"image":{"@id":"https:\/\/shop.verlag.uni-potsdam.de\/en\/#\/schema\/logo\/image\/"}}]}},"_links":{"self":[{"href":"https:\/\/shop.verlag.uni-potsdam.de\/en\/wp-json\/wp\/v2\/product\/51857","targetHints":{"allow":["GET"]}}],"collection":[{"href":"https:\/\/shop.verlag.uni-potsdam.de\/en\/wp-json\/wp\/v2\/product"}],"about":[{"href":"https:\/\/shop.verlag.uni-potsdam.de\/en\/wp-json\/wp\/v2\/types\/product"}],"wp:featuredmedia":[{"embeddable":true,"href":"https:\/\/shop.verlag.uni-potsdam.de\/en\/wp-json\/wp\/v2\/media\/53738"}],"wp:attachment":[{"href":"https:\/\/shop.verlag.uni-potsdam.de\/en\/wp-json\/wp\/v2\/media?parent=51857"}],"wp:term":[{"taxonomy":"product_brand","embeddable":true,"href":"https:\/\/shop.verlag.uni-potsdam.de\/en\/wp-json\/wp\/v2\/product_brand?post=51857"},{"taxonomy":"product_cat","embeddable":true,"href":"https:\/\/shop.verlag.uni-potsdam.de\/en\/wp-json\/wp\/v2\/product_cat?post=51857"},{"taxonomy":"product_tag","embeddable":true,"href":"https:\/\/shop.verlag.uni-potsdam.de\/en\/wp-json\/wp\/v2\/product_tag?post=51857"}],"curies":[{"name":"wp","href":"https:\/\/api.w.org\/{rel}","templated":true}]}}