{"id":53010,"date":"2026-03-23T08:53:47","date_gmt":"2026-03-23T08:53:47","guid":{"rendered":"http:\/\/shop.verlag.uni-potsdam.de\/produkt\/mgfn-1620121\/"},"modified":"2026-03-23T11:54:47","modified_gmt":"2026-03-23T10:54:47","slug":"militaer-und-gesellschaft-in-der-fruehen-neuzeit-16-2012-1","status":"publish","type":"product","link":"https:\/\/shop.verlag.uni-potsdam.de\/en\/shop\/militaer-und-gesellschaft-in-der-fruehen-neuzeit-16-2012-1\/","title":{"rendered":"Milit\u00e4r und Gesellschaft in der Fr\u00fchen Neuzeit ; 16 (2012) 1"},"content":{"rendered":"<p class=\"qtranxs-available-languages-message qtranxs-available-languages-message-en\">Sorry, this entry is only available in <a href=\"https:\/\/shop.verlag.uni-potsdam.de\/de\/wp-json\/wp\/v2\/product\/53010\" class=\"qtranxs-available-language-link qtranxs-available-language-link-de\" title=\"Deutsch\">Deutsch<\/a>.<\/p><p>Aus dem Inhalt:<br \/><i>Aufs\u00e4tze<\/i><\/p>\n<ul>\n<li>Eberhard Birk: Die Lineartaktik im Spiegel zeitgen\u00f6ssischer Ordnungsvorstellungen<\/li>\n<li>Shinko Taniguchi: Neue Forschungen zur japanischen Milit\u00e4rgeschichte des 16. bis zur Mitte des 19. Jahrhunderts <\/li>\n<li>Oj\u0101rs Sp\u0101r\u012btis: Die kartographische Darstellung der Belagerung Rigas von Georg Schwengeln (1621) als kulturhistorisches Zeugnis <\/li>\n<\/ul>\n<p><i>Projekt<\/i><\/p>\n<ul>\n<li>Oleg Rusakovskiy: L\u00e4ndliche Gesellschaft im Notstand. Die \u00c4mter Besigheim und Bietigheim im Drei\u00dfigj\u00e4hrigen Krieg (Dissertationsprojekt, T\u00fcbingen\/Moskau)<\/li>\n<\/ul>\n<p><i>Rezensionen<\/i><\/p>\n<ul>\n<li>Bernhard R. Kroener: Walter Kr\u00fcssmann, Ernst von Mansfeld (1580\u20131626). Grafensohn, S\u00f6ldnerf\u00fchrer, Kriegsunternehmer gegen Habsburg im Drei\u00dfigj\u00e4hrigen Krieg. (= Historische Forschungen, Bd. 94), Berlin 2010<\/li>\n<li>Frederic Gro\u00df: Werner Gebhardt, Die Sch\u00fcler der Hohen Karlsschule. Ein biographisches Lexikon, unter Mitarbeit von Lupold von Lehsten und Frank Raberg, Stuttgart 2011<\/li>\n<\/ul>\n<p><i>Tagungsberichte<\/i><\/p>\n<ul>\n<li>Stefan Droste, Sven Petersen: Tagungsbericht Milit\u00e4rische Wissenskulturen in der Fr\u00fchen Neuzeit. 9. Jahrestagung des Arbeitskreises Milit\u00e4r und Gesellschaft in der Fr\u00fchen Neuzeit vom 1. bis 3. Dezember 2011 in G\u00f6ttingen<\/li>\n<li>Markus Meumann: Tagungsbericht War, the State and Entrepreneurs in Early Modern Europe vom 1. Dezember bis 2. Dezember 2011 in Br\u00fcssel<\/li>\n<\/ul>\n<p><\/p>","protected":false},"excerpt":{"rendered":"<p class=\"qtranxs-available-languages-message qtranxs-available-languages-message-en\">Sorry, this entry is only available in <a href=\"https:\/\/shop.verlag.uni-potsdam.de\/de\/wp-json\/wp\/v2\/product\/53010\" class=\"qtranxs-available-language-link qtranxs-available-language-link-de\" title=\"Deutsch\">Deutsch<\/a>.<\/p>\n<p>Aus dem Inhalt:<br \/><i>Aufs\u00e4tze<\/i><\/p>\n<ul>\n<li>Eberhard Birk: Die Lineartaktik im Spiegel zeitgen\u00f6ssischer Ordnungsvorstellungen<\/li>\n<li>Shinko Taniguchi: Neue Forschungen zur japanischen Milit\u00e4rgeschichte des 16. bis zur Mitte des 19. Jahrhunderts <\/li>\n<li>Oj\u0101rs Sp\u0101r\u012btis: Die kartographische Darstellung der Belagerung Rigas von Georg Schwengeln (1621) als kulturhistorisches Zeugnis <\/li>\n<\/ul>\n<p><i>Projekt<\/i><\/p>\n<ul>\n<li>Oleg Rusakovskiy: L\u00e4ndliche Gesellschaft im Notstand. Die \u00c4mter Besigheim und Bietigheim im Drei\u00dfigj\u00e4hrigen Krieg (Dissertationsprojekt, T\u00fcbingen\/Moskau)<\/li>\n<\/ul>\n<p><i>Rezensionen<\/i><\/p>\n<ul>\n<li>Bernhard R. Kroener: Walter Kr\u00fcssmann, Ernst von Mansfeld (1580\u20131626). Grafensohn, S\u00f6ldnerf\u00fchrer, Kriegsunternehmer gegen Habsburg im Drei\u00dfigj\u00e4hrigen Krieg. (= Historische Forschungen, Bd. 94), Berlin 2010<\/li>\n<li>Frederic Gro\u00df: Werner Gebhardt, Die Sch\u00fcler der Hohen Karlsschule. Ein biographisches Lexikon, unter Mitarbeit von Lupold von Lehsten und Frank Raberg, Stuttgart 2011<\/li>\n<\/ul>\n<p><i>Tagungsberichte<\/i><\/p>\n<ul>\n<li>Stefan Droste, Sven Petersen: Tagungsbericht Milit\u00e4rische Wissenskulturen in der Fr\u00fchen Neuzeit. 9. Jahrestagung des Arbeitskreises Milit\u00e4r und Gesellschaft in der Fr\u00fchen Neuzeit vom 1. bis 3. Dezember 2011 in G\u00f6ttingen<\/li>\n<li>Markus Meumann: Tagungsbericht War, the State and Entrepreneurs in Early Modern Europe vom 1. Dezember bis 2. Dezember 2011 in Br\u00fcssel<\/li>\n<\/ul>\n","protected":false},"featured_media":54013,"template":"","meta":{"_acf_changed":false},"product_brand":[],"product_cat":[6207],"product_tag":[6342],"class_list":{"0":"post-53010","1":"product","2":"type-product","3":"status-publish","4":"has-post-thumbnail","6":"product_cat-geschichte-web-kategorie","7":"product_tag-lineartaktik-riga-dreissigjaehriger-krieg-belagerung-japan","8":"autor-bernhard-r-kroener-1","9":"autor-eberhard-birk","10":"autor-frederic-gross","11":"autor-markus-meumann","12":"autor-ojars-sparitis","13":"autor-oleg-rusakovskiy","14":"autor-shinko-taniguchi","15":"autor-stefan-droste","16":"autor-sven-petersen","17":"zeitschriften-militaer-und-gesellschaft-in-der-fruehen-neuzeit","19":"first","20":"instock","21":"shipping-taxable","22":"purchasable","23":"product-type-simple"},"acf":[],"yoast_head":"<!-- This site is optimized with the Yoast SEO plugin v27.1.1 - https:\/\/yoast.com\/product\/yoast-seo-wordpress\/ -->\n<title>Milit\u00e4r und Gesellschaft in der Fr\u00fchen Neuzeit ; 16 (2012) 1 - Universit\u00e4tsverlag Potsdam<\/title>\n<meta name=\"robots\" content=\"index, follow, max-snippet:-1, max-image-preview:large, max-video-preview:-1\" \/>\n<link rel=\"canonical\" href=\"https:\/\/shop.verlag.uni-potsdam.de\/en\/shop\/militaer-und-gesellschaft-in-der-fruehen-neuzeit-16-2012-1\/\" \/>\n<meta property=\"og:locale\" content=\"en_US\" \/>\n<meta property=\"og:type\" content=\"article\" \/>\n<meta property=\"og:title\" content=\"Milit\u00e4r und Gesellschaft in der Fr\u00fchen Neuzeit ; 16 (2012) 1 - Universit\u00e4tsverlag Potsdam\" \/>\n<meta property=\"og:description\" content=\"Aus dem Inhalt:Aufs\u00e4tzeEberhard Birk: Die Lineartaktik im Spiegel zeitgen\u00f6ssischer OrdnungsvorstellungenShinko Taniguchi: Neue Forschungen zur japanischen Milit\u00e4rgeschichte des 16. bis zur Mitte des 19. Jahrhunderts Oj\u0101rs Sp\u0101r\u012btis: Die kartographische Darstellung der Belagerung Rigas von Georg Schwengeln (1621) als kulturhistorisches Zeugnis ProjektOleg Rusakovskiy: L\u00e4ndliche Gesellschaft im Notstand. Die \u00c4mter Besigheim und Bietigheim im Drei\u00dfigj\u00e4hrigen Krieg (Dissertationsprojekt, T\u00fcbingen\/Moskau)RezensionenBernhard R. Kroener: Walter Kr\u00fcssmann, Ernst von Mansfeld (1580\u20131626). Grafensohn, S\u00f6ldnerf\u00fchrer, Kriegsunternehmer gegen Habsburg im Drei\u00dfigj\u00e4hrigen Krieg. (= Historische Forschungen, Bd. 94), Berlin 2010Frederic Gro\u00df: Werner Gebhardt, Die Sch\u00fcler der Hohen Karlsschule. Ein biographisches Lexikon, unter Mitarbeit von Lupold von Lehsten und Frank Raberg, Stuttgart 2011TagungsberichteStefan Droste, Sven Petersen: Tagungsbericht Milit\u00e4rische Wissenskulturen in der Fr\u00fchen Neuzeit. 9. Jahrestagung des Arbeitskreises Milit\u00e4r und Gesellschaft in der Fr\u00fchen Neuzeit vom 1. bis 3. Dezember 2011 in G\u00f6ttingenMarkus Meumann: Tagungsbericht War, the State and Entrepreneurs in Early Modern Europe vom 1. Dezember bis 2. Dezember 2011 in Br\u00fcssel\" \/>\n<meta property=\"og:url\" content=\"https:\/\/shop.verlag.uni-potsdam.de\/en\/shop\/militaer-und-gesellschaft-in-der-fruehen-neuzeit-16-2012-1\/\" \/>\n<meta property=\"og:site_name\" content=\"Universit\u00e4tsverlag Potsdam\" \/>\n<meta property=\"article:modified_time\" content=\"2026-03-23T10:54:47+00:00\" \/>\n<meta property=\"og:image\" content=\"https:\/\/shop.verlag.uni-potsdam.de\/wp-content\/uploads\/asolmerce\/image-1617-9722_2012_h1.jpg\" \/>\n\t<meta property=\"og:image:width\" content=\"452\" \/>\n\t<meta property=\"og:image:height\" content=\"640\" \/>\n\t<meta property=\"og:image:type\" content=\"image\/jpeg\" \/>\n<meta name=\"twitter:card\" content=\"summary_large_image\" \/>\n<meta name=\"twitter:label1\" content=\"Est. reading time\" \/>\n\t<meta name=\"twitter:data1\" content=\"1 minute\" \/>\n<script type=\"application\/ld+json\" class=\"yoast-schema-graph\">{\"@context\":\"https:\/\/schema.org\",\"@graph\":[{\"@type\":\"WebPage\",\"@id\":\"https:\/\/shop.verlag.uni-potsdam.de\/en\/shop\/militaer-und-gesellschaft-in-der-fruehen-neuzeit-16-2012-1\/\",\"url\":\"https:\/\/shop.verlag.uni-potsdam.de\/en\/shop\/militaer-und-gesellschaft-in-der-fruehen-neuzeit-16-2012-1\/\",\"name\":\"Milit\u00e4r und Gesellschaft in der Fr\u00fchen Neuzeit ; 16 (2012) 1 - Universit\u00e4tsverlag Potsdam\",\"isPartOf\":{\"@id\":\"https:\/\/shop.verlag.uni-potsdam.de\/en\/#website\"},\"primaryImageOfPage\":{\"@id\":\"https:\/\/shop.verlag.uni-potsdam.de\/en\/shop\/militaer-und-gesellschaft-in-der-fruehen-neuzeit-16-2012-1\/#primaryimage\"},\"image\":{\"@id\":\"https:\/\/shop.verlag.uni-potsdam.de\/shop\/militaer-und-gesellschaft-in-der-fruehen-neuzeit-16-2012-1\/#primaryimage\"},\"thumbnailUrl\":\"https:\/\/shop.verlag.uni-potsdam.de\/wp-content\/uploads\/asolmerce\/image-1617-9722_2012_h1.jpg\",\"datePublished\":\"2026-03-23T08:53:47+00:00\",\"dateModified\":\"2026-03-23T10:54:47+00:00\",\"breadcrumb\":{\"@id\":\"https:\/\/shop.verlag.uni-potsdam.de\/en\/shop\/militaer-und-gesellschaft-in-der-fruehen-neuzeit-16-2012-1\/#breadcrumb\"},\"inLanguage\":\"en-US\",\"potentialAction\":[{\"@type\":\"ReadAction\",\"target\":[[\"https:\/\/shop.verlag.uni-potsdam.de\/en\/shop\/militaer-und-gesellschaft-in-der-fruehen-neuzeit-16-2012-1\/\"]]}]},{\"@type\":\"ImageObject\",\"inLanguage\":\"en-US\",\"@id\":\"https:\/\/shop.verlag.uni-potsdam.de\/en\/shop\/militaer-und-gesellschaft-in-der-fruehen-neuzeit-16-2012-1\/#primaryimage\",\"url\":\"https:\/\/shop.verlag.uni-potsdam.de\/wp-content\/uploads\/asolmerce\/image-1617-9722_2012_h1.jpg\",\"contentUrl\":\"https:\/\/shop.verlag.uni-potsdam.de\/wp-content\/uploads\/asolmerce\/image-1617-9722_2012_h1.jpg\",\"width\":452,\"height\":640},{\"@type\":\"BreadcrumbList\",\"@id\":\"https:\/\/shop.verlag.uni-potsdam.de\/en\/shop\/militaer-und-gesellschaft-in-der-fruehen-neuzeit-16-2012-1\/#breadcrumb\",\"itemListElement\":[{\"@type\":\"ListItem\",\"position\":1,\"name\":\"Startseite\",\"item\":\"https:\/\/shop.verlag.uni-potsdam.de\/en\/\"},{\"@type\":\"ListItem\",\"position\":2,\"name\":\"Shop\",\"item\":\"https:\/\/shop.verlag.uni-potsdam.de\/en\/shop\/\"},{\"@type\":\"ListItem\",\"position\":3,\"name\":\"Milit\u00e4r und Gesellschaft in der Fr\u00fchen Neuzeit ; 16 (2012) 1\"}]},{\"@type\":\"WebSite\",\"@id\":\"https:\/\/shop.verlag.uni-potsdam.de\/en\/#website\",\"url\":\"https:\/\/shop.verlag.uni-potsdam.de\/en\/\",\"name\":\"Universit\u00e4tsverlag Potsdam\",\"description\":\"\",\"publisher\":{\"@id\":\"https:\/\/shop.verlag.uni-potsdam.de\/en\/#organization\"},\"potentialAction\":[{\"@type\":\"SearchAction\",\"target\":{\"@type\":\"EntryPoint\",\"urlTemplate\":\"https:\/\/shop.verlag.uni-potsdam.de\/en\/?s={search_term_string}\"},\"query-input\":{\"@type\":\"PropertyValueSpecification\",\"valueRequired\":true,\"valueName\":\"search_term_string\"}}],\"inLanguage\":\"en-US\"},{\"@type\":\"Organization\",\"@id\":\"https:\/\/shop.verlag.uni-potsdam.de\/en\/#organization\",\"name\":\"Universit\u00e4tsverlag Potsdam\",\"url\":\"https:\/\/shop.verlag.uni-potsdam.de\/en\/\",\"logo\":{\"@type\":\"ImageObject\",\"inLanguage\":\"en-US\",\"@id\":\"https:\/\/shop.verlag.uni-potsdam.de\/en\/#\/schema\/logo\/image\/\",\"url\":\"https:\/\/shop.verlag.uni-potsdam.de\/wp-content\/uploads\/2017\/04\/up_logo_university_2.png\",\"contentUrl\":\"https:\/\/shop.verlag.uni-potsdam.de\/wp-content\/uploads\/2017\/04\/up_logo_university_2.png\",\"width\":160,\"height\":172,\"caption\":\"Universit\u00e4tsverlag Potsdam\"},\"image\":{\"@id\":\"https:\/\/shop.verlag.uni-potsdam.de\/en\/#\/schema\/logo\/image\/\"}}]}<\/script>\n<!-- \/ Yoast SEO plugin. -->","yoast_head_json":{"title":"Milit\u00e4r und Gesellschaft in der Fr\u00fchen Neuzeit ; 16 (2012) 1 - Universit\u00e4tsverlag Potsdam","robots":{"index":"index","follow":"follow","max-snippet":"max-snippet:-1","max-image-preview":"max-image-preview:large","max-video-preview":"max-video-preview:-1"},"canonical":"https:\/\/shop.verlag.uni-potsdam.de\/en\/shop\/militaer-und-gesellschaft-in-der-fruehen-neuzeit-16-2012-1\/","og_locale":"en_US","og_type":"article","og_title":"Milit\u00e4r und Gesellschaft in der Fr\u00fchen Neuzeit ; 16 (2012) 1 - Universit\u00e4tsverlag Potsdam","og_description":"Aus dem Inhalt:Aufs\u00e4tzeEberhard Birk: Die Lineartaktik im Spiegel zeitgen\u00f6ssischer OrdnungsvorstellungenShinko Taniguchi: Neue Forschungen zur japanischen Milit\u00e4rgeschichte des 16. bis zur Mitte des 19. Jahrhunderts Oj\u0101rs Sp\u0101r\u012btis: Die kartographische Darstellung der Belagerung Rigas von Georg Schwengeln (1621) als kulturhistorisches Zeugnis ProjektOleg Rusakovskiy: L\u00e4ndliche Gesellschaft im Notstand. Die \u00c4mter Besigheim und Bietigheim im Drei\u00dfigj\u00e4hrigen Krieg (Dissertationsprojekt, T\u00fcbingen\/Moskau)RezensionenBernhard R. Kroener: Walter Kr\u00fcssmann, Ernst von Mansfeld (1580\u20131626). Grafensohn, S\u00f6ldnerf\u00fchrer, Kriegsunternehmer gegen Habsburg im Drei\u00dfigj\u00e4hrigen Krieg. (= Historische Forschungen, Bd. 94), Berlin 2010Frederic Gro\u00df: Werner Gebhardt, Die Sch\u00fcler der Hohen Karlsschule. Ein biographisches Lexikon, unter Mitarbeit von Lupold von Lehsten und Frank Raberg, Stuttgart 2011TagungsberichteStefan Droste, Sven Petersen: Tagungsbericht Milit\u00e4rische Wissenskulturen in der Fr\u00fchen Neuzeit. 9. Jahrestagung des Arbeitskreises Milit\u00e4r und Gesellschaft in der Fr\u00fchen Neuzeit vom 1. bis 3. Dezember 2011 in G\u00f6ttingenMarkus Meumann: Tagungsbericht War, the State and Entrepreneurs in Early Modern Europe vom 1. Dezember bis 2. Dezember 2011 in Br\u00fcssel","og_url":"https:\/\/shop.verlag.uni-potsdam.de\/en\/shop\/militaer-und-gesellschaft-in-der-fruehen-neuzeit-16-2012-1\/","og_site_name":"Universit\u00e4tsverlag Potsdam","article_modified_time":"2026-03-23T10:54:47+00:00","og_image":[{"width":452,"height":640,"url":"https:\/\/shop.verlag.uni-potsdam.de\/wp-content\/uploads\/asolmerce\/image-1617-9722_2012_h1.jpg","type":"image\/jpeg"}],"twitter_card":"summary_large_image","twitter_misc":{"Est. reading time":"1 minute"},"schema":{"@context":"https:\/\/schema.org","@graph":[{"@type":"WebPage","@id":"https:\/\/shop.verlag.uni-potsdam.de\/en\/shop\/militaer-und-gesellschaft-in-der-fruehen-neuzeit-16-2012-1\/","url":"https:\/\/shop.verlag.uni-potsdam.de\/en\/shop\/militaer-und-gesellschaft-in-der-fruehen-neuzeit-16-2012-1\/","name":"Milit\u00e4r und Gesellschaft in der Fr\u00fchen Neuzeit ; 16 (2012) 1 - Universit\u00e4tsverlag Potsdam","isPartOf":{"@id":"https:\/\/shop.verlag.uni-potsdam.de\/en\/#website"},"primaryImageOfPage":{"@id":"https:\/\/shop.verlag.uni-potsdam.de\/en\/shop\/militaer-und-gesellschaft-in-der-fruehen-neuzeit-16-2012-1\/#primaryimage"},"image":{"@id":"https:\/\/shop.verlag.uni-potsdam.de\/shop\/militaer-und-gesellschaft-in-der-fruehen-neuzeit-16-2012-1\/#primaryimage"},"thumbnailUrl":"https:\/\/shop.verlag.uni-potsdam.de\/wp-content\/uploads\/asolmerce\/image-1617-9722_2012_h1.jpg","datePublished":"2026-03-23T08:53:47+00:00","dateModified":"2026-03-23T10:54:47+00:00","breadcrumb":{"@id":"https:\/\/shop.verlag.uni-potsdam.de\/en\/shop\/militaer-und-gesellschaft-in-der-fruehen-neuzeit-16-2012-1\/#breadcrumb"},"inLanguage":"en-US","potentialAction":[{"@type":"ReadAction","target":[["https:\/\/shop.verlag.uni-potsdam.de\/en\/shop\/militaer-und-gesellschaft-in-der-fruehen-neuzeit-16-2012-1\/"]]}]},{"@type":"ImageObject","inLanguage":"en-US","@id":"https:\/\/shop.verlag.uni-potsdam.de\/en\/shop\/militaer-und-gesellschaft-in-der-fruehen-neuzeit-16-2012-1\/#primaryimage","url":"https:\/\/shop.verlag.uni-potsdam.de\/wp-content\/uploads\/asolmerce\/image-1617-9722_2012_h1.jpg","contentUrl":"https:\/\/shop.verlag.uni-potsdam.de\/wp-content\/uploads\/asolmerce\/image-1617-9722_2012_h1.jpg","width":452,"height":640},{"@type":"BreadcrumbList","@id":"https:\/\/shop.verlag.uni-potsdam.de\/en\/shop\/militaer-und-gesellschaft-in-der-fruehen-neuzeit-16-2012-1\/#breadcrumb","itemListElement":[{"@type":"ListItem","position":1,"name":"Startseite","item":"https:\/\/shop.verlag.uni-potsdam.de\/en\/"},{"@type":"ListItem","position":2,"name":"Shop","item":"https:\/\/shop.verlag.uni-potsdam.de\/en\/shop\/"},{"@type":"ListItem","position":3,"name":"Milit\u00e4r und Gesellschaft in der Fr\u00fchen Neuzeit ; 16 (2012) 1"}]},{"@type":"WebSite","@id":"https:\/\/shop.verlag.uni-potsdam.de\/en\/#website","url":"https:\/\/shop.verlag.uni-potsdam.de\/en\/","name":"Universit\u00e4tsverlag Potsdam","description":"","publisher":{"@id":"https:\/\/shop.verlag.uni-potsdam.de\/en\/#organization"},"potentialAction":[{"@type":"SearchAction","target":{"@type":"EntryPoint","urlTemplate":"https:\/\/shop.verlag.uni-potsdam.de\/en\/?s={search_term_string}"},"query-input":{"@type":"PropertyValueSpecification","valueRequired":true,"valueName":"search_term_string"}}],"inLanguage":"en-US"},{"@type":"Organization","@id":"https:\/\/shop.verlag.uni-potsdam.de\/en\/#organization","name":"Universit\u00e4tsverlag Potsdam","url":"https:\/\/shop.verlag.uni-potsdam.de\/en\/","logo":{"@type":"ImageObject","inLanguage":"en-US","@id":"https:\/\/shop.verlag.uni-potsdam.de\/en\/#\/schema\/logo\/image\/","url":"https:\/\/shop.verlag.uni-potsdam.de\/wp-content\/uploads\/2017\/04\/up_logo_university_2.png","contentUrl":"https:\/\/shop.verlag.uni-potsdam.de\/wp-content\/uploads\/2017\/04\/up_logo_university_2.png","width":160,"height":172,"caption":"Universit\u00e4tsverlag Potsdam"},"image":{"@id":"https:\/\/shop.verlag.uni-potsdam.de\/en\/#\/schema\/logo\/image\/"}}]}},"_links":{"self":[{"href":"https:\/\/shop.verlag.uni-potsdam.de\/en\/wp-json\/wp\/v2\/product\/53010","targetHints":{"allow":["GET"]}}],"collection":[{"href":"https:\/\/shop.verlag.uni-potsdam.de\/en\/wp-json\/wp\/v2\/product"}],"about":[{"href":"https:\/\/shop.verlag.uni-potsdam.de\/en\/wp-json\/wp\/v2\/types\/product"}],"wp:featuredmedia":[{"embeddable":true,"href":"https:\/\/shop.verlag.uni-potsdam.de\/en\/wp-json\/wp\/v2\/media\/54013"}],"wp:attachment":[{"href":"https:\/\/shop.verlag.uni-potsdam.de\/en\/wp-json\/wp\/v2\/media?parent=53010"}],"wp:term":[{"taxonomy":"product_brand","embeddable":true,"href":"https:\/\/shop.verlag.uni-potsdam.de\/en\/wp-json\/wp\/v2\/product_brand?post=53010"},{"taxonomy":"product_cat","embeddable":true,"href":"https:\/\/shop.verlag.uni-potsdam.de\/en\/wp-json\/wp\/v2\/product_cat?post=53010"},{"taxonomy":"product_tag","embeddable":true,"href":"https:\/\/shop.verlag.uni-potsdam.de\/en\/wp-json\/wp\/v2\/product_tag?post=53010"}],"curies":[{"name":"wp","href":"https:\/\/api.w.org\/{rel}","templated":true}]}}