{"id":54954,"date":"2026-04-27T05:35:33","date_gmt":"2026-04-27T05:35:33","guid":{"rendered":"https:\/\/shop.verlag.uni-potsdam.de\/shop\/militaer-und-gesellschaft-in-der-fruehen-neuzeit-21-2017\/"},"modified":"2026-04-27T09:36:34","modified_gmt":"2026-04-27T07:36:34","slug":"militaer-und-zeit-in-der-fruehen-neuzeit","status":"publish","type":"product","link":"https:\/\/shop.verlag.uni-potsdam.de\/en\/shop\/militaer-und-zeit-in-der-fruehen-neuzeit\/","title":{"rendered":"Milit\u00e4r und Zeit in der Fr\u00fchen Neuzeit"},"content":{"rendered":"<p class=\"qtranxs-available-languages-message qtranxs-available-languages-message-en\">Sorry, this entry is only available in <a href=\"https:\/\/shop.verlag.uni-potsdam.de\/de\/wp-json\/wp\/v2\/product\/54954\" class=\"qtranxs-available-language-link qtranxs-available-language-link-de\" title=\"Deutsch\">Deutsch<\/a>.<\/p><p>Mit dem von Achim Landwehr herausgegebenen Themenheft Milit\u00e4r und Zeit in der Fr\u00fchen Neuzeit liegt ein Band mit einem stringent verfolgten Schwerpunkt vor, der zudem die Ergebnisse der im September 2015 in D\u00fcsseldorf abgehaltenen Jahrestagung des AMG aufbereitet. Den Referenten, den Autoren und dem Herausgeber sei an dieser Stelle f\u00fcr ihr Engagement herzlich gedankt.<br \/>Das Themenheft folgt keiner streng systematischen Unterteilung. In einer breit aufgestellten Einleitung gibt Achim Landwehr einen Einblick in die organisatorischen Bedeutungen der Zeit in den Armeen der Fr\u00fchen Neuzeit. Zeit, so zeigt bereits die Gliederung auf, unterlag dabei unterschiedlichen Auspr\u00e4gungen. Sie wurde von Befehlen, Ereignissen oder Prozessen strukturiert, die im Milit\u00e4r wirkten, die auf das Milit\u00e4r wirkten oder die durch das Milit\u00e4r in andere Bereiche der Gesellschaft wirkten.<br \/>Die Einleitung bietet ebenfalls einen umfassenden \u00dcberblick \u00fcber die Inhalte der einzelnen Beitr\u00e4ge, die an unterschiedliche Bereiche der Einleitung anschlie\u00dfen. Kontrafaktische Wahrnehmungen von Zeit spielen ebenso eine Rolle wie Disziplinierungs- und Nutzungsversuche der Nacht durch die fr\u00fchneuzeitlichen Milit\u00e4rs. Deutungsversuche stehen neben chronologischen Verk\u00fcrzungsversuchen. In ihrer Gesamtheit deuten sie den Umfang der Verbindungen zwischen Milit\u00e4r und Zeit an und unternehmen Versuche ihn auszudifferenzieren.<\/p>","protected":false},"excerpt":{"rendered":"<p class=\"qtranxs-available-languages-message qtranxs-available-languages-message-en\">Sorry, this entry is only available in <a href=\"https:\/\/shop.verlag.uni-potsdam.de\/de\/wp-json\/wp\/v2\/product\/54954\" class=\"qtranxs-available-language-link qtranxs-available-language-link-de\" title=\"Deutsch\">Deutsch<\/a>.<\/p>\n<p>Mit dem von Achim Landwehr herausgegebenen Themenheft Milit\u00e4r und Zeit in der Fr\u00fchen Neuzeit liegt ein Band mit einem stringent verfolgten Schwerpunkt vor, der zudem die Ergebnisse der im September 2015 in D\u00fcsseldorf abgehaltenen Jahrestagung des AMG aufbereitet. Den Referenten, den Autoren und dem Herausgeber sei an dieser Stelle f\u00fcr ihr Engagement herzlich gedankt.<br \/>Das Themenheft folgt keiner streng systematischen Unterteilung. In einer breit aufgestellten Einleitung gibt Achim Landwehr einen Einblick in die organisatorischen Bedeutungen der Zeit in den Armeen der Fr\u00fchen Neuzeit. Zeit, so zeigt bereits die Gliederung auf, unterlag dabei unterschiedlichen Auspr\u00e4gungen. Sie wurde von Befehlen, Ereignissen oder Prozessen strukturiert, die im Milit\u00e4r wirkten, die auf das Milit\u00e4r wirkten oder die durch das Milit\u00e4r in andere Bereiche der Gesellschaft wirkten.<br \/>Die Einleitung bietet ebenfalls einen umfassenden \u00dcberblick \u00fcber die Inhalte der einzelnen Beitr\u00e4ge, die an unterschiedliche Bereiche der Einleitung anschlie\u00dfen. Kontrafaktische Wahrnehmungen von Zeit spielen ebenso eine Rolle wie Disziplinierungs- und Nutzungsversuche der Nacht durch die fr\u00fchneuzeitlichen Milit\u00e4rs. Deutungsversuche stehen neben chronologischen Verk\u00fcrzungsversuchen. In ihrer Gesamtheit deuten sie den Umfang der Verbindungen zwischen Milit\u00e4r und Zeit an und unternehmen Versuche ihn auszudifferenzieren.<\/p>\n","protected":false},"featured_media":54985,"template":"","meta":{"_acf_changed":false},"product_brand":[],"product_cat":[6207],"product_tag":[5700],"class_list":{"0":"post-54954","1":"product","2":"type-product","3":"status-publish","4":"has-post-thumbnail","6":"product_cat-geschichte-web-kategorie","7":"product_tag-militaer-uhrzeit-schlaf-angriffstaktik","8":"autor-achim-landwehr-1","9":"autor-anja-schumann","10":"autor-anke-fischer-kattner","11":"autor-kai-lohstraeter","12":"autor-stefan-hanss","13":"autor-sven-petersen","14":"zeitschriften-militaer-und-gesellschaft-in-der-fruehen-neuzeit","16":"first","17":"instock","18":"shipping-taxable","19":"purchasable","20":"product-type-simple"},"acf":[],"yoast_head":"<!-- This site is optimized with the Yoast SEO plugin v27.1.1 - https:\/\/yoast.com\/product\/yoast-seo-wordpress\/ -->\n<title>Milit\u00e4r und Zeit in der Fr\u00fchen Neuzeit - Universit\u00e4tsverlag Potsdam<\/title>\n<meta name=\"robots\" content=\"index, follow, max-snippet:-1, max-image-preview:large, max-video-preview:-1\" \/>\n<link rel=\"canonical\" href=\"https:\/\/shop.verlag.uni-potsdam.de\/en\/shop\/militaer-und-zeit-in-der-fruehen-neuzeit\/\" \/>\n<meta property=\"og:locale\" content=\"en_US\" \/>\n<meta property=\"og:type\" content=\"article\" \/>\n<meta property=\"og:title\" content=\"Milit\u00e4r und Zeit in der Fr\u00fchen Neuzeit - Universit\u00e4tsverlag Potsdam\" \/>\n<meta property=\"og:description\" content=\"Mit dem von Achim Landwehr herausgegebenen Themenheft Milit\u00e4r und Zeit in der Fr\u00fchen Neuzeit liegt ein Band mit einem stringent verfolgten Schwerpunkt vor, der zudem die Ergebnisse der im September 2015 in D\u00fcsseldorf abgehaltenen Jahrestagung des AMG aufbereitet. Den Referenten, den Autoren und dem Herausgeber sei an dieser Stelle f\u00fcr ihr Engagement herzlich gedankt.Das Themenheft folgt keiner streng systematischen Unterteilung. In einer breit aufgestellten Einleitung gibt Achim Landwehr einen Einblick in die organisatorischen Bedeutungen der Zeit in den Armeen der Fr\u00fchen Neuzeit. Zeit, so zeigt bereits die Gliederung auf, unterlag dabei unterschiedlichen Auspr\u00e4gungen. Sie wurde von Befehlen, Ereignissen oder Prozessen strukturiert, die im Milit\u00e4r wirkten, die auf das Milit\u00e4r wirkten oder die durch das Milit\u00e4r in andere Bereiche der Gesellschaft wirkten.Die Einleitung bietet ebenfalls einen umfassenden \u00dcberblick \u00fcber die Inhalte der einzelnen Beitr\u00e4ge, die an unterschiedliche Bereiche der Einleitung anschlie\u00dfen. Kontrafaktische Wahrnehmungen von Zeit spielen ebenso eine Rolle wie Disziplinierungs- und Nutzungsversuche der Nacht durch die fr\u00fchneuzeitlichen Milit\u00e4rs. Deutungsversuche stehen neben chronologischen Verk\u00fcrzungsversuchen. In ihrer Gesamtheit deuten sie den Umfang der Verbindungen zwischen Milit\u00e4r und Zeit an und unternehmen Versuche ihn auszudifferenzieren.\" \/>\n<meta property=\"og:url\" content=\"https:\/\/shop.verlag.uni-potsdam.de\/en\/shop\/militaer-und-zeit-in-der-fruehen-neuzeit\/\" \/>\n<meta property=\"og:site_name\" content=\"Universit\u00e4tsverlag Potsdam\" \/>\n<meta property=\"article:modified_time\" content=\"2026-04-27T07:36:34+00:00\" \/>\n<meta property=\"og:image\" content=\"https:\/\/shop.verlag.uni-potsdam.de\/wp-content\/uploads\/asolmerce\/image-978-3-86956-412-8.jpg\" \/>\n\t<meta property=\"og:image:width\" content=\"1166\" \/>\n\t<meta property=\"og:image:height\" content=\"1654\" \/>\n\t<meta property=\"og:image:type\" content=\"image\/jpeg\" \/>\n<meta name=\"twitter:card\" content=\"summary_large_image\" \/>\n<meta name=\"twitter:label1\" content=\"Est. reading time\" \/>\n\t<meta name=\"twitter:data1\" content=\"1 minute\" \/>\n<script type=\"application\/ld+json\" class=\"yoast-schema-graph\">{\"@context\":\"https:\/\/schema.org\",\"@graph\":[{\"@type\":\"WebPage\",\"@id\":\"https:\/\/shop.verlag.uni-potsdam.de\/en\/shop\/militaer-und-zeit-in-der-fruehen-neuzeit\/\",\"url\":\"https:\/\/shop.verlag.uni-potsdam.de\/en\/shop\/militaer-und-zeit-in-der-fruehen-neuzeit\/\",\"name\":\"Milit\u00e4r und Zeit in der Fr\u00fchen Neuzeit - Universit\u00e4tsverlag Potsdam\",\"isPartOf\":{\"@id\":\"https:\/\/shop.verlag.uni-potsdam.de\/en\/#website\"},\"primaryImageOfPage\":{\"@id\":\"https:\/\/shop.verlag.uni-potsdam.de\/en\/shop\/militaer-und-zeit-in-der-fruehen-neuzeit\/#primaryimage\"},\"image\":{\"@id\":\"https:\/\/shop.verlag.uni-potsdam.de\/shop\/militaer-und-zeit-in-der-fruehen-neuzeit\/#primaryimage\"},\"thumbnailUrl\":\"https:\/\/shop.verlag.uni-potsdam.de\/wp-content\/uploads\/asolmerce\/image-978-3-86956-412-8.jpg\",\"datePublished\":\"2026-04-27T05:35:33+00:00\",\"dateModified\":\"2026-04-27T07:36:34+00:00\",\"breadcrumb\":{\"@id\":\"https:\/\/shop.verlag.uni-potsdam.de\/en\/shop\/militaer-und-zeit-in-der-fruehen-neuzeit\/#breadcrumb\"},\"inLanguage\":\"en-US\",\"potentialAction\":[{\"@type\":\"ReadAction\",\"target\":[[\"https:\/\/shop.verlag.uni-potsdam.de\/en\/shop\/militaer-und-zeit-in-der-fruehen-neuzeit\/\"]]}]},{\"@type\":\"ImageObject\",\"inLanguage\":\"en-US\",\"@id\":\"https:\/\/shop.verlag.uni-potsdam.de\/en\/shop\/militaer-und-zeit-in-der-fruehen-neuzeit\/#primaryimage\",\"url\":\"https:\/\/shop.verlag.uni-potsdam.de\/wp-content\/uploads\/asolmerce\/image-978-3-86956-412-8.jpg\",\"contentUrl\":\"https:\/\/shop.verlag.uni-potsdam.de\/wp-content\/uploads\/asolmerce\/image-978-3-86956-412-8.jpg\",\"width\":1166,\"height\":1654},{\"@type\":\"BreadcrumbList\",\"@id\":\"https:\/\/shop.verlag.uni-potsdam.de\/en\/shop\/militaer-und-zeit-in-der-fruehen-neuzeit\/#breadcrumb\",\"itemListElement\":[{\"@type\":\"ListItem\",\"position\":1,\"name\":\"Startseite\",\"item\":\"https:\/\/shop.verlag.uni-potsdam.de\/en\/\"},{\"@type\":\"ListItem\",\"position\":2,\"name\":\"Shop\",\"item\":\"https:\/\/shop.verlag.uni-potsdam.de\/en\/shop\/\"},{\"@type\":\"ListItem\",\"position\":3,\"name\":\"Milit\u00e4r und Zeit in der Fr\u00fchen Neuzeit\"}]},{\"@type\":\"WebSite\",\"@id\":\"https:\/\/shop.verlag.uni-potsdam.de\/en\/#website\",\"url\":\"https:\/\/shop.verlag.uni-potsdam.de\/en\/\",\"name\":\"Universit\u00e4tsverlag Potsdam\",\"description\":\"\",\"publisher\":{\"@id\":\"https:\/\/shop.verlag.uni-potsdam.de\/en\/#organization\"},\"potentialAction\":[{\"@type\":\"SearchAction\",\"target\":{\"@type\":\"EntryPoint\",\"urlTemplate\":\"https:\/\/shop.verlag.uni-potsdam.de\/en\/?s={search_term_string}\"},\"query-input\":{\"@type\":\"PropertyValueSpecification\",\"valueRequired\":true,\"valueName\":\"search_term_string\"}}],\"inLanguage\":\"en-US\"},{\"@type\":\"Organization\",\"@id\":\"https:\/\/shop.verlag.uni-potsdam.de\/en\/#organization\",\"name\":\"Universit\u00e4tsverlag Potsdam\",\"url\":\"https:\/\/shop.verlag.uni-potsdam.de\/en\/\",\"logo\":{\"@type\":\"ImageObject\",\"inLanguage\":\"en-US\",\"@id\":\"https:\/\/shop.verlag.uni-potsdam.de\/en\/#\/schema\/logo\/image\/\",\"url\":\"https:\/\/shop.verlag.uni-potsdam.de\/wp-content\/uploads\/2017\/04\/up_logo_university_2.png\",\"contentUrl\":\"https:\/\/shop.verlag.uni-potsdam.de\/wp-content\/uploads\/2017\/04\/up_logo_university_2.png\",\"width\":160,\"height\":172,\"caption\":\"Universit\u00e4tsverlag Potsdam\"},\"image\":{\"@id\":\"https:\/\/shop.verlag.uni-potsdam.de\/en\/#\/schema\/logo\/image\/\"}}]}<\/script>\n<!-- \/ Yoast SEO plugin. -->","yoast_head_json":{"title":"Milit\u00e4r und Zeit in der Fr\u00fchen Neuzeit - Universit\u00e4tsverlag Potsdam","robots":{"index":"index","follow":"follow","max-snippet":"max-snippet:-1","max-image-preview":"max-image-preview:large","max-video-preview":"max-video-preview:-1"},"canonical":"https:\/\/shop.verlag.uni-potsdam.de\/en\/shop\/militaer-und-zeit-in-der-fruehen-neuzeit\/","og_locale":"en_US","og_type":"article","og_title":"Milit\u00e4r und Zeit in der Fr\u00fchen Neuzeit - Universit\u00e4tsverlag Potsdam","og_description":"Mit dem von Achim Landwehr herausgegebenen Themenheft Milit\u00e4r und Zeit in der Fr\u00fchen Neuzeit liegt ein Band mit einem stringent verfolgten Schwerpunkt vor, der zudem die Ergebnisse der im September 2015 in D\u00fcsseldorf abgehaltenen Jahrestagung des AMG aufbereitet. Den Referenten, den Autoren und dem Herausgeber sei an dieser Stelle f\u00fcr ihr Engagement herzlich gedankt.Das Themenheft folgt keiner streng systematischen Unterteilung. In einer breit aufgestellten Einleitung gibt Achim Landwehr einen Einblick in die organisatorischen Bedeutungen der Zeit in den Armeen der Fr\u00fchen Neuzeit. Zeit, so zeigt bereits die Gliederung auf, unterlag dabei unterschiedlichen Auspr\u00e4gungen. Sie wurde von Befehlen, Ereignissen oder Prozessen strukturiert, die im Milit\u00e4r wirkten, die auf das Milit\u00e4r wirkten oder die durch das Milit\u00e4r in andere Bereiche der Gesellschaft wirkten.Die Einleitung bietet ebenfalls einen umfassenden \u00dcberblick \u00fcber die Inhalte der einzelnen Beitr\u00e4ge, die an unterschiedliche Bereiche der Einleitung anschlie\u00dfen. Kontrafaktische Wahrnehmungen von Zeit spielen ebenso eine Rolle wie Disziplinierungs- und Nutzungsversuche der Nacht durch die fr\u00fchneuzeitlichen Milit\u00e4rs. Deutungsversuche stehen neben chronologischen Verk\u00fcrzungsversuchen. In ihrer Gesamtheit deuten sie den Umfang der Verbindungen zwischen Milit\u00e4r und Zeit an und unternehmen Versuche ihn auszudifferenzieren.","og_url":"https:\/\/shop.verlag.uni-potsdam.de\/en\/shop\/militaer-und-zeit-in-der-fruehen-neuzeit\/","og_site_name":"Universit\u00e4tsverlag Potsdam","article_modified_time":"2026-04-27T07:36:34+00:00","og_image":[{"width":1166,"height":1654,"url":"https:\/\/shop.verlag.uni-potsdam.de\/wp-content\/uploads\/asolmerce\/image-978-3-86956-412-8.jpg","type":"image\/jpeg"}],"twitter_card":"summary_large_image","twitter_misc":{"Est. reading time":"1 minute"},"schema":{"@context":"https:\/\/schema.org","@graph":[{"@type":"WebPage","@id":"https:\/\/shop.verlag.uni-potsdam.de\/en\/shop\/militaer-und-zeit-in-der-fruehen-neuzeit\/","url":"https:\/\/shop.verlag.uni-potsdam.de\/en\/shop\/militaer-und-zeit-in-der-fruehen-neuzeit\/","name":"Milit\u00e4r und Zeit in der Fr\u00fchen Neuzeit - Universit\u00e4tsverlag Potsdam","isPartOf":{"@id":"https:\/\/shop.verlag.uni-potsdam.de\/en\/#website"},"primaryImageOfPage":{"@id":"https:\/\/shop.verlag.uni-potsdam.de\/en\/shop\/militaer-und-zeit-in-der-fruehen-neuzeit\/#primaryimage"},"image":{"@id":"https:\/\/shop.verlag.uni-potsdam.de\/shop\/militaer-und-zeit-in-der-fruehen-neuzeit\/#primaryimage"},"thumbnailUrl":"https:\/\/shop.verlag.uni-potsdam.de\/wp-content\/uploads\/asolmerce\/image-978-3-86956-412-8.jpg","datePublished":"2026-04-27T05:35:33+00:00","dateModified":"2026-04-27T07:36:34+00:00","breadcrumb":{"@id":"https:\/\/shop.verlag.uni-potsdam.de\/en\/shop\/militaer-und-zeit-in-der-fruehen-neuzeit\/#breadcrumb"},"inLanguage":"en-US","potentialAction":[{"@type":"ReadAction","target":[["https:\/\/shop.verlag.uni-potsdam.de\/en\/shop\/militaer-und-zeit-in-der-fruehen-neuzeit\/"]]}]},{"@type":"ImageObject","inLanguage":"en-US","@id":"https:\/\/shop.verlag.uni-potsdam.de\/en\/shop\/militaer-und-zeit-in-der-fruehen-neuzeit\/#primaryimage","url":"https:\/\/shop.verlag.uni-potsdam.de\/wp-content\/uploads\/asolmerce\/image-978-3-86956-412-8.jpg","contentUrl":"https:\/\/shop.verlag.uni-potsdam.de\/wp-content\/uploads\/asolmerce\/image-978-3-86956-412-8.jpg","width":1166,"height":1654},{"@type":"BreadcrumbList","@id":"https:\/\/shop.verlag.uni-potsdam.de\/en\/shop\/militaer-und-zeit-in-der-fruehen-neuzeit\/#breadcrumb","itemListElement":[{"@type":"ListItem","position":1,"name":"Startseite","item":"https:\/\/shop.verlag.uni-potsdam.de\/en\/"},{"@type":"ListItem","position":2,"name":"Shop","item":"https:\/\/shop.verlag.uni-potsdam.de\/en\/shop\/"},{"@type":"ListItem","position":3,"name":"Milit\u00e4r und Zeit in der Fr\u00fchen Neuzeit"}]},{"@type":"WebSite","@id":"https:\/\/shop.verlag.uni-potsdam.de\/en\/#website","url":"https:\/\/shop.verlag.uni-potsdam.de\/en\/","name":"Universit\u00e4tsverlag Potsdam","description":"","publisher":{"@id":"https:\/\/shop.verlag.uni-potsdam.de\/en\/#organization"},"potentialAction":[{"@type":"SearchAction","target":{"@type":"EntryPoint","urlTemplate":"https:\/\/shop.verlag.uni-potsdam.de\/en\/?s={search_term_string}"},"query-input":{"@type":"PropertyValueSpecification","valueRequired":true,"valueName":"search_term_string"}}],"inLanguage":"en-US"},{"@type":"Organization","@id":"https:\/\/shop.verlag.uni-potsdam.de\/en\/#organization","name":"Universit\u00e4tsverlag Potsdam","url":"https:\/\/shop.verlag.uni-potsdam.de\/en\/","logo":{"@type":"ImageObject","inLanguage":"en-US","@id":"https:\/\/shop.verlag.uni-potsdam.de\/en\/#\/schema\/logo\/image\/","url":"https:\/\/shop.verlag.uni-potsdam.de\/wp-content\/uploads\/2017\/04\/up_logo_university_2.png","contentUrl":"https:\/\/shop.verlag.uni-potsdam.de\/wp-content\/uploads\/2017\/04\/up_logo_university_2.png","width":160,"height":172,"caption":"Universit\u00e4tsverlag Potsdam"},"image":{"@id":"https:\/\/shop.verlag.uni-potsdam.de\/en\/#\/schema\/logo\/image\/"}}]}},"_links":{"self":[{"href":"https:\/\/shop.verlag.uni-potsdam.de\/en\/wp-json\/wp\/v2\/product\/54954","targetHints":{"allow":["GET"]}}],"collection":[{"href":"https:\/\/shop.verlag.uni-potsdam.de\/en\/wp-json\/wp\/v2\/product"}],"about":[{"href":"https:\/\/shop.verlag.uni-potsdam.de\/en\/wp-json\/wp\/v2\/types\/product"}],"wp:featuredmedia":[{"embeddable":true,"href":"https:\/\/shop.verlag.uni-potsdam.de\/en\/wp-json\/wp\/v2\/media\/54985"}],"wp:attachment":[{"href":"https:\/\/shop.verlag.uni-potsdam.de\/en\/wp-json\/wp\/v2\/media?parent=54954"}],"wp:term":[{"taxonomy":"product_brand","embeddable":true,"href":"https:\/\/shop.verlag.uni-potsdam.de\/en\/wp-json\/wp\/v2\/product_brand?post=54954"},{"taxonomy":"product_cat","embeddable":true,"href":"https:\/\/shop.verlag.uni-potsdam.de\/en\/wp-json\/wp\/v2\/product_cat?post=54954"},{"taxonomy":"product_tag","embeddable":true,"href":"https:\/\/shop.verlag.uni-potsdam.de\/en\/wp-json\/wp\/v2\/product_tag?post=54954"}],"curies":[{"name":"wp","href":"https:\/\/api.w.org\/{rel}","templated":true}]}}