{"id":55227,"date":"2026-03-23T08:54:30","date_gmt":"2026-03-23T08:54:30","guid":{"rendered":"https:\/\/shop.verlag.uni-potsdam.de\/shop\/verbrannte-erde\/"},"modified":"2026-03-23T11:55:30","modified_gmt":"2026-03-23T10:55:30","slug":"verbrannte-erde","status":"publish","type":"product","link":"https:\/\/shop.verlag.uni-potsdam.de\/en\/shop\/verbrannte-erde\/","title":{"rendered":"Verbrannte Erde"},"content":{"rendered":"<p class=\"qtranxs-available-languages-message qtranxs-available-languages-message-en\">Sorry, this entry is only available in <a href=\"https:\/\/shop.verlag.uni-potsdam.de\/de\/wp-json\/wp\/v2\/product\/55227\" class=\"qtranxs-available-language-link qtranxs-available-language-link-de\" title=\"Deutsch\">Deutsch<\/a>.<\/p><p>Innerhalb des \u00f6ffentlichen und politischen Diskurses in Deutschland nehmen die Verbrechen in den ehemaligen Kolonien des Deutschen Kaiserreichs einen kaum wahrnehmbaren Platz ein. R\u00fcckt der V\u00f6lkermord an den Herero und Nama in Deutsch-S\u00fcdwestafrika seit ein paar Jahren vermehrt ins Licht der \u00d6ffentlichkeit, so sind die Kolonialkriege in Deutsch-Ostafrika, die mehrere Hunderttausend Afrikaner das Leben kosteten, nahezu vergessen. Frederik Haug analysiert den erinnerungspolitischen Umgang der Bundesregierung mit den Verbrechen, die die deutsche \u201eSchutztruppe\u201c in Ostafrika vor \u00fcber einem Jahrhundert ver\u00fcbte. Er untersucht dabei sowohl die Charakteristika dieser Haltung als auch die Gr\u00fcnde f\u00fcr eine solche Positionierung.<\/p>","protected":false},"excerpt":{"rendered":"<p class=\"qtranxs-available-languages-message qtranxs-available-languages-message-en\">Sorry, this entry is only available in <a href=\"https:\/\/shop.verlag.uni-potsdam.de\/de\/wp-json\/wp\/v2\/product\/55227\" class=\"qtranxs-available-language-link qtranxs-available-language-link-de\" title=\"Deutsch\">Deutsch<\/a>.<\/p>\n<p>Innerhalb des \u00f6ffentlichen und politischen Diskurses in Deutschland nehmen die Verbrechen in den ehemaligen Kolonien des Deutschen Kaiserreichs einen kaum wahrnehmbaren Platz ein. R\u00fcckt der V\u00f6lkermord an den Herero und Nama in Deutsch-S\u00fcdwestafrika seit ein paar Jahren vermehrt ins Licht der \u00d6ffentlichkeit, so sind die Kolonialkriege in Deutsch-Ostafrika, die mehrere Hunderttausend Afrikaner das Leben kosteten, nahezu vergessen. Frederik Haug analysiert den erinnerungspolitischen Umgang der Bundesregierung mit den Verbrechen, die die deutsche \u201eSchutztruppe\u201c in Ostafrika vor \u00fcber einem Jahrhundert ver\u00fcbte. Er untersucht dabei sowohl die Charakteristika dieser Haltung als auch die Gr\u00fcnde f\u00fcr eine solche Positionierung.<\/p>\n","protected":false},"featured_media":55228,"template":"","meta":{"_acf_changed":false},"product_brand":[],"product_cat":[6223],"product_tag":[5196],"class_list":{"0":"post-55227","1":"product","2":"type-product","3":"status-publish","4":"has-post-thumbnail","6":"product_cat-politikwissenschaft-web-kategorie","7":"product_tag-deutsch-ostafrika-deutschland-kolonialismus-schutztruppe-vergangenheitsbewaeltigung","8":"autor-frederik-haug","10":"first","11":"instock","12":"shipping-taxable","13":"purchasable","14":"product-type-simple"},"acf":[],"yoast_head":"<!-- This site is optimized with the Yoast SEO plugin v27.1.1 - https:\/\/yoast.com\/product\/yoast-seo-wordpress\/ -->\n<title>Verbrannte Erde - Universit\u00e4tsverlag Potsdam<\/title>\n<meta name=\"robots\" content=\"index, follow, max-snippet:-1, max-image-preview:large, max-video-preview:-1\" \/>\n<link rel=\"canonical\" href=\"https:\/\/shop.verlag.uni-potsdam.de\/en\/shop\/verbrannte-erde\/\" \/>\n<meta property=\"og:locale\" content=\"en_US\" \/>\n<meta property=\"og:type\" content=\"article\" \/>\n<meta property=\"og:title\" content=\"Verbrannte Erde - Universit\u00e4tsverlag Potsdam\" \/>\n<meta property=\"og:description\" content=\"Innerhalb des \u00f6ffentlichen und politischen Diskurses in Deutschland nehmen die Verbrechen in den ehemaligen Kolonien des Deutschen Kaiserreichs einen kaum wahrnehmbaren Platz ein. R\u00fcckt der V\u00f6lkermord an den Herero und Nama in Deutsch-S\u00fcdwestafrika seit ein paar Jahren vermehrt ins Licht der \u00d6ffentlichkeit, so sind die Kolonialkriege in Deutsch-Ostafrika, die mehrere Hunderttausend Afrikaner das Leben kosteten, nahezu vergessen. Frederik Haug analysiert den erinnerungspolitischen Umgang der Bundesregierung mit den Verbrechen, die die deutsche \u201eSchutztruppe\u201c in Ostafrika vor \u00fcber einem Jahrhundert ver\u00fcbte. Er untersucht dabei sowohl die Charakteristika dieser Haltung als auch die Gr\u00fcnde f\u00fcr eine solche Positionierung.\" \/>\n<meta property=\"og:url\" content=\"https:\/\/shop.verlag.uni-potsdam.de\/en\/shop\/verbrannte-erde\/\" \/>\n<meta property=\"og:site_name\" content=\"Universit\u00e4tsverlag Potsdam\" \/>\n<meta property=\"article:modified_time\" content=\"2026-03-23T10:55:30+00:00\" \/>\n<meta property=\"og:image\" content=\"https:\/\/shop.verlag.uni-potsdam.de\/wp-content\/uploads\/asolmerce\/image-978-3-86956-434-0.jpg\" \/>\n\t<meta property=\"og:image:width\" content=\"1749\" \/>\n\t<meta property=\"og:image:height\" content=\"2489\" \/>\n\t<meta property=\"og:image:type\" content=\"image\/jpeg\" \/>\n<meta name=\"twitter:card\" content=\"summary_large_image\" \/>\n<meta name=\"twitter:label1\" content=\"Est. reading time\" \/>\n\t<meta name=\"twitter:data1\" content=\"1 minute\" \/>\n<script type=\"application\/ld+json\" class=\"yoast-schema-graph\">{\"@context\":\"https:\/\/schema.org\",\"@graph\":[{\"@type\":\"WebPage\",\"@id\":\"https:\/\/shop.verlag.uni-potsdam.de\/en\/shop\/verbrannte-erde\/\",\"url\":\"https:\/\/shop.verlag.uni-potsdam.de\/en\/shop\/verbrannte-erde\/\",\"name\":\"Verbrannte Erde - Universit\u00e4tsverlag Potsdam\",\"isPartOf\":{\"@id\":\"https:\/\/shop.verlag.uni-potsdam.de\/en\/#website\"},\"primaryImageOfPage\":{\"@id\":\"https:\/\/shop.verlag.uni-potsdam.de\/en\/shop\/verbrannte-erde\/#primaryimage\"},\"image\":{\"@id\":\"https:\/\/shop.verlag.uni-potsdam.de\/shop\/verbrannte-erde\/#primaryimage\"},\"thumbnailUrl\":\"https:\/\/shop.verlag.uni-potsdam.de\/wp-content\/uploads\/asolmerce\/image-978-3-86956-434-0.jpg\",\"datePublished\":\"2026-03-23T08:54:30+00:00\",\"dateModified\":\"2026-03-23T10:55:30+00:00\",\"breadcrumb\":{\"@id\":\"https:\/\/shop.verlag.uni-potsdam.de\/en\/shop\/verbrannte-erde\/#breadcrumb\"},\"inLanguage\":\"en-US\",\"potentialAction\":[{\"@type\":\"ReadAction\",\"target\":[[\"https:\/\/shop.verlag.uni-potsdam.de\/en\/shop\/verbrannte-erde\/\"]]}]},{\"@type\":\"ImageObject\",\"inLanguage\":\"en-US\",\"@id\":\"https:\/\/shop.verlag.uni-potsdam.de\/en\/shop\/verbrannte-erde\/#primaryimage\",\"url\":\"https:\/\/shop.verlag.uni-potsdam.de\/wp-content\/uploads\/asolmerce\/image-978-3-86956-434-0.jpg\",\"contentUrl\":\"https:\/\/shop.verlag.uni-potsdam.de\/wp-content\/uploads\/asolmerce\/image-978-3-86956-434-0.jpg\",\"width\":1749,\"height\":2489},{\"@type\":\"BreadcrumbList\",\"@id\":\"https:\/\/shop.verlag.uni-potsdam.de\/en\/shop\/verbrannte-erde\/#breadcrumb\",\"itemListElement\":[{\"@type\":\"ListItem\",\"position\":1,\"name\":\"Startseite\",\"item\":\"https:\/\/shop.verlag.uni-potsdam.de\/en\/\"},{\"@type\":\"ListItem\",\"position\":2,\"name\":\"Shop\",\"item\":\"https:\/\/shop.verlag.uni-potsdam.de\/en\/shop\/\"},{\"@type\":\"ListItem\",\"position\":3,\"name\":\"Verbrannte Erde\"}]},{\"@type\":\"WebSite\",\"@id\":\"https:\/\/shop.verlag.uni-potsdam.de\/en\/#website\",\"url\":\"https:\/\/shop.verlag.uni-potsdam.de\/en\/\",\"name\":\"Universit\u00e4tsverlag Potsdam\",\"description\":\"\",\"publisher\":{\"@id\":\"https:\/\/shop.verlag.uni-potsdam.de\/en\/#organization\"},\"potentialAction\":[{\"@type\":\"SearchAction\",\"target\":{\"@type\":\"EntryPoint\",\"urlTemplate\":\"https:\/\/shop.verlag.uni-potsdam.de\/en\/?s={search_term_string}\"},\"query-input\":{\"@type\":\"PropertyValueSpecification\",\"valueRequired\":true,\"valueName\":\"search_term_string\"}}],\"inLanguage\":\"en-US\"},{\"@type\":\"Organization\",\"@id\":\"https:\/\/shop.verlag.uni-potsdam.de\/en\/#organization\",\"name\":\"Universit\u00e4tsverlag Potsdam\",\"url\":\"https:\/\/shop.verlag.uni-potsdam.de\/en\/\",\"logo\":{\"@type\":\"ImageObject\",\"inLanguage\":\"en-US\",\"@id\":\"https:\/\/shop.verlag.uni-potsdam.de\/en\/#\/schema\/logo\/image\/\",\"url\":\"https:\/\/shop.verlag.uni-potsdam.de\/wp-content\/uploads\/2017\/04\/up_logo_university_2.png\",\"contentUrl\":\"https:\/\/shop.verlag.uni-potsdam.de\/wp-content\/uploads\/2017\/04\/up_logo_university_2.png\",\"width\":160,\"height\":172,\"caption\":\"Universit\u00e4tsverlag Potsdam\"},\"image\":{\"@id\":\"https:\/\/shop.verlag.uni-potsdam.de\/en\/#\/schema\/logo\/image\/\"}}]}<\/script>\n<!-- \/ Yoast SEO plugin. -->","yoast_head_json":{"title":"Verbrannte Erde - Universit\u00e4tsverlag Potsdam","robots":{"index":"index","follow":"follow","max-snippet":"max-snippet:-1","max-image-preview":"max-image-preview:large","max-video-preview":"max-video-preview:-1"},"canonical":"https:\/\/shop.verlag.uni-potsdam.de\/en\/shop\/verbrannte-erde\/","og_locale":"en_US","og_type":"article","og_title":"Verbrannte Erde - Universit\u00e4tsverlag Potsdam","og_description":"Innerhalb des \u00f6ffentlichen und politischen Diskurses in Deutschland nehmen die Verbrechen in den ehemaligen Kolonien des Deutschen Kaiserreichs einen kaum wahrnehmbaren Platz ein. R\u00fcckt der V\u00f6lkermord an den Herero und Nama in Deutsch-S\u00fcdwestafrika seit ein paar Jahren vermehrt ins Licht der \u00d6ffentlichkeit, so sind die Kolonialkriege in Deutsch-Ostafrika, die mehrere Hunderttausend Afrikaner das Leben kosteten, nahezu vergessen. Frederik Haug analysiert den erinnerungspolitischen Umgang der Bundesregierung mit den Verbrechen, die die deutsche \u201eSchutztruppe\u201c in Ostafrika vor \u00fcber einem Jahrhundert ver\u00fcbte. Er untersucht dabei sowohl die Charakteristika dieser Haltung als auch die Gr\u00fcnde f\u00fcr eine solche Positionierung.","og_url":"https:\/\/shop.verlag.uni-potsdam.de\/en\/shop\/verbrannte-erde\/","og_site_name":"Universit\u00e4tsverlag Potsdam","article_modified_time":"2026-03-23T10:55:30+00:00","og_image":[{"width":1749,"height":2489,"url":"https:\/\/shop.verlag.uni-potsdam.de\/wp-content\/uploads\/asolmerce\/image-978-3-86956-434-0.jpg","type":"image\/jpeg"}],"twitter_card":"summary_large_image","twitter_misc":{"Est. reading time":"1 minute"},"schema":{"@context":"https:\/\/schema.org","@graph":[{"@type":"WebPage","@id":"https:\/\/shop.verlag.uni-potsdam.de\/en\/shop\/verbrannte-erde\/","url":"https:\/\/shop.verlag.uni-potsdam.de\/en\/shop\/verbrannte-erde\/","name":"Verbrannte Erde - Universit\u00e4tsverlag Potsdam","isPartOf":{"@id":"https:\/\/shop.verlag.uni-potsdam.de\/en\/#website"},"primaryImageOfPage":{"@id":"https:\/\/shop.verlag.uni-potsdam.de\/en\/shop\/verbrannte-erde\/#primaryimage"},"image":{"@id":"https:\/\/shop.verlag.uni-potsdam.de\/shop\/verbrannte-erde\/#primaryimage"},"thumbnailUrl":"https:\/\/shop.verlag.uni-potsdam.de\/wp-content\/uploads\/asolmerce\/image-978-3-86956-434-0.jpg","datePublished":"2026-03-23T08:54:30+00:00","dateModified":"2026-03-23T10:55:30+00:00","breadcrumb":{"@id":"https:\/\/shop.verlag.uni-potsdam.de\/en\/shop\/verbrannte-erde\/#breadcrumb"},"inLanguage":"en-US","potentialAction":[{"@type":"ReadAction","target":[["https:\/\/shop.verlag.uni-potsdam.de\/en\/shop\/verbrannte-erde\/"]]}]},{"@type":"ImageObject","inLanguage":"en-US","@id":"https:\/\/shop.verlag.uni-potsdam.de\/en\/shop\/verbrannte-erde\/#primaryimage","url":"https:\/\/shop.verlag.uni-potsdam.de\/wp-content\/uploads\/asolmerce\/image-978-3-86956-434-0.jpg","contentUrl":"https:\/\/shop.verlag.uni-potsdam.de\/wp-content\/uploads\/asolmerce\/image-978-3-86956-434-0.jpg","width":1749,"height":2489},{"@type":"BreadcrumbList","@id":"https:\/\/shop.verlag.uni-potsdam.de\/en\/shop\/verbrannte-erde\/#breadcrumb","itemListElement":[{"@type":"ListItem","position":1,"name":"Startseite","item":"https:\/\/shop.verlag.uni-potsdam.de\/en\/"},{"@type":"ListItem","position":2,"name":"Shop","item":"https:\/\/shop.verlag.uni-potsdam.de\/en\/shop\/"},{"@type":"ListItem","position":3,"name":"Verbrannte Erde"}]},{"@type":"WebSite","@id":"https:\/\/shop.verlag.uni-potsdam.de\/en\/#website","url":"https:\/\/shop.verlag.uni-potsdam.de\/en\/","name":"Universit\u00e4tsverlag Potsdam","description":"","publisher":{"@id":"https:\/\/shop.verlag.uni-potsdam.de\/en\/#organization"},"potentialAction":[{"@type":"SearchAction","target":{"@type":"EntryPoint","urlTemplate":"https:\/\/shop.verlag.uni-potsdam.de\/en\/?s={search_term_string}"},"query-input":{"@type":"PropertyValueSpecification","valueRequired":true,"valueName":"search_term_string"}}],"inLanguage":"en-US"},{"@type":"Organization","@id":"https:\/\/shop.verlag.uni-potsdam.de\/en\/#organization","name":"Universit\u00e4tsverlag Potsdam","url":"https:\/\/shop.verlag.uni-potsdam.de\/en\/","logo":{"@type":"ImageObject","inLanguage":"en-US","@id":"https:\/\/shop.verlag.uni-potsdam.de\/en\/#\/schema\/logo\/image\/","url":"https:\/\/shop.verlag.uni-potsdam.de\/wp-content\/uploads\/2017\/04\/up_logo_university_2.png","contentUrl":"https:\/\/shop.verlag.uni-potsdam.de\/wp-content\/uploads\/2017\/04\/up_logo_university_2.png","width":160,"height":172,"caption":"Universit\u00e4tsverlag Potsdam"},"image":{"@id":"https:\/\/shop.verlag.uni-potsdam.de\/en\/#\/schema\/logo\/image\/"}}]}},"_links":{"self":[{"href":"https:\/\/shop.verlag.uni-potsdam.de\/en\/wp-json\/wp\/v2\/product\/55227","targetHints":{"allow":["GET"]}}],"collection":[{"href":"https:\/\/shop.verlag.uni-potsdam.de\/en\/wp-json\/wp\/v2\/product"}],"about":[{"href":"https:\/\/shop.verlag.uni-potsdam.de\/en\/wp-json\/wp\/v2\/types\/product"}],"wp:featuredmedia":[{"embeddable":true,"href":"https:\/\/shop.verlag.uni-potsdam.de\/en\/wp-json\/wp\/v2\/media\/55228"}],"wp:attachment":[{"href":"https:\/\/shop.verlag.uni-potsdam.de\/en\/wp-json\/wp\/v2\/media?parent=55227"}],"wp:term":[{"taxonomy":"product_brand","embeddable":true,"href":"https:\/\/shop.verlag.uni-potsdam.de\/en\/wp-json\/wp\/v2\/product_brand?post=55227"},{"taxonomy":"product_cat","embeddable":true,"href":"https:\/\/shop.verlag.uni-potsdam.de\/en\/wp-json\/wp\/v2\/product_cat?post=55227"},{"taxonomy":"product_tag","embeddable":true,"href":"https:\/\/shop.verlag.uni-potsdam.de\/en\/wp-json\/wp\/v2\/product_tag?post=55227"}],"curies":[{"name":"wp","href":"https:\/\/api.w.org\/{rel}","templated":true}]}}