{"id":55781,"date":"2026-03-23T08:54:54","date_gmt":"2026-03-23T08:54:54","guid":{"rendered":"https:\/\/shop.verlag.uni-potsdam.de\/shop\/integrationsbedarfe-und-einstellungsmuster-von-gefluechteten-im-land-brandenburg\/"},"modified":"2026-03-23T11:55:54","modified_gmt":"2026-03-23T10:55:54","slug":"integrationsbedarfe-und-einstellungsmuster-von-gefluechteten-im-land-brandenburg","status":"publish","type":"product","link":"https:\/\/shop.verlag.uni-potsdam.de\/en\/shop\/integrationsbedarfe-und-einstellungsmuster-von-gefluechteten-im-land-brandenburg\/","title":{"rendered":"Integrationsbedarfe und Einstellungsmuster von Gefl\u00fcchteten im Land Brandenburg"},"content":{"rendered":"<p class=\"qtranxs-available-languages-message qtranxs-available-languages-message-en\">Sorry, this entry is only available in <a href=\"https:\/\/shop.verlag.uni-potsdam.de\/de\/wp-json\/wp\/v2\/product\/55781\" class=\"qtranxs-available-language-link qtranxs-available-language-link-de\" title=\"Deutsch\">Deutsch<\/a>.<\/p><p>Rund 40.000 Gefl\u00fcchtete hat das Land Brandenburg im Zeitraum von 2015 bis 2017 aufgenommen. Viele von ihnen sind aus dem Mittleren Osten und Afrika, teilweise auch aus Russland (Tschetschenien) gekommen.<br \/>Gef\u00f6rdert vom B\u00fcndnis f\u00fcr Brandenburg, haben Forscher des Moses Mendelssohn Zentrums (Universit\u00e4t Potsdam) zahlreiche Gruppeninterviews mit Menschen aus Syrien, Afghanistan, Eritrea und Tschetschenien gef\u00fchrt und einheimische Integrationsexperten befragt. Welche Integrationserfolge, Defizite und kulturellen Differenzen erleben Frauen, M\u00e4nner, Jugendliche und Kinder aus den genannten Herkunftsl\u00e4ndern?&nbsp; Was erschlie\u00dft ihnen neue Welten, und wo ergeben sich objektive Konflikte? Aus den Ergebnissen der Studie wurden Handlungsempfehlungen f\u00fcr die Landes- und Kommunalpolitik abgeleitet.&nbsp; Alle interviewten Gruppen w\u00fcnschten sich intensiveren Kontakt zu Einheimischen \u2013 eine Chance und Herausforderung zugleich f\u00fcr die hiesige Zivilgesellschaft.<\/p>","protected":false},"excerpt":{"rendered":"<p class=\"qtranxs-available-languages-message qtranxs-available-languages-message-en\">Sorry, this entry is only available in <a href=\"https:\/\/shop.verlag.uni-potsdam.de\/de\/wp-json\/wp\/v2\/product\/55781\" class=\"qtranxs-available-language-link qtranxs-available-language-link-de\" title=\"Deutsch\">Deutsch<\/a>.<\/p>\n<p>Rund 40.000 Gefl\u00fcchtete hat das Land Brandenburg im Zeitraum von 2015 bis 2017 aufgenommen. Viele von ihnen sind aus dem Mittleren Osten und Afrika, teilweise auch aus Russland (Tschetschenien) gekommen.<br \/>Gef\u00f6rdert vom B\u00fcndnis f\u00fcr Brandenburg, haben Forscher des Moses Mendelssohn Zentrums (Universit\u00e4t Potsdam) zahlreiche Gruppeninterviews mit Menschen aus Syrien, Afghanistan, Eritrea und Tschetschenien gef\u00fchrt und einheimische Integrationsexperten befragt. Welche Integrationserfolge, Defizite und kulturellen Differenzen erleben Frauen, M\u00e4nner, Jugendliche und Kinder aus den genannten Herkunftsl\u00e4ndern?&nbsp; Was erschlie\u00dft ihnen neue Welten, und wo ergeben sich objektive Konflikte? Aus den Ergebnissen der Studie wurden Handlungsempfehlungen f\u00fcr die Landes- und Kommunalpolitik abgeleitet.&nbsp; Alle interviewten Gruppen w\u00fcnschten sich intensiveren Kontakt zu Einheimischen \u2013 eine Chance und Herausforderung zugleich f\u00fcr die hiesige Zivilgesellschaft.<\/p>\n","protected":false},"featured_media":55782,"template":"","meta":{"_acf_changed":false},"product_brand":[],"product_cat":[6166],"product_tag":[5890],"class_list":{"0":"post-55781","1":"product","2":"type-product","3":"status-publish","4":"has-post-thumbnail","6":"product_cat-sozialwissenschaften-web-kategorie","7":"product_tag-diskriminierung-gefluechtete-integration-religionsgemeinschaften-sozio-kultureller-austausch","8":"autor-olaf-gloeckner","9":"autor-wahied-wahdat-hagh","11":"first","12":"instock","13":"shipping-taxable","14":"purchasable","15":"product-type-simple"},"acf":[],"yoast_head":"<!-- This site is optimized with the Yoast SEO plugin v27.1.1 - https:\/\/yoast.com\/product\/yoast-seo-wordpress\/ -->\n<title>Integrationsbedarfe und Einstellungsmuster von Gefl\u00fcchteten im Land Brandenburg - Universit\u00e4tsverlag Potsdam<\/title>\n<meta name=\"robots\" content=\"index, follow, max-snippet:-1, max-image-preview:large, max-video-preview:-1\" \/>\n<link rel=\"canonical\" href=\"https:\/\/shop.verlag.uni-potsdam.de\/en\/shop\/integrationsbedarfe-und-einstellungsmuster-von-gefluechteten-im-land-brandenburg\/\" \/>\n<meta property=\"og:locale\" content=\"en_US\" \/>\n<meta property=\"og:type\" content=\"article\" \/>\n<meta property=\"og:title\" content=\"Integrationsbedarfe und Einstellungsmuster von Gefl\u00fcchteten im Land Brandenburg - Universit\u00e4tsverlag Potsdam\" \/>\n<meta property=\"og:description\" content=\"Rund 40.000 Gefl\u00fcchtete hat das Land Brandenburg im Zeitraum von 2015 bis 2017 aufgenommen. Viele von ihnen sind aus dem Mittleren Osten und Afrika, teilweise auch aus Russland (Tschetschenien) gekommen.Gef\u00f6rdert vom B\u00fcndnis f\u00fcr Brandenburg, haben Forscher des Moses Mendelssohn Zentrums (Universit\u00e4t Potsdam) zahlreiche Gruppeninterviews mit Menschen aus Syrien, Afghanistan, Eritrea und Tschetschenien gef\u00fchrt und einheimische Integrationsexperten befragt. Welche Integrationserfolge, Defizite und kulturellen Differenzen erleben Frauen, M\u00e4nner, Jugendliche und Kinder aus den genannten Herkunftsl\u00e4ndern?&nbsp; Was erschlie\u00dft ihnen neue Welten, und wo ergeben sich objektive Konflikte? Aus den Ergebnissen der Studie wurden Handlungsempfehlungen f\u00fcr die Landes- und Kommunalpolitik abgeleitet.&nbsp; Alle interviewten Gruppen w\u00fcnschten sich intensiveren Kontakt zu Einheimischen \u2013 eine Chance und Herausforderung zugleich f\u00fcr die hiesige Zivilgesellschaft.\" \/>\n<meta property=\"og:url\" content=\"https:\/\/shop.verlag.uni-potsdam.de\/en\/shop\/integrationsbedarfe-und-einstellungsmuster-von-gefluechteten-im-land-brandenburg\/\" \/>\n<meta property=\"og:site_name\" content=\"Universit\u00e4tsverlag Potsdam\" \/>\n<meta property=\"article:modified_time\" content=\"2026-03-23T10:55:54+00:00\" \/>\n<meta property=\"og:image\" content=\"https:\/\/shop.verlag.uni-potsdam.de\/wp-content\/uploads\/asolmerce\/image-978-3-86956-471-5.jpg\" \/>\n\t<meta property=\"og:image:width\" content=\"1813\" \/>\n\t<meta property=\"og:image:height\" content=\"2560\" \/>\n\t<meta property=\"og:image:type\" content=\"image\/jpeg\" \/>\n<meta name=\"twitter:card\" content=\"summary_large_image\" \/>\n<meta name=\"twitter:label1\" content=\"Est. reading time\" \/>\n\t<meta name=\"twitter:data1\" content=\"1 minute\" \/>\n<script type=\"application\/ld+json\" class=\"yoast-schema-graph\">{\"@context\":\"https:\/\/schema.org\",\"@graph\":[{\"@type\":\"WebPage\",\"@id\":\"https:\/\/shop.verlag.uni-potsdam.de\/en\/shop\/integrationsbedarfe-und-einstellungsmuster-von-gefluechteten-im-land-brandenburg\/\",\"url\":\"https:\/\/shop.verlag.uni-potsdam.de\/en\/shop\/integrationsbedarfe-und-einstellungsmuster-von-gefluechteten-im-land-brandenburg\/\",\"name\":\"Integrationsbedarfe und Einstellungsmuster von Gefl\u00fcchteten im Land Brandenburg - Universit\u00e4tsverlag Potsdam\",\"isPartOf\":{\"@id\":\"https:\/\/shop.verlag.uni-potsdam.de\/en\/#website\"},\"primaryImageOfPage\":{\"@id\":\"https:\/\/shop.verlag.uni-potsdam.de\/en\/shop\/integrationsbedarfe-und-einstellungsmuster-von-gefluechteten-im-land-brandenburg\/#primaryimage\"},\"image\":{\"@id\":\"https:\/\/shop.verlag.uni-potsdam.de\/shop\/integrationsbedarfe-und-einstellungsmuster-von-gefluechteten-im-land-brandenburg\/#primaryimage\"},\"thumbnailUrl\":\"https:\/\/shop.verlag.uni-potsdam.de\/wp-content\/uploads\/asolmerce\/image-978-3-86956-471-5.jpg\",\"datePublished\":\"2026-03-23T08:54:54+00:00\",\"dateModified\":\"2026-03-23T10:55:54+00:00\",\"breadcrumb\":{\"@id\":\"https:\/\/shop.verlag.uni-potsdam.de\/en\/shop\/integrationsbedarfe-und-einstellungsmuster-von-gefluechteten-im-land-brandenburg\/#breadcrumb\"},\"inLanguage\":\"en-US\",\"potentialAction\":[{\"@type\":\"ReadAction\",\"target\":[[\"https:\/\/shop.verlag.uni-potsdam.de\/en\/shop\/integrationsbedarfe-und-einstellungsmuster-von-gefluechteten-im-land-brandenburg\/\"]]}]},{\"@type\":\"ImageObject\",\"inLanguage\":\"en-US\",\"@id\":\"https:\/\/shop.verlag.uni-potsdam.de\/en\/shop\/integrationsbedarfe-und-einstellungsmuster-von-gefluechteten-im-land-brandenburg\/#primaryimage\",\"url\":\"https:\/\/shop.verlag.uni-potsdam.de\/wp-content\/uploads\/asolmerce\/image-978-3-86956-471-5.jpg\",\"contentUrl\":\"https:\/\/shop.verlag.uni-potsdam.de\/wp-content\/uploads\/asolmerce\/image-978-3-86956-471-5.jpg\",\"width\":1813,\"height\":2560},{\"@type\":\"BreadcrumbList\",\"@id\":\"https:\/\/shop.verlag.uni-potsdam.de\/en\/shop\/integrationsbedarfe-und-einstellungsmuster-von-gefluechteten-im-land-brandenburg\/#breadcrumb\",\"itemListElement\":[{\"@type\":\"ListItem\",\"position\":1,\"name\":\"Startseite\",\"item\":\"https:\/\/shop.verlag.uni-potsdam.de\/en\/\"},{\"@type\":\"ListItem\",\"position\":2,\"name\":\"Shop\",\"item\":\"https:\/\/shop.verlag.uni-potsdam.de\/en\/shop\/\"},{\"@type\":\"ListItem\",\"position\":3,\"name\":\"Integrationsbedarfe und Einstellungsmuster von Gefl\u00fcchteten im Land Brandenburg\"}]},{\"@type\":\"WebSite\",\"@id\":\"https:\/\/shop.verlag.uni-potsdam.de\/en\/#website\",\"url\":\"https:\/\/shop.verlag.uni-potsdam.de\/en\/\",\"name\":\"Universit\u00e4tsverlag Potsdam\",\"description\":\"\",\"publisher\":{\"@id\":\"https:\/\/shop.verlag.uni-potsdam.de\/en\/#organization\"},\"potentialAction\":[{\"@type\":\"SearchAction\",\"target\":{\"@type\":\"EntryPoint\",\"urlTemplate\":\"https:\/\/shop.verlag.uni-potsdam.de\/en\/?s={search_term_string}\"},\"query-input\":{\"@type\":\"PropertyValueSpecification\",\"valueRequired\":true,\"valueName\":\"search_term_string\"}}],\"inLanguage\":\"en-US\"},{\"@type\":\"Organization\",\"@id\":\"https:\/\/shop.verlag.uni-potsdam.de\/en\/#organization\",\"name\":\"Universit\u00e4tsverlag Potsdam\",\"url\":\"https:\/\/shop.verlag.uni-potsdam.de\/en\/\",\"logo\":{\"@type\":\"ImageObject\",\"inLanguage\":\"en-US\",\"@id\":\"https:\/\/shop.verlag.uni-potsdam.de\/en\/#\/schema\/logo\/image\/\",\"url\":\"https:\/\/shop.verlag.uni-potsdam.de\/wp-content\/uploads\/2017\/04\/up_logo_university_2.png\",\"contentUrl\":\"https:\/\/shop.verlag.uni-potsdam.de\/wp-content\/uploads\/2017\/04\/up_logo_university_2.png\",\"width\":160,\"height\":172,\"caption\":\"Universit\u00e4tsverlag Potsdam\"},\"image\":{\"@id\":\"https:\/\/shop.verlag.uni-potsdam.de\/en\/#\/schema\/logo\/image\/\"}}]}<\/script>\n<!-- \/ Yoast SEO plugin. -->","yoast_head_json":{"title":"Integrationsbedarfe und Einstellungsmuster von Gefl\u00fcchteten im Land Brandenburg - Universit\u00e4tsverlag Potsdam","robots":{"index":"index","follow":"follow","max-snippet":"max-snippet:-1","max-image-preview":"max-image-preview:large","max-video-preview":"max-video-preview:-1"},"canonical":"https:\/\/shop.verlag.uni-potsdam.de\/en\/shop\/integrationsbedarfe-und-einstellungsmuster-von-gefluechteten-im-land-brandenburg\/","og_locale":"en_US","og_type":"article","og_title":"Integrationsbedarfe und Einstellungsmuster von Gefl\u00fcchteten im Land Brandenburg - Universit\u00e4tsverlag Potsdam","og_description":"Rund 40.000 Gefl\u00fcchtete hat das Land Brandenburg im Zeitraum von 2015 bis 2017 aufgenommen. Viele von ihnen sind aus dem Mittleren Osten und Afrika, teilweise auch aus Russland (Tschetschenien) gekommen.Gef\u00f6rdert vom B\u00fcndnis f\u00fcr Brandenburg, haben Forscher des Moses Mendelssohn Zentrums (Universit\u00e4t Potsdam) zahlreiche Gruppeninterviews mit Menschen aus Syrien, Afghanistan, Eritrea und Tschetschenien gef\u00fchrt und einheimische Integrationsexperten befragt. Welche Integrationserfolge, Defizite und kulturellen Differenzen erleben Frauen, M\u00e4nner, Jugendliche und Kinder aus den genannten Herkunftsl\u00e4ndern?&nbsp; Was erschlie\u00dft ihnen neue Welten, und wo ergeben sich objektive Konflikte? Aus den Ergebnissen der Studie wurden Handlungsempfehlungen f\u00fcr die Landes- und Kommunalpolitik abgeleitet.&nbsp; Alle interviewten Gruppen w\u00fcnschten sich intensiveren Kontakt zu Einheimischen \u2013 eine Chance und Herausforderung zugleich f\u00fcr die hiesige Zivilgesellschaft.","og_url":"https:\/\/shop.verlag.uni-potsdam.de\/en\/shop\/integrationsbedarfe-und-einstellungsmuster-von-gefluechteten-im-land-brandenburg\/","og_site_name":"Universit\u00e4tsverlag Potsdam","article_modified_time":"2026-03-23T10:55:54+00:00","og_image":[{"width":1813,"height":2560,"url":"https:\/\/shop.verlag.uni-potsdam.de\/wp-content\/uploads\/asolmerce\/image-978-3-86956-471-5.jpg","type":"image\/jpeg"}],"twitter_card":"summary_large_image","twitter_misc":{"Est. reading time":"1 minute"},"schema":{"@context":"https:\/\/schema.org","@graph":[{"@type":"WebPage","@id":"https:\/\/shop.verlag.uni-potsdam.de\/en\/shop\/integrationsbedarfe-und-einstellungsmuster-von-gefluechteten-im-land-brandenburg\/","url":"https:\/\/shop.verlag.uni-potsdam.de\/en\/shop\/integrationsbedarfe-und-einstellungsmuster-von-gefluechteten-im-land-brandenburg\/","name":"Integrationsbedarfe und Einstellungsmuster von Gefl\u00fcchteten im Land Brandenburg - Universit\u00e4tsverlag Potsdam","isPartOf":{"@id":"https:\/\/shop.verlag.uni-potsdam.de\/en\/#website"},"primaryImageOfPage":{"@id":"https:\/\/shop.verlag.uni-potsdam.de\/en\/shop\/integrationsbedarfe-und-einstellungsmuster-von-gefluechteten-im-land-brandenburg\/#primaryimage"},"image":{"@id":"https:\/\/shop.verlag.uni-potsdam.de\/shop\/integrationsbedarfe-und-einstellungsmuster-von-gefluechteten-im-land-brandenburg\/#primaryimage"},"thumbnailUrl":"https:\/\/shop.verlag.uni-potsdam.de\/wp-content\/uploads\/asolmerce\/image-978-3-86956-471-5.jpg","datePublished":"2026-03-23T08:54:54+00:00","dateModified":"2026-03-23T10:55:54+00:00","breadcrumb":{"@id":"https:\/\/shop.verlag.uni-potsdam.de\/en\/shop\/integrationsbedarfe-und-einstellungsmuster-von-gefluechteten-im-land-brandenburg\/#breadcrumb"},"inLanguage":"en-US","potentialAction":[{"@type":"ReadAction","target":[["https:\/\/shop.verlag.uni-potsdam.de\/en\/shop\/integrationsbedarfe-und-einstellungsmuster-von-gefluechteten-im-land-brandenburg\/"]]}]},{"@type":"ImageObject","inLanguage":"en-US","@id":"https:\/\/shop.verlag.uni-potsdam.de\/en\/shop\/integrationsbedarfe-und-einstellungsmuster-von-gefluechteten-im-land-brandenburg\/#primaryimage","url":"https:\/\/shop.verlag.uni-potsdam.de\/wp-content\/uploads\/asolmerce\/image-978-3-86956-471-5.jpg","contentUrl":"https:\/\/shop.verlag.uni-potsdam.de\/wp-content\/uploads\/asolmerce\/image-978-3-86956-471-5.jpg","width":1813,"height":2560},{"@type":"BreadcrumbList","@id":"https:\/\/shop.verlag.uni-potsdam.de\/en\/shop\/integrationsbedarfe-und-einstellungsmuster-von-gefluechteten-im-land-brandenburg\/#breadcrumb","itemListElement":[{"@type":"ListItem","position":1,"name":"Startseite","item":"https:\/\/shop.verlag.uni-potsdam.de\/en\/"},{"@type":"ListItem","position":2,"name":"Shop","item":"https:\/\/shop.verlag.uni-potsdam.de\/en\/shop\/"},{"@type":"ListItem","position":3,"name":"Integrationsbedarfe und Einstellungsmuster von Gefl\u00fcchteten im Land Brandenburg"}]},{"@type":"WebSite","@id":"https:\/\/shop.verlag.uni-potsdam.de\/en\/#website","url":"https:\/\/shop.verlag.uni-potsdam.de\/en\/","name":"Universit\u00e4tsverlag Potsdam","description":"","publisher":{"@id":"https:\/\/shop.verlag.uni-potsdam.de\/en\/#organization"},"potentialAction":[{"@type":"SearchAction","target":{"@type":"EntryPoint","urlTemplate":"https:\/\/shop.verlag.uni-potsdam.de\/en\/?s={search_term_string}"},"query-input":{"@type":"PropertyValueSpecification","valueRequired":true,"valueName":"search_term_string"}}],"inLanguage":"en-US"},{"@type":"Organization","@id":"https:\/\/shop.verlag.uni-potsdam.de\/en\/#organization","name":"Universit\u00e4tsverlag Potsdam","url":"https:\/\/shop.verlag.uni-potsdam.de\/en\/","logo":{"@type":"ImageObject","inLanguage":"en-US","@id":"https:\/\/shop.verlag.uni-potsdam.de\/en\/#\/schema\/logo\/image\/","url":"https:\/\/shop.verlag.uni-potsdam.de\/wp-content\/uploads\/2017\/04\/up_logo_university_2.png","contentUrl":"https:\/\/shop.verlag.uni-potsdam.de\/wp-content\/uploads\/2017\/04\/up_logo_university_2.png","width":160,"height":172,"caption":"Universit\u00e4tsverlag Potsdam"},"image":{"@id":"https:\/\/shop.verlag.uni-potsdam.de\/en\/#\/schema\/logo\/image\/"}}]}},"_links":{"self":[{"href":"https:\/\/shop.verlag.uni-potsdam.de\/en\/wp-json\/wp\/v2\/product\/55781","targetHints":{"allow":["GET"]}}],"collection":[{"href":"https:\/\/shop.verlag.uni-potsdam.de\/en\/wp-json\/wp\/v2\/product"}],"about":[{"href":"https:\/\/shop.verlag.uni-potsdam.de\/en\/wp-json\/wp\/v2\/types\/product"}],"wp:featuredmedia":[{"embeddable":true,"href":"https:\/\/shop.verlag.uni-potsdam.de\/en\/wp-json\/wp\/v2\/media\/55782"}],"wp:attachment":[{"href":"https:\/\/shop.verlag.uni-potsdam.de\/en\/wp-json\/wp\/v2\/media?parent=55781"}],"wp:term":[{"taxonomy":"product_brand","embeddable":true,"href":"https:\/\/shop.verlag.uni-potsdam.de\/en\/wp-json\/wp\/v2\/product_brand?post=55781"},{"taxonomy":"product_cat","embeddable":true,"href":"https:\/\/shop.verlag.uni-potsdam.de\/en\/wp-json\/wp\/v2\/product_cat?post=55781"},{"taxonomy":"product_tag","embeddable":true,"href":"https:\/\/shop.verlag.uni-potsdam.de\/en\/wp-json\/wp\/v2\/product_tag?post=55781"}],"curies":[{"name":"wp","href":"https:\/\/api.w.org\/{rel}","templated":true}]}}