{"id":59444,"date":"2026-03-23T08:55:10","date_gmt":"2026-03-23T08:55:10","guid":{"rendered":"https:\/\/shop.verlag.uni-potsdam.de\/shop\/mildred-harnack-und-die-rote-kapelle-in-berlin-2\/"},"modified":"2026-03-23T11:56:11","modified_gmt":"2026-03-23T10:56:11","slug":"mildred-harnack-und-die-rote-kapelle-in-berlin-2","status":"publish","type":"product","link":"https:\/\/shop.verlag.uni-potsdam.de\/en\/shop\/mildred-harnack-und-die-rote-kapelle-in-berlin-2\/","title":{"rendered":"Mildred Harnack und die Rote Kapelle in Berlin"},"content":{"rendered":"<p class=\"qtranxs-available-languages-message qtranxs-available-languages-message-en\">Sorry, this entry is only available in <a href=\"https:\/\/shop.verlag.uni-potsdam.de\/de\/wp-json\/wp\/v2\/product\/59444\" class=\"qtranxs-available-language-link qtranxs-available-language-link-de\" title=\"Deutsch\">Deutsch<\/a>.<\/p><p><span id=\"abstractFull_75329\" class=\"abstractFull\" style=\"display: inline;\">Mildred Harnack, geb. Fish, stammte urspr\u00fcnglich aus Milwaukee, Wisconsin. Zusammen mit ihrem Ehemann Arvid Harnack zog sie nach Deutschland und lebte seit 1930 in Berlin. Hier lehrte die Literaturwissenschaftlerin an der Friedrich-Wilhelms-Universit\u00e4t (heute Humboldt-Universit\u00e4t) und am Berliner Abendgymnasium (heute Peter A. Silbermann-Schule). Bereits kurz nach der Macht\u00fcbernahme von Adolf Hitler hatte sich um das Ehepaar Harnack ein Kreis von Freunden gebildet, der gegen die Herrschaft der Nationalsozialisten opponierte. Dazu z\u00e4hlten auch Karl Behrens und Bodo Schl\u00f6singer, die beide Sch\u00fcler Mildred Harnacks am Berliner Abendgymnasium waren. Mildred Harnack konnte mit Hilfe ihrer Kontakte zur amerikanischen Botschaft ihren Sch\u00fclern im nationalsozialistischen Deutschland ansonsten nicht zug\u00e4ngliche Informationen besorgen.<\/p>\n<p>Aufgrund von Funkkontakten des Freundeskreises zur Sowjetunion wurde die Gruppe von den Nationalsozialisten Rote Kapelle genannt \u2013 \u201erot\u201c bezog sich auf deren linke Haltung und mit \u201eKapelle\u201c wurden Funker assoziiert, die wie Pianisten in einer Kapelle spielen. Der Berliner Oppositionszirkel umfasste bis zu seiner Zerschlagung durch die Nationalsozialisten etwa 150 Personen verschiedenster Berufsgruppen, unterschiedlicher parteipolitischer Einstellungen und Konfessionen. Die Gruppe verfertigte oppositionelle Flugbl\u00e4tter und lieferte Informationen an die amerikanische Botschaft sowie an die Sowjetunion. Mildred Harnack wurde \u2013 wie viele ihrer Mitstreiterinnen und Mitstreiter \u2013 nach ihrer Verhaftung vom Reichskriegsgericht zum Tode verurteilt und am 16. Februar 1943 in Pl\u00f6tzensee guillotiniert.<\/p>\n<p>In diesem Band stellen Studierende der Universit\u00e4t Potsdam sowie H\u00f6rerinnen und H\u00f6rer der Peter A. Silbermann-Schule (Berlin) nach einem kurzen \u00dcberblick zum Widerstand gegen den Nationalsozialismus in Deutschland das Netzwerk der Roten Kapelle sowie die Biographien von Mildred Harnack und ihren Sch\u00fclern Karl Behrens und Bodo Schl\u00f6singer vom Berliner Abendgymnasium eindr\u00fccklich vor.<\/span><\/p>","protected":false},"excerpt":{"rendered":"<p class=\"qtranxs-available-languages-message qtranxs-available-languages-message-en\">Sorry, this entry is only available in <a href=\"https:\/\/shop.verlag.uni-potsdam.de\/de\/wp-json\/wp\/v2\/product\/59444\" class=\"qtranxs-available-language-link qtranxs-available-language-link-de\" title=\"Deutsch\">Deutsch<\/a>.<\/p>\n<p><span id=\"abstractFull_75329\" class=\"abstractFull\" style=\"display: inline;\">Mildred Harnack, geb. Fish, stammte urspr\u00fcnglich aus Milwaukee, Wisconsin. Zusammen mit ihrem Ehemann Arvid Harnack zog sie nach Deutschland und lebte seit 1930 in Berlin. Hier lehrte die Literaturwissenschaftlerin an der Friedrich-Wilhelms-Universit\u00e4t (heute Humboldt-Universit\u00e4t) und am Berliner Abendgymnasium (heute Peter A. Silbermann-Schule). Bereits kurz nach der Macht\u00fcbernahme von Adolf Hitler hatte sich um das Ehepaar Harnack ein Kreis von Freunden gebildet, der gegen die Herrschaft der Nationalsozialisten opponierte. Dazu z\u00e4hlten auch Karl Behrens und Bodo Schl\u00f6singer, die beide Sch\u00fcler Mildred Harnacks am Berliner Abendgymnasium waren. Mildred Harnack konnte mit Hilfe ihrer Kontakte zur amerikanischen Botschaft ihren Sch\u00fclern im nationalsozialistischen Deutschland ansonsten nicht zug\u00e4ngliche Informationen besorgen.<\/p>\n<p>Aufgrund von Funkkontakten des Freundeskreises zur Sowjetunion wurde die Gruppe von den Nationalsozialisten Rote Kapelle genannt \u2013 \u201erot\u201c bezog sich auf deren linke Haltung und mit \u201eKapelle\u201c wurden Funker assoziiert, die wie Pianisten in einer Kapelle spielen. Der Berliner Oppositionszirkel umfasste bis zu seiner Zerschlagung durch die Nationalsozialisten etwa 150 Personen verschiedenster Berufsgruppen, unterschiedlicher parteipolitischer Einstellungen und Konfessionen. Die Gruppe verfertigte oppositionelle Flugbl\u00e4tter und lieferte Informationen an die amerikanische Botschaft sowie an die Sowjetunion. Mildred Harnack wurde \u2013 wie viele ihrer Mitstreiterinnen und Mitstreiter \u2013 nach ihrer Verhaftung vom Reichskriegsgericht zum Tode verurteilt und am 16. Februar 1943 in Pl\u00f6tzensee guillotiniert.<\/p>\n<p>In diesem Band stellen Studierende der Universit\u00e4t Potsdam sowie H\u00f6rerinnen und H\u00f6rer der Peter A. Silbermann-Schule (Berlin) nach einem kurzen \u00dcberblick zum Widerstand gegen den Nationalsozialismus in Deutschland das Netzwerk der Roten Kapelle sowie die Biographien von Mildred Harnack und ihren Sch\u00fclern Karl Behrens und Bodo Schl\u00f6singer vom Berliner Abendgymnasium eindr\u00fccklich vor.<\/span><\/p>\n","protected":false},"featured_media":59450,"template":"","meta":{"_acf_changed":false},"product_brand":[],"product_cat":[6166,6207],"product_tag":[5382],"class_list":{"0":"post-59444","1":"product","2":"type-product","3":"status-publish","4":"has-post-thumbnail","6":"product_cat-sozialwissenschaften-web-kategorie","7":"product_cat-geschichte-web-kategorie","8":"product_tag-zweiter-weltkrieg-nationalsozialismus-widerstand-rote-kapelle-funker","9":"autor-alexandra-fretter","10":"autor-anne-pohlandt","11":"autor-asja-naumann","12":"autor-bernhard-keitel","13":"autor-christian-becker","14":"autor-christian-mrowietz","15":"autor-christian-weiss","16":"autor-christina-weinkamp","17":"autor-dominic-nadol","18":"autor-edis-destanovic","19":"autor-imke-ockenga","20":"autor-ingo-juchler","21":"autor-johannes-tuchel","22":"autor-ladina-ambauen","23":"autor-lena-christine-jurkatis","24":"autor-marc-geissler","25":"autor-maren-arnold","26":"autor-michelle-recktenwald","27":"autor-mohamed-chaker-chahrour","28":"autor-moritz-habl","29":"autor-nikolai-losensky","30":"autor-nora-lina-zalitatsch","31":"autor-ole-wiecking","32":"autor-patricia-wockenfuss","33":"autor-roswitha-stephan","34":"autor-sandra-hoffmann","35":"autor-tobias-puerschel","37":"first","38":"instock","39":"shipping-taxable","40":"purchasable","41":"product-type-simple"},"acf":[],"yoast_head":"<!-- This site is optimized with the Yoast SEO plugin v27.1.1 - https:\/\/yoast.com\/product\/yoast-seo-wordpress\/ -->\n<title>Mildred Harnack und die Rote Kapelle in Berlin - Universit\u00e4tsverlag Potsdam<\/title>\n<meta name=\"robots\" content=\"index, follow, max-snippet:-1, max-image-preview:large, max-video-preview:-1\" \/>\n<link rel=\"canonical\" href=\"https:\/\/shop.verlag.uni-potsdam.de\/en\/shop\/mildred-harnack-und-die-rote-kapelle-in-berlin-2\/\" \/>\n<meta property=\"og:locale\" content=\"en_US\" \/>\n<meta property=\"og:type\" content=\"article\" \/>\n<meta property=\"og:title\" content=\"Mildred Harnack und die Rote Kapelle in Berlin - Universit\u00e4tsverlag Potsdam\" \/>\n<meta property=\"og:description\" content=\"Mildred Harnack, geb. Fish, stammte urspr\u00fcnglich aus Milwaukee, Wisconsin. Zusammen mit ihrem Ehemann Arvid Harnack zog sie nach Deutschland und lebte seit 1930 in Berlin. Hier lehrte die Literaturwissenschaftlerin an der Friedrich-Wilhelms-Universit\u00e4t (heute Humboldt-Universit\u00e4t) und am Berliner Abendgymnasium (heute Peter A. Silbermann-Schule). Bereits kurz nach der Macht\u00fcbernahme von Adolf Hitler hatte sich um das Ehepaar Harnack ein Kreis von Freunden gebildet, der gegen die Herrschaft der Nationalsozialisten opponierte. Dazu z\u00e4hlten auch Karl Behrens und Bodo Schl\u00f6singer, die beide Sch\u00fcler Mildred Harnacks am Berliner Abendgymnasium waren. Mildred Harnack konnte mit Hilfe ihrer Kontakte zur amerikanischen Botschaft ihren Sch\u00fclern im nationalsozialistischen Deutschland ansonsten nicht zug\u00e4ngliche Informationen besorgen.Aufgrund von Funkkontakten des Freundeskreises zur Sowjetunion wurde die Gruppe von den Nationalsozialisten Rote Kapelle genannt \u2013 \u201erot\u201c bezog sich auf deren linke Haltung und mit \u201eKapelle\u201c wurden Funker assoziiert, die wie Pianisten in einer Kapelle spielen. Der Berliner Oppositionszirkel umfasste bis zu seiner Zerschlagung durch die Nationalsozialisten etwa 150 Personen verschiedenster Berufsgruppen, unterschiedlicher parteipolitischer Einstellungen und Konfessionen. Die Gruppe verfertigte oppositionelle Flugbl\u00e4tter und lieferte Informationen an die amerikanische Botschaft sowie an die Sowjetunion. Mildred Harnack wurde \u2013 wie viele ihrer Mitstreiterinnen und Mitstreiter \u2013 nach ihrer Verhaftung vom Reichskriegsgericht zum Tode verurteilt und am 16. Februar 1943 in Pl\u00f6tzensee guillotiniert.In diesem Band stellen Studierende der Universit\u00e4t Potsdam sowie H\u00f6rerinnen und H\u00f6rer der Peter A. Silbermann-Schule (Berlin) nach einem kurzen \u00dcberblick zum Widerstand gegen den Nationalsozialismus in Deutschland das Netzwerk der Roten Kapelle sowie die Biographien von Mildred Harnack und ihren Sch\u00fclern Karl Behrens und Bodo Schl\u00f6singer vom Berliner Abendgymnasium eindr\u00fccklich vor.\" \/>\n<meta property=\"og:url\" content=\"https:\/\/shop.verlag.uni-potsdam.de\/en\/shop\/mildred-harnack-und-die-rote-kapelle-in-berlin-2\/\" \/>\n<meta property=\"og:site_name\" content=\"Universit\u00e4tsverlag Potsdam\" \/>\n<meta property=\"article:modified_time\" content=\"2026-03-23T10:56:11+00:00\" \/>\n<meta property=\"og:image\" content=\"https:\/\/shop.verlag.uni-potsdam.de\/wp-content\/uploads\/asolmerce\/image-978-3-86956-500-2.jpg\" \/>\n\t<meta property=\"og:image:width\" content=\"1804\" \/>\n\t<meta property=\"og:image:height\" content=\"2560\" \/>\n\t<meta property=\"og:image:type\" content=\"image\/jpeg\" \/>\n<meta name=\"twitter:card\" content=\"summary_large_image\" \/>\n<meta name=\"twitter:label1\" content=\"Est. reading time\" \/>\n\t<meta name=\"twitter:data1\" content=\"1 minute\" \/>\n<script type=\"application\/ld+json\" class=\"yoast-schema-graph\">{\"@context\":\"https:\/\/schema.org\",\"@graph\":[{\"@type\":\"WebPage\",\"@id\":\"https:\/\/shop.verlag.uni-potsdam.de\/en\/shop\/mildred-harnack-und-die-rote-kapelle-in-berlin-2\/\",\"url\":\"https:\/\/shop.verlag.uni-potsdam.de\/en\/shop\/mildred-harnack-und-die-rote-kapelle-in-berlin-2\/\",\"name\":\"Mildred Harnack und die Rote Kapelle in Berlin - Universit\u00e4tsverlag Potsdam\",\"isPartOf\":{\"@id\":\"https:\/\/shop.verlag.uni-potsdam.de\/en\/#website\"},\"primaryImageOfPage\":{\"@id\":\"https:\/\/shop.verlag.uni-potsdam.de\/en\/shop\/mildred-harnack-und-die-rote-kapelle-in-berlin-2\/#primaryimage\"},\"image\":{\"@id\":\"https:\/\/shop.verlag.uni-potsdam.de\/shop\/mildred-harnack-und-die-rote-kapelle-in-berlin-2\/#primaryimage\"},\"thumbnailUrl\":\"https:\/\/shop.verlag.uni-potsdam.de\/wp-content\/uploads\/asolmerce\/image-978-3-86956-500-2.jpg\",\"datePublished\":\"2026-03-23T08:55:10+00:00\",\"dateModified\":\"2026-03-23T10:56:11+00:00\",\"breadcrumb\":{\"@id\":\"https:\/\/shop.verlag.uni-potsdam.de\/en\/shop\/mildred-harnack-und-die-rote-kapelle-in-berlin-2\/#breadcrumb\"},\"inLanguage\":\"en-US\",\"potentialAction\":[{\"@type\":\"ReadAction\",\"target\":[[\"https:\/\/shop.verlag.uni-potsdam.de\/en\/shop\/mildred-harnack-und-die-rote-kapelle-in-berlin-2\/\"]]}]},{\"@type\":\"ImageObject\",\"inLanguage\":\"en-US\",\"@id\":\"https:\/\/shop.verlag.uni-potsdam.de\/en\/shop\/mildred-harnack-und-die-rote-kapelle-in-berlin-2\/#primaryimage\",\"url\":\"https:\/\/shop.verlag.uni-potsdam.de\/wp-content\/uploads\/asolmerce\/image-978-3-86956-500-2.jpg\",\"contentUrl\":\"https:\/\/shop.verlag.uni-potsdam.de\/wp-content\/uploads\/asolmerce\/image-978-3-86956-500-2.jpg\",\"width\":1804,\"height\":2560},{\"@type\":\"BreadcrumbList\",\"@id\":\"https:\/\/shop.verlag.uni-potsdam.de\/en\/shop\/mildred-harnack-und-die-rote-kapelle-in-berlin-2\/#breadcrumb\",\"itemListElement\":[{\"@type\":\"ListItem\",\"position\":1,\"name\":\"Startseite\",\"item\":\"https:\/\/shop.verlag.uni-potsdam.de\/en\/\"},{\"@type\":\"ListItem\",\"position\":2,\"name\":\"Shop\",\"item\":\"https:\/\/shop.verlag.uni-potsdam.de\/en\/shop\/\"},{\"@type\":\"ListItem\",\"position\":3,\"name\":\"Mildred Harnack und die Rote Kapelle in Berlin\"}]},{\"@type\":\"WebSite\",\"@id\":\"https:\/\/shop.verlag.uni-potsdam.de\/en\/#website\",\"url\":\"https:\/\/shop.verlag.uni-potsdam.de\/en\/\",\"name\":\"Universit\u00e4tsverlag Potsdam\",\"description\":\"\",\"publisher\":{\"@id\":\"https:\/\/shop.verlag.uni-potsdam.de\/en\/#organization\"},\"potentialAction\":[{\"@type\":\"SearchAction\",\"target\":{\"@type\":\"EntryPoint\",\"urlTemplate\":\"https:\/\/shop.verlag.uni-potsdam.de\/en\/?s={search_term_string}\"},\"query-input\":{\"@type\":\"PropertyValueSpecification\",\"valueRequired\":true,\"valueName\":\"search_term_string\"}}],\"inLanguage\":\"en-US\"},{\"@type\":\"Organization\",\"@id\":\"https:\/\/shop.verlag.uni-potsdam.de\/en\/#organization\",\"name\":\"Universit\u00e4tsverlag Potsdam\",\"url\":\"https:\/\/shop.verlag.uni-potsdam.de\/en\/\",\"logo\":{\"@type\":\"ImageObject\",\"inLanguage\":\"en-US\",\"@id\":\"https:\/\/shop.verlag.uni-potsdam.de\/en\/#\/schema\/logo\/image\/\",\"url\":\"https:\/\/shop.verlag.uni-potsdam.de\/wp-content\/uploads\/2017\/04\/up_logo_university_2.png\",\"contentUrl\":\"https:\/\/shop.verlag.uni-potsdam.de\/wp-content\/uploads\/2017\/04\/up_logo_university_2.png\",\"width\":160,\"height\":172,\"caption\":\"Universit\u00e4tsverlag Potsdam\"},\"image\":{\"@id\":\"https:\/\/shop.verlag.uni-potsdam.de\/en\/#\/schema\/logo\/image\/\"}}]}<\/script>\n<!-- \/ Yoast SEO plugin. -->","yoast_head_json":{"title":"Mildred Harnack und die Rote Kapelle in Berlin - Universit\u00e4tsverlag Potsdam","robots":{"index":"index","follow":"follow","max-snippet":"max-snippet:-1","max-image-preview":"max-image-preview:large","max-video-preview":"max-video-preview:-1"},"canonical":"https:\/\/shop.verlag.uni-potsdam.de\/en\/shop\/mildred-harnack-und-die-rote-kapelle-in-berlin-2\/","og_locale":"en_US","og_type":"article","og_title":"Mildred Harnack und die Rote Kapelle in Berlin - Universit\u00e4tsverlag Potsdam","og_description":"Mildred Harnack, geb. Fish, stammte urspr\u00fcnglich aus Milwaukee, Wisconsin. Zusammen mit ihrem Ehemann Arvid Harnack zog sie nach Deutschland und lebte seit 1930 in Berlin. Hier lehrte die Literaturwissenschaftlerin an der Friedrich-Wilhelms-Universit\u00e4t (heute Humboldt-Universit\u00e4t) und am Berliner Abendgymnasium (heute Peter A. Silbermann-Schule). Bereits kurz nach der Macht\u00fcbernahme von Adolf Hitler hatte sich um das Ehepaar Harnack ein Kreis von Freunden gebildet, der gegen die Herrschaft der Nationalsozialisten opponierte. Dazu z\u00e4hlten auch Karl Behrens und Bodo Schl\u00f6singer, die beide Sch\u00fcler Mildred Harnacks am Berliner Abendgymnasium waren. Mildred Harnack konnte mit Hilfe ihrer Kontakte zur amerikanischen Botschaft ihren Sch\u00fclern im nationalsozialistischen Deutschland ansonsten nicht zug\u00e4ngliche Informationen besorgen.Aufgrund von Funkkontakten des Freundeskreises zur Sowjetunion wurde die Gruppe von den Nationalsozialisten Rote Kapelle genannt \u2013 \u201erot\u201c bezog sich auf deren linke Haltung und mit \u201eKapelle\u201c wurden Funker assoziiert, die wie Pianisten in einer Kapelle spielen. Der Berliner Oppositionszirkel umfasste bis zu seiner Zerschlagung durch die Nationalsozialisten etwa 150 Personen verschiedenster Berufsgruppen, unterschiedlicher parteipolitischer Einstellungen und Konfessionen. Die Gruppe verfertigte oppositionelle Flugbl\u00e4tter und lieferte Informationen an die amerikanische Botschaft sowie an die Sowjetunion. Mildred Harnack wurde \u2013 wie viele ihrer Mitstreiterinnen und Mitstreiter \u2013 nach ihrer Verhaftung vom Reichskriegsgericht zum Tode verurteilt und am 16. Februar 1943 in Pl\u00f6tzensee guillotiniert.In diesem Band stellen Studierende der Universit\u00e4t Potsdam sowie H\u00f6rerinnen und H\u00f6rer der Peter A. Silbermann-Schule (Berlin) nach einem kurzen \u00dcberblick zum Widerstand gegen den Nationalsozialismus in Deutschland das Netzwerk der Roten Kapelle sowie die Biographien von Mildred Harnack und ihren Sch\u00fclern Karl Behrens und Bodo Schl\u00f6singer vom Berliner Abendgymnasium eindr\u00fccklich vor.","og_url":"https:\/\/shop.verlag.uni-potsdam.de\/en\/shop\/mildred-harnack-und-die-rote-kapelle-in-berlin-2\/","og_site_name":"Universit\u00e4tsverlag Potsdam","article_modified_time":"2026-03-23T10:56:11+00:00","og_image":[{"width":1804,"height":2560,"url":"https:\/\/shop.verlag.uni-potsdam.de\/wp-content\/uploads\/asolmerce\/image-978-3-86956-500-2.jpg","type":"image\/jpeg"}],"twitter_card":"summary_large_image","twitter_misc":{"Est. reading time":"1 minute"},"schema":{"@context":"https:\/\/schema.org","@graph":[{"@type":"WebPage","@id":"https:\/\/shop.verlag.uni-potsdam.de\/en\/shop\/mildred-harnack-und-die-rote-kapelle-in-berlin-2\/","url":"https:\/\/shop.verlag.uni-potsdam.de\/en\/shop\/mildred-harnack-und-die-rote-kapelle-in-berlin-2\/","name":"Mildred Harnack und die Rote Kapelle in Berlin - Universit\u00e4tsverlag Potsdam","isPartOf":{"@id":"https:\/\/shop.verlag.uni-potsdam.de\/en\/#website"},"primaryImageOfPage":{"@id":"https:\/\/shop.verlag.uni-potsdam.de\/en\/shop\/mildred-harnack-und-die-rote-kapelle-in-berlin-2\/#primaryimage"},"image":{"@id":"https:\/\/shop.verlag.uni-potsdam.de\/shop\/mildred-harnack-und-die-rote-kapelle-in-berlin-2\/#primaryimage"},"thumbnailUrl":"https:\/\/shop.verlag.uni-potsdam.de\/wp-content\/uploads\/asolmerce\/image-978-3-86956-500-2.jpg","datePublished":"2026-03-23T08:55:10+00:00","dateModified":"2026-03-23T10:56:11+00:00","breadcrumb":{"@id":"https:\/\/shop.verlag.uni-potsdam.de\/en\/shop\/mildred-harnack-und-die-rote-kapelle-in-berlin-2\/#breadcrumb"},"inLanguage":"en-US","potentialAction":[{"@type":"ReadAction","target":[["https:\/\/shop.verlag.uni-potsdam.de\/en\/shop\/mildred-harnack-und-die-rote-kapelle-in-berlin-2\/"]]}]},{"@type":"ImageObject","inLanguage":"en-US","@id":"https:\/\/shop.verlag.uni-potsdam.de\/en\/shop\/mildred-harnack-und-die-rote-kapelle-in-berlin-2\/#primaryimage","url":"https:\/\/shop.verlag.uni-potsdam.de\/wp-content\/uploads\/asolmerce\/image-978-3-86956-500-2.jpg","contentUrl":"https:\/\/shop.verlag.uni-potsdam.de\/wp-content\/uploads\/asolmerce\/image-978-3-86956-500-2.jpg","width":1804,"height":2560},{"@type":"BreadcrumbList","@id":"https:\/\/shop.verlag.uni-potsdam.de\/en\/shop\/mildred-harnack-und-die-rote-kapelle-in-berlin-2\/#breadcrumb","itemListElement":[{"@type":"ListItem","position":1,"name":"Startseite","item":"https:\/\/shop.verlag.uni-potsdam.de\/en\/"},{"@type":"ListItem","position":2,"name":"Shop","item":"https:\/\/shop.verlag.uni-potsdam.de\/en\/shop\/"},{"@type":"ListItem","position":3,"name":"Mildred Harnack und die Rote Kapelle in Berlin"}]},{"@type":"WebSite","@id":"https:\/\/shop.verlag.uni-potsdam.de\/en\/#website","url":"https:\/\/shop.verlag.uni-potsdam.de\/en\/","name":"Universit\u00e4tsverlag Potsdam","description":"","publisher":{"@id":"https:\/\/shop.verlag.uni-potsdam.de\/en\/#organization"},"potentialAction":[{"@type":"SearchAction","target":{"@type":"EntryPoint","urlTemplate":"https:\/\/shop.verlag.uni-potsdam.de\/en\/?s={search_term_string}"},"query-input":{"@type":"PropertyValueSpecification","valueRequired":true,"valueName":"search_term_string"}}],"inLanguage":"en-US"},{"@type":"Organization","@id":"https:\/\/shop.verlag.uni-potsdam.de\/en\/#organization","name":"Universit\u00e4tsverlag Potsdam","url":"https:\/\/shop.verlag.uni-potsdam.de\/en\/","logo":{"@type":"ImageObject","inLanguage":"en-US","@id":"https:\/\/shop.verlag.uni-potsdam.de\/en\/#\/schema\/logo\/image\/","url":"https:\/\/shop.verlag.uni-potsdam.de\/wp-content\/uploads\/2017\/04\/up_logo_university_2.png","contentUrl":"https:\/\/shop.verlag.uni-potsdam.de\/wp-content\/uploads\/2017\/04\/up_logo_university_2.png","width":160,"height":172,"caption":"Universit\u00e4tsverlag Potsdam"},"image":{"@id":"https:\/\/shop.verlag.uni-potsdam.de\/en\/#\/schema\/logo\/image\/"}}]}},"_links":{"self":[{"href":"https:\/\/shop.verlag.uni-potsdam.de\/en\/wp-json\/wp\/v2\/product\/59444","targetHints":{"allow":["GET"]}}],"collection":[{"href":"https:\/\/shop.verlag.uni-potsdam.de\/en\/wp-json\/wp\/v2\/product"}],"about":[{"href":"https:\/\/shop.verlag.uni-potsdam.de\/en\/wp-json\/wp\/v2\/types\/product"}],"wp:featuredmedia":[{"embeddable":true,"href":"https:\/\/shop.verlag.uni-potsdam.de\/en\/wp-json\/wp\/v2\/media\/59450"}],"wp:attachment":[{"href":"https:\/\/shop.verlag.uni-potsdam.de\/en\/wp-json\/wp\/v2\/media?parent=59444"}],"wp:term":[{"taxonomy":"product_brand","embeddable":true,"href":"https:\/\/shop.verlag.uni-potsdam.de\/en\/wp-json\/wp\/v2\/product_brand?post=59444"},{"taxonomy":"product_cat","embeddable":true,"href":"https:\/\/shop.verlag.uni-potsdam.de\/en\/wp-json\/wp\/v2\/product_cat?post=59444"},{"taxonomy":"product_tag","embeddable":true,"href":"https:\/\/shop.verlag.uni-potsdam.de\/en\/wp-json\/wp\/v2\/product_tag?post=59444"}],"curies":[{"name":"wp","href":"https:\/\/api.w.org\/{rel}","templated":true}]}}