{"id":74102,"date":"2026-03-31T09:47:22","date_gmt":"2026-03-31T09:47:22","guid":{"rendered":"https:\/\/shop.verlag.uni-potsdam.de\/shop\/empty-product-container-2\/"},"modified":"2026-03-31T13:48:22","modified_gmt":"2026-03-31T11:48:22","slug":"die-loi-blanquer-eine-chance-fuer-die-deutsch-franzoesische-lehramtsausbildung-im-sekundarbereich-ii-ebook","status":"publish","type":"product","link":"https:\/\/shop.verlag.uni-potsdam.de\/en\/shop\/die-loi-blanquer-eine-chance-fuer-die-deutsch-franzoesische-lehramtsausbildung-im-sekundarbereich-ii-ebook\/","title":{"rendered":"Die Loi Blanquer \u2013 eine Chance f\u00fcr die deutsch-franz\u00f6sische Lehramtsausbildung im Sekundarbereich II?"},"content":{"rendered":"<p>&#8221;European education starts at school&#8221;. This motto seems more important than ever, especially in times of renewed nationalism and a shift to the right in Europe. The most successful way of anchoring a European dimension in the schools of the EU member states in the mid and long term is through bi-national or even international teacher training. However, there are significant obstacles to the establishment of such programmes. They are few in number and exist only in the Franco-German context. This is due, firstly, to the many obstacles, which are difficult to overcome, resulting from the strong divergence between studies, recruitment and training systems. Secondly, teacher education is an area particularly affected by reforms. Consequently, a benefit-cost analysis of the frequently required and resource-intensive adjustments to programmes on the one hand and the low number of graduates on the other, is negative at many universities. A review of the Mainz-Dijon cooperation efforts since 2000 leads to a mixed picture. The reorganisation of teacher training, which is currently taking place on the French side, offers an opportunity to make teacher training more integrated. The Loi Blanquer of 26 July 2019 brings the two systems closer together and makes it possible \u2013 also through already existing legal instruments \u2013 to shorten the training period and improve recognition practices.<\/p>","protected":false},"excerpt":{"rendered":"<p>&#8220;European education starts at school&#8221;. This motto seems more important than ever, especially in times of renewed nationalism and a shift to the right in Europe. The most successful way of anchoring a European dimension in the schools of the EU member states in the mid and long term is through bi-national or even international teacher training. However, there are significant obstacles to the establishment of such programmes. They are few in number and exist only in the Franco-German context. This is due, firstly, to the many obstacles, which are difficult to overcome, resulting from the strong divergence between studies, recruitment and training systems. Secondly, teacher education is an area particularly affected by reforms. Consequently, a benefit-cost analysis of the frequently required and resource-intensive adjustments to programmes on the one hand and the low number of graduates on the other, is negative at many universities. A review of the Mainz-Dijon cooperation efforts since 2000 leads to a mixed picture. The reorganisation of teacher training, which is currently taking place on the French side, offers an opportunity to make teacher training more integrated. The Loi Blanquer of 26 July 2019 brings the two systems closer together and makes it possible \u2013 also through already existing legal instruments \u2013 to shorten the training period and improve recognition practices.<\/p>\n","protected":false},"featured_media":96255,"template":"","meta":{"_acf_changed":false},"product_brand":[],"product_cat":[6225],"product_tag":[],"class_list":{"0":"post-74102","1":"product","2":"type-product","3":"status-publish","4":"has-post-thumbnail","6":"product_cat-recht-web-kategorie","7":"autor-tanja-herrmann","8":"edition-online-only","9":"reihe-mega-schriftenreihe","11":"first","12":"instock","13":"downloadable","14":"virtual","15":"product-type-simple"},"acf":[],"yoast_head":"<!-- This site is optimized with the Yoast SEO plugin v27.1.1 - https:\/\/yoast.com\/product\/yoast-seo-wordpress\/ -->\n<title>Die Loi Blanquer \u2013 eine Chance f\u00fcr die deutsch-franz\u00f6sische Lehramtsausbildung im Sekundarbereich II? - Universit\u00e4tsverlag Potsdam<\/title>\n<meta name=\"robots\" content=\"index, follow, max-snippet:-1, max-image-preview:large, max-video-preview:-1\" \/>\n<link rel=\"canonical\" href=\"https:\/\/shop.verlag.uni-potsdam.de\/en\/shop\/die-loi-blanquer-eine-chance-fuer-die-deutsch-franzoesische-lehramtsausbildung-im-sekundarbereich-ii-ebook\/\" \/>\n<meta property=\"og:locale\" content=\"en_US\" \/>\n<meta property=\"og:type\" content=\"article\" \/>\n<meta property=\"og:title\" content=\"Die Loi Blanquer \u2013 eine Chance f\u00fcr die deutsch-franz\u00f6sische Lehramtsausbildung im Sekundarbereich II? - Universit\u00e4tsverlag Potsdam\" \/>\n<meta property=\"og:description\" content=\"&quot;European education starts at school&quot;. This motto seems more important than ever, especially in times of renewed nationalism and a shift to the right in Europe. The most successful way of anchoring a European dimension in the schools of the EU member states in the mid and long term is through bi-national or even international teacher training. However, there are significant obstacles to the establishment of such programmes. They are few in number and exist only in the Franco-German context. This is due, firstly, to the many obstacles, which are difficult to overcome, resulting from the strong divergence between studies, recruitment and training systems. Secondly, teacher education is an area particularly affected by reforms. Consequently, a benefit-cost analysis of the frequently required and resource-intensive adjustments to programmes on the one hand and the low number of graduates on the other, is negative at many universities. A review of the Mainz-Dijon cooperation efforts since 2000 leads to a mixed picture. The reorganisation of teacher training, which is currently taking place on the French side, offers an opportunity to make teacher training more integrated. The Loi Blanquer of 26 July 2019 brings the two systems closer together and makes it possible \u2013 also through already existing legal instruments \u2013 to shorten the training period and improve recognition practices.\" \/>\n<meta property=\"og:url\" content=\"https:\/\/shop.verlag.uni-potsdam.de\/en\/shop\/die-loi-blanquer-eine-chance-fuer-die-deutsch-franzoesische-lehramtsausbildung-im-sekundarbereich-ii-ebook\/\" \/>\n<meta property=\"og:site_name\" content=\"Universit\u00e4tsverlag Potsdam\" \/>\n<meta property=\"article:modified_time\" content=\"2026-03-31T11:48:22+00:00\" \/>\n<meta property=\"og:image\" content=\"https:\/\/shop.verlag.uni-potsdam.de\/wp-content\/uploads\/asolmerce\/image-umschlag_mega08.jpg\" \/>\n\t<meta property=\"og:image:width\" content=\"1339\" \/>\n\t<meta property=\"og:image:height\" content=\"1890\" \/>\n\t<meta property=\"og:image:type\" content=\"image\/jpeg\" \/>\n<meta name=\"twitter:card\" content=\"summary_large_image\" \/>\n<meta name=\"twitter:label1\" content=\"Est. reading time\" \/>\n\t<meta name=\"twitter:data1\" content=\"2 minutes\" \/>\n<script type=\"application\/ld+json\" class=\"yoast-schema-graph\">{\"@context\":\"https:\/\/schema.org\",\"@graph\":[{\"@type\":\"WebPage\",\"@id\":\"https:\/\/shop.verlag.uni-potsdam.de\/en\/shop\/die-loi-blanquer-eine-chance-fuer-die-deutsch-franzoesische-lehramtsausbildung-im-sekundarbereich-ii-ebook\/\",\"url\":\"https:\/\/shop.verlag.uni-potsdam.de\/en\/shop\/die-loi-blanquer-eine-chance-fuer-die-deutsch-franzoesische-lehramtsausbildung-im-sekundarbereich-ii-ebook\/\",\"name\":\"Die Loi Blanquer \u2013 eine Chance f\u00fcr die deutsch-franz\u00f6sische Lehramtsausbildung im Sekundarbereich II? - Universit\u00e4tsverlag Potsdam\",\"isPartOf\":{\"@id\":\"https:\/\/shop.verlag.uni-potsdam.de\/en\/#website\"},\"primaryImageOfPage\":{\"@id\":\"https:\/\/shop.verlag.uni-potsdam.de\/en\/shop\/die-loi-blanquer-eine-chance-fuer-die-deutsch-franzoesische-lehramtsausbildung-im-sekundarbereich-ii-ebook\/#primaryimage\"},\"image\":{\"@id\":\"https:\/\/shop.verlag.uni-potsdam.de\/shop\/die-loi-blanquer-eine-chance-fuer-die-deutsch-franzoesische-lehramtsausbildung-im-sekundarbereich-ii-ebook\/#primaryimage\"},\"thumbnailUrl\":\"https:\/\/shop.verlag.uni-potsdam.de\/wp-content\/uploads\/asolmerce\/image-umschlag_mega08.jpg\",\"datePublished\":\"2026-03-31T09:47:22+00:00\",\"dateModified\":\"2026-03-31T11:48:22+00:00\",\"breadcrumb\":{\"@id\":\"https:\/\/shop.verlag.uni-potsdam.de\/en\/shop\/die-loi-blanquer-eine-chance-fuer-die-deutsch-franzoesische-lehramtsausbildung-im-sekundarbereich-ii-ebook\/#breadcrumb\"},\"inLanguage\":\"en-US\",\"potentialAction\":[{\"@type\":\"ReadAction\",\"target\":[[\"https:\/\/shop.verlag.uni-potsdam.de\/en\/shop\/die-loi-blanquer-eine-chance-fuer-die-deutsch-franzoesische-lehramtsausbildung-im-sekundarbereich-ii-ebook\/\"]]}]},{\"@type\":\"ImageObject\",\"inLanguage\":\"en-US\",\"@id\":\"https:\/\/shop.verlag.uni-potsdam.de\/en\/shop\/die-loi-blanquer-eine-chance-fuer-die-deutsch-franzoesische-lehramtsausbildung-im-sekundarbereich-ii-ebook\/#primaryimage\",\"url\":\"https:\/\/shop.verlag.uni-potsdam.de\/wp-content\/uploads\/asolmerce\/image-umschlag_mega08.jpg\",\"contentUrl\":\"https:\/\/shop.verlag.uni-potsdam.de\/wp-content\/uploads\/asolmerce\/image-umschlag_mega08.jpg\",\"width\":1339,\"height\":1890},{\"@type\":\"BreadcrumbList\",\"@id\":\"https:\/\/shop.verlag.uni-potsdam.de\/en\/shop\/die-loi-blanquer-eine-chance-fuer-die-deutsch-franzoesische-lehramtsausbildung-im-sekundarbereich-ii-ebook\/#breadcrumb\",\"itemListElement\":[{\"@type\":\"ListItem\",\"position\":1,\"name\":\"Startseite\",\"item\":\"https:\/\/shop.verlag.uni-potsdam.de\/en\/\"},{\"@type\":\"ListItem\",\"position\":2,\"name\":\"Shop\",\"item\":\"https:\/\/shop.verlag.uni-potsdam.de\/en\/shop\/\"},{\"@type\":\"ListItem\",\"position\":3,\"name\":\"Die Loi Blanquer \u2013 eine Chance f\u00fcr die deutsch-franz\u00f6sische Lehramtsausbildung im Sekundarbereich II?\"}]},{\"@type\":\"WebSite\",\"@id\":\"https:\/\/shop.verlag.uni-potsdam.de\/en\/#website\",\"url\":\"https:\/\/shop.verlag.uni-potsdam.de\/en\/\",\"name\":\"Universit\u00e4tsverlag Potsdam\",\"description\":\"\",\"publisher\":{\"@id\":\"https:\/\/shop.verlag.uni-potsdam.de\/en\/#organization\"},\"potentialAction\":[{\"@type\":\"SearchAction\",\"target\":{\"@type\":\"EntryPoint\",\"urlTemplate\":\"https:\/\/shop.verlag.uni-potsdam.de\/en\/?s={search_term_string}\"},\"query-input\":{\"@type\":\"PropertyValueSpecification\",\"valueRequired\":true,\"valueName\":\"search_term_string\"}}],\"inLanguage\":\"en-US\"},{\"@type\":\"Organization\",\"@id\":\"https:\/\/shop.verlag.uni-potsdam.de\/en\/#organization\",\"name\":\"Universit\u00e4tsverlag Potsdam\",\"url\":\"https:\/\/shop.verlag.uni-potsdam.de\/en\/\",\"logo\":{\"@type\":\"ImageObject\",\"inLanguage\":\"en-US\",\"@id\":\"https:\/\/shop.verlag.uni-potsdam.de\/en\/#\/schema\/logo\/image\/\",\"url\":\"https:\/\/shop.verlag.uni-potsdam.de\/wp-content\/uploads\/2017\/04\/up_logo_university_2.png\",\"contentUrl\":\"https:\/\/shop.verlag.uni-potsdam.de\/wp-content\/uploads\/2017\/04\/up_logo_university_2.png\",\"width\":160,\"height\":172,\"caption\":\"Universit\u00e4tsverlag Potsdam\"},\"image\":{\"@id\":\"https:\/\/shop.verlag.uni-potsdam.de\/en\/#\/schema\/logo\/image\/\"}}]}<\/script>\n<!-- \/ Yoast SEO plugin. -->","yoast_head_json":{"title":"Die Loi Blanquer \u2013 eine Chance f\u00fcr die deutsch-franz\u00f6sische Lehramtsausbildung im Sekundarbereich II? - Universit\u00e4tsverlag Potsdam","robots":{"index":"index","follow":"follow","max-snippet":"max-snippet:-1","max-image-preview":"max-image-preview:large","max-video-preview":"max-video-preview:-1"},"canonical":"https:\/\/shop.verlag.uni-potsdam.de\/en\/shop\/die-loi-blanquer-eine-chance-fuer-die-deutsch-franzoesische-lehramtsausbildung-im-sekundarbereich-ii-ebook\/","og_locale":"en_US","og_type":"article","og_title":"Die Loi Blanquer \u2013 eine Chance f\u00fcr die deutsch-franz\u00f6sische Lehramtsausbildung im Sekundarbereich II? - Universit\u00e4tsverlag Potsdam","og_description":"\"European education starts at school\". This motto seems more important than ever, especially in times of renewed nationalism and a shift to the right in Europe. The most successful way of anchoring a European dimension in the schools of the EU member states in the mid and long term is through bi-national or even international teacher training. However, there are significant obstacles to the establishment of such programmes. They are few in number and exist only in the Franco-German context. This is due, firstly, to the many obstacles, which are difficult to overcome, resulting from the strong divergence between studies, recruitment and training systems. Secondly, teacher education is an area particularly affected by reforms. Consequently, a benefit-cost analysis of the frequently required and resource-intensive adjustments to programmes on the one hand and the low number of graduates on the other, is negative at many universities. A review of the Mainz-Dijon cooperation efforts since 2000 leads to a mixed picture. The reorganisation of teacher training, which is currently taking place on the French side, offers an opportunity to make teacher training more integrated. The Loi Blanquer of 26 July 2019 brings the two systems closer together and makes it possible \u2013 also through already existing legal instruments \u2013 to shorten the training period and improve recognition practices.","og_url":"https:\/\/shop.verlag.uni-potsdam.de\/en\/shop\/die-loi-blanquer-eine-chance-fuer-die-deutsch-franzoesische-lehramtsausbildung-im-sekundarbereich-ii-ebook\/","og_site_name":"Universit\u00e4tsverlag Potsdam","article_modified_time":"2026-03-31T11:48:22+00:00","og_image":[{"width":1339,"height":1890,"url":"https:\/\/shop.verlag.uni-potsdam.de\/wp-content\/uploads\/asolmerce\/image-umschlag_mega08.jpg","type":"image\/jpeg"}],"twitter_card":"summary_large_image","twitter_misc":{"Est. reading time":"2 minutes"},"schema":{"@context":"https:\/\/schema.org","@graph":[{"@type":"WebPage","@id":"https:\/\/shop.verlag.uni-potsdam.de\/en\/shop\/die-loi-blanquer-eine-chance-fuer-die-deutsch-franzoesische-lehramtsausbildung-im-sekundarbereich-ii-ebook\/","url":"https:\/\/shop.verlag.uni-potsdam.de\/en\/shop\/die-loi-blanquer-eine-chance-fuer-die-deutsch-franzoesische-lehramtsausbildung-im-sekundarbereich-ii-ebook\/","name":"Die Loi Blanquer \u2013 eine Chance f\u00fcr die deutsch-franz\u00f6sische Lehramtsausbildung im Sekundarbereich II? - Universit\u00e4tsverlag Potsdam","isPartOf":{"@id":"https:\/\/shop.verlag.uni-potsdam.de\/en\/#website"},"primaryImageOfPage":{"@id":"https:\/\/shop.verlag.uni-potsdam.de\/en\/shop\/die-loi-blanquer-eine-chance-fuer-die-deutsch-franzoesische-lehramtsausbildung-im-sekundarbereich-ii-ebook\/#primaryimage"},"image":{"@id":"https:\/\/shop.verlag.uni-potsdam.de\/shop\/die-loi-blanquer-eine-chance-fuer-die-deutsch-franzoesische-lehramtsausbildung-im-sekundarbereich-ii-ebook\/#primaryimage"},"thumbnailUrl":"https:\/\/shop.verlag.uni-potsdam.de\/wp-content\/uploads\/asolmerce\/image-umschlag_mega08.jpg","datePublished":"2026-03-31T09:47:22+00:00","dateModified":"2026-03-31T11:48:22+00:00","breadcrumb":{"@id":"https:\/\/shop.verlag.uni-potsdam.de\/en\/shop\/die-loi-blanquer-eine-chance-fuer-die-deutsch-franzoesische-lehramtsausbildung-im-sekundarbereich-ii-ebook\/#breadcrumb"},"inLanguage":"en-US","potentialAction":[{"@type":"ReadAction","target":[["https:\/\/shop.verlag.uni-potsdam.de\/en\/shop\/die-loi-blanquer-eine-chance-fuer-die-deutsch-franzoesische-lehramtsausbildung-im-sekundarbereich-ii-ebook\/"]]}]},{"@type":"ImageObject","inLanguage":"en-US","@id":"https:\/\/shop.verlag.uni-potsdam.de\/en\/shop\/die-loi-blanquer-eine-chance-fuer-die-deutsch-franzoesische-lehramtsausbildung-im-sekundarbereich-ii-ebook\/#primaryimage","url":"https:\/\/shop.verlag.uni-potsdam.de\/wp-content\/uploads\/asolmerce\/image-umschlag_mega08.jpg","contentUrl":"https:\/\/shop.verlag.uni-potsdam.de\/wp-content\/uploads\/asolmerce\/image-umschlag_mega08.jpg","width":1339,"height":1890},{"@type":"BreadcrumbList","@id":"https:\/\/shop.verlag.uni-potsdam.de\/en\/shop\/die-loi-blanquer-eine-chance-fuer-die-deutsch-franzoesische-lehramtsausbildung-im-sekundarbereich-ii-ebook\/#breadcrumb","itemListElement":[{"@type":"ListItem","position":1,"name":"Startseite","item":"https:\/\/shop.verlag.uni-potsdam.de\/en\/"},{"@type":"ListItem","position":2,"name":"Shop","item":"https:\/\/shop.verlag.uni-potsdam.de\/en\/shop\/"},{"@type":"ListItem","position":3,"name":"Die Loi Blanquer \u2013 eine Chance f\u00fcr die deutsch-franz\u00f6sische Lehramtsausbildung im Sekundarbereich II?"}]},{"@type":"WebSite","@id":"https:\/\/shop.verlag.uni-potsdam.de\/en\/#website","url":"https:\/\/shop.verlag.uni-potsdam.de\/en\/","name":"Universit\u00e4tsverlag Potsdam","description":"","publisher":{"@id":"https:\/\/shop.verlag.uni-potsdam.de\/en\/#organization"},"potentialAction":[{"@type":"SearchAction","target":{"@type":"EntryPoint","urlTemplate":"https:\/\/shop.verlag.uni-potsdam.de\/en\/?s={search_term_string}"},"query-input":{"@type":"PropertyValueSpecification","valueRequired":true,"valueName":"search_term_string"}}],"inLanguage":"en-US"},{"@type":"Organization","@id":"https:\/\/shop.verlag.uni-potsdam.de\/en\/#organization","name":"Universit\u00e4tsverlag Potsdam","url":"https:\/\/shop.verlag.uni-potsdam.de\/en\/","logo":{"@type":"ImageObject","inLanguage":"en-US","@id":"https:\/\/shop.verlag.uni-potsdam.de\/en\/#\/schema\/logo\/image\/","url":"https:\/\/shop.verlag.uni-potsdam.de\/wp-content\/uploads\/2017\/04\/up_logo_university_2.png","contentUrl":"https:\/\/shop.verlag.uni-potsdam.de\/wp-content\/uploads\/2017\/04\/up_logo_university_2.png","width":160,"height":172,"caption":"Universit\u00e4tsverlag Potsdam"},"image":{"@id":"https:\/\/shop.verlag.uni-potsdam.de\/en\/#\/schema\/logo\/image\/"}}]}},"_links":{"self":[{"href":"https:\/\/shop.verlag.uni-potsdam.de\/en\/wp-json\/wp\/v2\/product\/74102","targetHints":{"allow":["GET"]}}],"collection":[{"href":"https:\/\/shop.verlag.uni-potsdam.de\/en\/wp-json\/wp\/v2\/product"}],"about":[{"href":"https:\/\/shop.verlag.uni-potsdam.de\/en\/wp-json\/wp\/v2\/types\/product"}],"wp:featuredmedia":[{"embeddable":true,"href":"https:\/\/shop.verlag.uni-potsdam.de\/en\/wp-json\/wp\/v2\/media\/96255"}],"wp:attachment":[{"href":"https:\/\/shop.verlag.uni-potsdam.de\/en\/wp-json\/wp\/v2\/media?parent=74102"}],"wp:term":[{"taxonomy":"product_brand","embeddable":true,"href":"https:\/\/shop.verlag.uni-potsdam.de\/en\/wp-json\/wp\/v2\/product_brand?post=74102"},{"taxonomy":"product_cat","embeddable":true,"href":"https:\/\/shop.verlag.uni-potsdam.de\/en\/wp-json\/wp\/v2\/product_cat?post=74102"},{"taxonomy":"product_tag","embeddable":true,"href":"https:\/\/shop.verlag.uni-potsdam.de\/en\/wp-json\/wp\/v2\/product_tag?post=74102"}],"curies":[{"name":"wp","href":"https:\/\/api.w.org\/{rel}","templated":true}]}}