{"id":83286,"date":"2026-03-23T08:55:41","date_gmt":"2026-03-23T08:55:41","guid":{"rendered":"https:\/\/shop.verlag.uni-potsdam.de\/shop\/empty-product-container-2\/"},"modified":"2026-03-23T11:56:41","modified_gmt":"2026-03-23T10:56:41","slug":"deutsch-juedischer-parnass-und-die-aushandlungen-deutscher-juedischkeit-im-fin-de-siecle","status":"publish","type":"product","link":"https:\/\/shop.verlag.uni-potsdam.de\/en\/shop\/deutsch-juedischer-parnass-und-die-aushandlungen-deutscher-juedischkeit-im-fin-de-siecle\/","title":{"rendered":"Deutsch-j\u00fcdischer Parna\u00df und die Aushandlungen deutscher J\u00fcdischkeit im Fin de Si\u00e8cle"},"content":{"rendered":"<p class=\"qtranxs-available-languages-message qtranxs-available-languages-message-en\">Sorry, this entry is only available in <a href=\"https:\/\/shop.verlag.uni-potsdam.de\/de\/wp-json\/wp\/v2\/product\/83286\" class=\"qtranxs-available-language-link qtranxs-available-language-link-de\" title=\"Deutsch\">Deutsch<\/a>.<\/p><p>\u201eWir Juden verwalten den geistigen Besitz eines Volkes, das uns die Berechtigung und die F\u00e4higkeit dazu abspricht.\u201c In diesem Satz kulminiert der Aufsatz \u201eDeutsch-j\u00fcdischer Parna\u00df\u201c, den der j\u00fcdische Verfasser Moritz Goldstein 1912 in der nationalkonservativen Kunst- und Kulturzeitschrift Der Kunstwart publizieren l\u00e4sst.<\/p>\n<p>In seiner Abhandlung durchleuchtet Goldstein das kulturelle Leben und Schaffen seiner j\u00fcdischen wie nichtj\u00fcdischen Zeitgenossen und ihre gesellschaftlichen Begegnungsorte. Er prangert eine vermeintliche Passivit\u00e4t j\u00fcdisch-deutscher K\u00fcnstlerinnen und K\u00fcnstler an, die sich in einem administrativen Akt mit deutscher Kultur besch\u00e4ftigten, aber nicht selbst kreativ seien. In gleicher Manier kommt auch seine Kritik an den nichtj\u00fcdischen Deutschen daher, denen er vorwirft, J\u00fcdinnen und Juden ihre kulturelle Schaffenskraft und Deutschheit abzusprechen. Sie s\u00e4hen J\u00fcdinnen und Juden trotz aller Bem\u00fchungen und Gef\u00fchle als \u201eganz undeutsch.\u201c Aus diesem attestierten Distanzverh\u00e4ltnis beider Gruppen fordert er selbstbewusst die Dissimilation und die Errichtung einer eigenen j\u00fcdischen Kulturlandschaft.<\/p>\n<p>Goldstein evoziert mit seinem Text am Vorabend des Ersten Weltkrieges eine Debatte innerhalb kulturkonservativer deutscher Kreise, in der renommierte Autoren ihre Ansichten \u00fcber J\u00fcdischkeit und Deutschheit preisgeben. Unter ihnen befinden sich der Kunstwart-Herausgeber Ferdinand Avenarius, der Lyriker Ernst Lissauer, der v\u00f6lkische Schriftsteller Philipp Stauff, der Zionist Ludwig Strauss und Jakob Loewenberg, Mitglied im Centralverein deutscher Staatsb\u00fcrger j\u00fcdischen Glaubens. Moritz Goldsteins \u201eDeutsch-j\u00fcdischer Parna\u00df\u201c st\u00f6\u00dft eine Debatte an, die zur Blaupause wird f\u00fcr das Verh\u00e4ltnis von j\u00fcdischen und nichtj\u00fcdischen Deutschen im ausgehenden Kaiserreich und f\u00fcr einen langen Nachhall in der deutsch-j\u00fcdischen Geschichte sorgt.<br \/><\/p>","protected":false},"excerpt":{"rendered":"<p class=\"qtranxs-available-languages-message qtranxs-available-languages-message-en\">Sorry, this entry is only available in <a href=\"https:\/\/shop.verlag.uni-potsdam.de\/de\/wp-json\/wp\/v2\/product\/83286\" class=\"qtranxs-available-language-link qtranxs-available-language-link-de\" title=\"Deutsch\">Deutsch<\/a>.<\/p>\n<p>\u201eWir Juden verwalten den geistigen Besitz eines Volkes, das uns die Berechtigung und die F\u00e4higkeit dazu abspricht.\u201c In diesem Satz kulminiert der Aufsatz \u201eDeutsch-j\u00fcdischer Parna\u00df\u201c, den der j\u00fcdische Verfasser Moritz Goldstein 1912 in der nationalkonservativen Kunst- und Kulturzeitschrift Der Kunstwart publizieren l\u00e4sst.<\/p>\n<p>In seiner Abhandlung durchleuchtet Goldstein das kulturelle Leben und Schaffen seiner j\u00fcdischen wie nichtj\u00fcdischen Zeitgenossen und ihre gesellschaftlichen Begegnungsorte. Er prangert eine vermeintliche Passivit\u00e4t j\u00fcdisch-deutscher K\u00fcnstlerinnen und K\u00fcnstler an, die sich in einem administrativen Akt mit deutscher Kultur besch\u00e4ftigten, aber nicht selbst kreativ seien. In gleicher Manier kommt auch seine Kritik an den nichtj\u00fcdischen Deutschen daher, denen er vorwirft, J\u00fcdinnen und Juden ihre kulturelle Schaffenskraft und Deutschheit abzusprechen. Sie s\u00e4hen J\u00fcdinnen und Juden trotz aller Bem\u00fchungen und Gef\u00fchle als \u201eganz undeutsch.\u201c Aus diesem attestierten Distanzverh\u00e4ltnis beider Gruppen fordert er selbstbewusst die Dissimilation und die Errichtung einer eigenen j\u00fcdischen Kulturlandschaft.<\/p>\n<p>Goldstein evoziert mit seinem Text am Vorabend des Ersten Weltkrieges eine Debatte innerhalb kulturkonservativer deutscher Kreise, in der renommierte Autoren ihre Ansichten \u00fcber J\u00fcdischkeit und Deutschheit preisgeben. Unter ihnen befinden sich der Kunstwart-Herausgeber Ferdinand Avenarius, der Lyriker Ernst Lissauer, der v\u00f6lkische Schriftsteller Philipp Stauff, der Zionist Ludwig Strauss und Jakob Loewenberg, Mitglied im Centralverein deutscher Staatsb\u00fcrger j\u00fcdischen Glaubens. Moritz Goldsteins \u201eDeutsch-j\u00fcdischer Parna\u00df\u201c st\u00f6\u00dft eine Debatte an, die zur Blaupause wird f\u00fcr das Verh\u00e4ltnis von j\u00fcdischen und nichtj\u00fcdischen Deutschen im ausgehenden Kaiserreich und f\u00fcr einen langen Nachhall in der deutsch-j\u00fcdischen Geschichte sorgt.<\/p>\n","protected":false},"featured_media":90633,"template":"","meta":{"_acf_changed":false},"product_brand":[],"product_cat":[6226],"product_tag":[6843],"class_list":{"0":"post-83286","1":"product","2":"type-product","3":"status-publish","4":"has-post-thumbnail","6":"product_cat-religion-theologie","7":"product_tag-antisemitismus-centralverein-christentum-deutsch-juedische-geschichte-deutschtum-judentum-kunst-und-kultur-zeitschriften-zionismus","8":"autor-lorenz-k-hegeler","9":"reihe-pri-ha-pardes","11":"first","12":"instock","13":"shipping-taxable","14":"purchasable","15":"product-type-simple"},"acf":[],"yoast_head":"<!-- This site is optimized with the Yoast SEO plugin v27.1.1 - https:\/\/yoast.com\/product\/yoast-seo-wordpress\/ -->\n<title>Deutsch-j\u00fcdischer Parna\u00df und die Aushandlungen deutscher J\u00fcdischkeit im Fin de Si\u00e8cle - Universit\u00e4tsverlag Potsdam<\/title>\n<meta name=\"robots\" content=\"index, follow, max-snippet:-1, max-image-preview:large, max-video-preview:-1\" \/>\n<link rel=\"canonical\" href=\"https:\/\/shop.verlag.uni-potsdam.de\/en\/shop\/deutsch-juedischer-parnass-und-die-aushandlungen-deutscher-juedischkeit-im-fin-de-siecle\/\" \/>\n<meta property=\"og:locale\" content=\"en_US\" \/>\n<meta property=\"og:type\" content=\"article\" \/>\n<meta property=\"og:title\" content=\"Deutsch-j\u00fcdischer Parna\u00df und die Aushandlungen deutscher J\u00fcdischkeit im Fin de Si\u00e8cle - Universit\u00e4tsverlag Potsdam\" \/>\n<meta property=\"og:description\" content=\"\u201eWir Juden verwalten den geistigen Besitz eines Volkes, das uns die Berechtigung und die F\u00e4higkeit dazu abspricht.\u201c In diesem Satz kulminiert der Aufsatz \u201eDeutsch-j\u00fcdischer Parna\u00df\u201c, den der j\u00fcdische Verfasser Moritz Goldstein 1912 in der nationalkonservativen Kunst- und Kulturzeitschrift Der Kunstwart publizieren l\u00e4sst.In seiner Abhandlung durchleuchtet Goldstein das kulturelle Leben und Schaffen seiner j\u00fcdischen wie nichtj\u00fcdischen Zeitgenossen und ihre gesellschaftlichen Begegnungsorte. Er prangert eine vermeintliche Passivit\u00e4t j\u00fcdisch-deutscher K\u00fcnstlerinnen und K\u00fcnstler an, die sich in einem administrativen Akt mit deutscher Kultur besch\u00e4ftigten, aber nicht selbst kreativ seien. In gleicher Manier kommt auch seine Kritik an den nichtj\u00fcdischen Deutschen daher, denen er vorwirft, J\u00fcdinnen und Juden ihre kulturelle Schaffenskraft und Deutschheit abzusprechen. Sie s\u00e4hen J\u00fcdinnen und Juden trotz aller Bem\u00fchungen und Gef\u00fchle als \u201eganz undeutsch.\u201c Aus diesem attestierten Distanzverh\u00e4ltnis beider Gruppen fordert er selbstbewusst die Dissimilation und die Errichtung einer eigenen j\u00fcdischen Kulturlandschaft.Goldstein evoziert mit seinem Text am Vorabend des Ersten Weltkrieges eine Debatte innerhalb kulturkonservativer deutscher Kreise, in der renommierte Autoren ihre Ansichten \u00fcber J\u00fcdischkeit und Deutschheit preisgeben. Unter ihnen befinden sich der Kunstwart-Herausgeber Ferdinand Avenarius, der Lyriker Ernst Lissauer, der v\u00f6lkische Schriftsteller Philipp Stauff, der Zionist Ludwig Strauss und Jakob Loewenberg, Mitglied im Centralverein deutscher Staatsb\u00fcrger j\u00fcdischen Glaubens. Moritz Goldsteins \u201eDeutsch-j\u00fcdischer Parna\u00df\u201c st\u00f6\u00dft eine Debatte an, die zur Blaupause wird f\u00fcr das Verh\u00e4ltnis von j\u00fcdischen und nichtj\u00fcdischen Deutschen im ausgehenden Kaiserreich und f\u00fcr einen langen Nachhall in der deutsch-j\u00fcdischen Geschichte sorgt.\" \/>\n<meta property=\"og:url\" content=\"https:\/\/shop.verlag.uni-potsdam.de\/en\/shop\/deutsch-juedischer-parnass-und-die-aushandlungen-deutscher-juedischkeit-im-fin-de-siecle\/\" \/>\n<meta property=\"og:site_name\" content=\"Universit\u00e4tsverlag Potsdam\" \/>\n<meta property=\"article:modified_time\" content=\"2026-03-23T10:56:41+00:00\" \/>\n<meta property=\"og:image\" content=\"https:\/\/shop.verlag.uni-potsdam.de\/wp-content\/uploads\/asolmerce\/image-978-3-86956-572-9-723x1024.png\" \/>\n\t<meta property=\"og:image:width\" content=\"723\" \/>\n\t<meta property=\"og:image:height\" content=\"1024\" \/>\n\t<meta property=\"og:image:type\" content=\"image\/png\" \/>\n<meta name=\"twitter:card\" content=\"summary_large_image\" \/>\n<meta name=\"twitter:label1\" content=\"Est. reading time\" \/>\n\t<meta name=\"twitter:data1\" content=\"1 minute\" \/>\n<script type=\"application\/ld+json\" class=\"yoast-schema-graph\">{\"@context\":\"https:\/\/schema.org\",\"@graph\":[{\"@type\":\"WebPage\",\"@id\":\"https:\/\/shop.verlag.uni-potsdam.de\/en\/shop\/deutsch-juedischer-parnass-und-die-aushandlungen-deutscher-juedischkeit-im-fin-de-siecle\/\",\"url\":\"https:\/\/shop.verlag.uni-potsdam.de\/en\/shop\/deutsch-juedischer-parnass-und-die-aushandlungen-deutscher-juedischkeit-im-fin-de-siecle\/\",\"name\":\"Deutsch-j\u00fcdischer Parna\u00df und die Aushandlungen deutscher J\u00fcdischkeit im Fin de Si\u00e8cle - Universit\u00e4tsverlag Potsdam\",\"isPartOf\":{\"@id\":\"https:\/\/shop.verlag.uni-potsdam.de\/en\/#website\"},\"primaryImageOfPage\":{\"@id\":\"https:\/\/shop.verlag.uni-potsdam.de\/en\/shop\/deutsch-juedischer-parnass-und-die-aushandlungen-deutscher-juedischkeit-im-fin-de-siecle\/#primaryimage\"},\"image\":{\"@id\":\"https:\/\/shop.verlag.uni-potsdam.de\/shop\/deutsch-juedischer-parnass-und-die-aushandlungen-deutscher-juedischkeit-im-fin-de-siecle\/#primaryimage\"},\"thumbnailUrl\":\"https:\/\/shop.verlag.uni-potsdam.de\/wp-content\/uploads\/asolmerce\/image-978-3-86956-572-9.png\",\"datePublished\":\"2026-03-23T08:55:41+00:00\",\"dateModified\":\"2026-03-23T10:56:41+00:00\",\"breadcrumb\":{\"@id\":\"https:\/\/shop.verlag.uni-potsdam.de\/en\/shop\/deutsch-juedischer-parnass-und-die-aushandlungen-deutscher-juedischkeit-im-fin-de-siecle\/#breadcrumb\"},\"inLanguage\":\"en-US\",\"potentialAction\":[{\"@type\":\"ReadAction\",\"target\":[[\"https:\/\/shop.verlag.uni-potsdam.de\/en\/shop\/deutsch-juedischer-parnass-und-die-aushandlungen-deutscher-juedischkeit-im-fin-de-siecle\/\"]]}]},{\"@type\":\"ImageObject\",\"inLanguage\":\"en-US\",\"@id\":\"https:\/\/shop.verlag.uni-potsdam.de\/en\/shop\/deutsch-juedischer-parnass-und-die-aushandlungen-deutscher-juedischkeit-im-fin-de-siecle\/#primaryimage\",\"url\":\"https:\/\/shop.verlag.uni-potsdam.de\/wp-content\/uploads\/asolmerce\/image-978-3-86956-572-9.png\",\"contentUrl\":\"https:\/\/shop.verlag.uni-potsdam.de\/wp-content\/uploads\/asolmerce\/image-978-3-86956-572-9.png\",\"width\":1750,\"height\":2480},{\"@type\":\"BreadcrumbList\",\"@id\":\"https:\/\/shop.verlag.uni-potsdam.de\/en\/shop\/deutsch-juedischer-parnass-und-die-aushandlungen-deutscher-juedischkeit-im-fin-de-siecle\/#breadcrumb\",\"itemListElement\":[{\"@type\":\"ListItem\",\"position\":1,\"name\":\"Startseite\",\"item\":\"https:\/\/shop.verlag.uni-potsdam.de\/en\/\"},{\"@type\":\"ListItem\",\"position\":2,\"name\":\"Shop\",\"item\":\"https:\/\/shop.verlag.uni-potsdam.de\/en\/shop\/\"},{\"@type\":\"ListItem\",\"position\":3,\"name\":\"Deutsch-j\u00fcdischer Parna\u00df und die Aushandlungen deutscher J\u00fcdischkeit im Fin de Si\u00e8cle\"}]},{\"@type\":\"WebSite\",\"@id\":\"https:\/\/shop.verlag.uni-potsdam.de\/en\/#website\",\"url\":\"https:\/\/shop.verlag.uni-potsdam.de\/en\/\",\"name\":\"Universit\u00e4tsverlag Potsdam\",\"description\":\"\",\"publisher\":{\"@id\":\"https:\/\/shop.verlag.uni-potsdam.de\/en\/#organization\"},\"potentialAction\":[{\"@type\":\"SearchAction\",\"target\":{\"@type\":\"EntryPoint\",\"urlTemplate\":\"https:\/\/shop.verlag.uni-potsdam.de\/en\/?s={search_term_string}\"},\"query-input\":{\"@type\":\"PropertyValueSpecification\",\"valueRequired\":true,\"valueName\":\"search_term_string\"}}],\"inLanguage\":\"en-US\"},{\"@type\":\"Organization\",\"@id\":\"https:\/\/shop.verlag.uni-potsdam.de\/en\/#organization\",\"name\":\"Universit\u00e4tsverlag Potsdam\",\"url\":\"https:\/\/shop.verlag.uni-potsdam.de\/en\/\",\"logo\":{\"@type\":\"ImageObject\",\"inLanguage\":\"en-US\",\"@id\":\"https:\/\/shop.verlag.uni-potsdam.de\/en\/#\/schema\/logo\/image\/\",\"url\":\"https:\/\/shop.verlag.uni-potsdam.de\/wp-content\/uploads\/2017\/04\/up_logo_university_2.png\",\"contentUrl\":\"https:\/\/shop.verlag.uni-potsdam.de\/wp-content\/uploads\/2017\/04\/up_logo_university_2.png\",\"width\":160,\"height\":172,\"caption\":\"Universit\u00e4tsverlag Potsdam\"},\"image\":{\"@id\":\"https:\/\/shop.verlag.uni-potsdam.de\/en\/#\/schema\/logo\/image\/\"}}]}<\/script>\n<!-- \/ Yoast SEO plugin. -->","yoast_head_json":{"title":"Deutsch-j\u00fcdischer Parna\u00df und die Aushandlungen deutscher J\u00fcdischkeit im Fin de Si\u00e8cle - Universit\u00e4tsverlag Potsdam","robots":{"index":"index","follow":"follow","max-snippet":"max-snippet:-1","max-image-preview":"max-image-preview:large","max-video-preview":"max-video-preview:-1"},"canonical":"https:\/\/shop.verlag.uni-potsdam.de\/en\/shop\/deutsch-juedischer-parnass-und-die-aushandlungen-deutscher-juedischkeit-im-fin-de-siecle\/","og_locale":"en_US","og_type":"article","og_title":"Deutsch-j\u00fcdischer Parna\u00df und die Aushandlungen deutscher J\u00fcdischkeit im Fin de Si\u00e8cle - Universit\u00e4tsverlag Potsdam","og_description":"\u201eWir Juden verwalten den geistigen Besitz eines Volkes, das uns die Berechtigung und die F\u00e4higkeit dazu abspricht.\u201c In diesem Satz kulminiert der Aufsatz \u201eDeutsch-j\u00fcdischer Parna\u00df\u201c, den der j\u00fcdische Verfasser Moritz Goldstein 1912 in der nationalkonservativen Kunst- und Kulturzeitschrift Der Kunstwart publizieren l\u00e4sst.In seiner Abhandlung durchleuchtet Goldstein das kulturelle Leben und Schaffen seiner j\u00fcdischen wie nichtj\u00fcdischen Zeitgenossen und ihre gesellschaftlichen Begegnungsorte. Er prangert eine vermeintliche Passivit\u00e4t j\u00fcdisch-deutscher K\u00fcnstlerinnen und K\u00fcnstler an, die sich in einem administrativen Akt mit deutscher Kultur besch\u00e4ftigten, aber nicht selbst kreativ seien. In gleicher Manier kommt auch seine Kritik an den nichtj\u00fcdischen Deutschen daher, denen er vorwirft, J\u00fcdinnen und Juden ihre kulturelle Schaffenskraft und Deutschheit abzusprechen. Sie s\u00e4hen J\u00fcdinnen und Juden trotz aller Bem\u00fchungen und Gef\u00fchle als \u201eganz undeutsch.\u201c Aus diesem attestierten Distanzverh\u00e4ltnis beider Gruppen fordert er selbstbewusst die Dissimilation und die Errichtung einer eigenen j\u00fcdischen Kulturlandschaft.Goldstein evoziert mit seinem Text am Vorabend des Ersten Weltkrieges eine Debatte innerhalb kulturkonservativer deutscher Kreise, in der renommierte Autoren ihre Ansichten \u00fcber J\u00fcdischkeit und Deutschheit preisgeben. Unter ihnen befinden sich der Kunstwart-Herausgeber Ferdinand Avenarius, der Lyriker Ernst Lissauer, der v\u00f6lkische Schriftsteller Philipp Stauff, der Zionist Ludwig Strauss und Jakob Loewenberg, Mitglied im Centralverein deutscher Staatsb\u00fcrger j\u00fcdischen Glaubens. Moritz Goldsteins \u201eDeutsch-j\u00fcdischer Parna\u00df\u201c st\u00f6\u00dft eine Debatte an, die zur Blaupause wird f\u00fcr das Verh\u00e4ltnis von j\u00fcdischen und nichtj\u00fcdischen Deutschen im ausgehenden Kaiserreich und f\u00fcr einen langen Nachhall in der deutsch-j\u00fcdischen Geschichte sorgt.","og_url":"https:\/\/shop.verlag.uni-potsdam.de\/en\/shop\/deutsch-juedischer-parnass-und-die-aushandlungen-deutscher-juedischkeit-im-fin-de-siecle\/","og_site_name":"Universit\u00e4tsverlag Potsdam","article_modified_time":"2026-03-23T10:56:41+00:00","og_image":[{"width":723,"height":1024,"url":"https:\/\/shop.verlag.uni-potsdam.de\/wp-content\/uploads\/asolmerce\/image-978-3-86956-572-9-723x1024.png","type":"image\/png"}],"twitter_card":"summary_large_image","twitter_misc":{"Est. reading time":"1 minute"},"schema":{"@context":"https:\/\/schema.org","@graph":[{"@type":"WebPage","@id":"https:\/\/shop.verlag.uni-potsdam.de\/en\/shop\/deutsch-juedischer-parnass-und-die-aushandlungen-deutscher-juedischkeit-im-fin-de-siecle\/","url":"https:\/\/shop.verlag.uni-potsdam.de\/en\/shop\/deutsch-juedischer-parnass-und-die-aushandlungen-deutscher-juedischkeit-im-fin-de-siecle\/","name":"Deutsch-j\u00fcdischer Parna\u00df und die Aushandlungen deutscher J\u00fcdischkeit im Fin de Si\u00e8cle - Universit\u00e4tsverlag Potsdam","isPartOf":{"@id":"https:\/\/shop.verlag.uni-potsdam.de\/en\/#website"},"primaryImageOfPage":{"@id":"https:\/\/shop.verlag.uni-potsdam.de\/en\/shop\/deutsch-juedischer-parnass-und-die-aushandlungen-deutscher-juedischkeit-im-fin-de-siecle\/#primaryimage"},"image":{"@id":"https:\/\/shop.verlag.uni-potsdam.de\/shop\/deutsch-juedischer-parnass-und-die-aushandlungen-deutscher-juedischkeit-im-fin-de-siecle\/#primaryimage"},"thumbnailUrl":"https:\/\/shop.verlag.uni-potsdam.de\/wp-content\/uploads\/asolmerce\/image-978-3-86956-572-9.png","datePublished":"2026-03-23T08:55:41+00:00","dateModified":"2026-03-23T10:56:41+00:00","breadcrumb":{"@id":"https:\/\/shop.verlag.uni-potsdam.de\/en\/shop\/deutsch-juedischer-parnass-und-die-aushandlungen-deutscher-juedischkeit-im-fin-de-siecle\/#breadcrumb"},"inLanguage":"en-US","potentialAction":[{"@type":"ReadAction","target":[["https:\/\/shop.verlag.uni-potsdam.de\/en\/shop\/deutsch-juedischer-parnass-und-die-aushandlungen-deutscher-juedischkeit-im-fin-de-siecle\/"]]}]},{"@type":"ImageObject","inLanguage":"en-US","@id":"https:\/\/shop.verlag.uni-potsdam.de\/en\/shop\/deutsch-juedischer-parnass-und-die-aushandlungen-deutscher-juedischkeit-im-fin-de-siecle\/#primaryimage","url":"https:\/\/shop.verlag.uni-potsdam.de\/wp-content\/uploads\/asolmerce\/image-978-3-86956-572-9.png","contentUrl":"https:\/\/shop.verlag.uni-potsdam.de\/wp-content\/uploads\/asolmerce\/image-978-3-86956-572-9.png","width":1750,"height":2480},{"@type":"BreadcrumbList","@id":"https:\/\/shop.verlag.uni-potsdam.de\/en\/shop\/deutsch-juedischer-parnass-und-die-aushandlungen-deutscher-juedischkeit-im-fin-de-siecle\/#breadcrumb","itemListElement":[{"@type":"ListItem","position":1,"name":"Startseite","item":"https:\/\/shop.verlag.uni-potsdam.de\/en\/"},{"@type":"ListItem","position":2,"name":"Shop","item":"https:\/\/shop.verlag.uni-potsdam.de\/en\/shop\/"},{"@type":"ListItem","position":3,"name":"Deutsch-j\u00fcdischer Parna\u00df und die Aushandlungen deutscher J\u00fcdischkeit im Fin de Si\u00e8cle"}]},{"@type":"WebSite","@id":"https:\/\/shop.verlag.uni-potsdam.de\/en\/#website","url":"https:\/\/shop.verlag.uni-potsdam.de\/en\/","name":"Universit\u00e4tsverlag Potsdam","description":"","publisher":{"@id":"https:\/\/shop.verlag.uni-potsdam.de\/en\/#organization"},"potentialAction":[{"@type":"SearchAction","target":{"@type":"EntryPoint","urlTemplate":"https:\/\/shop.verlag.uni-potsdam.de\/en\/?s={search_term_string}"},"query-input":{"@type":"PropertyValueSpecification","valueRequired":true,"valueName":"search_term_string"}}],"inLanguage":"en-US"},{"@type":"Organization","@id":"https:\/\/shop.verlag.uni-potsdam.de\/en\/#organization","name":"Universit\u00e4tsverlag Potsdam","url":"https:\/\/shop.verlag.uni-potsdam.de\/en\/","logo":{"@type":"ImageObject","inLanguage":"en-US","@id":"https:\/\/shop.verlag.uni-potsdam.de\/en\/#\/schema\/logo\/image\/","url":"https:\/\/shop.verlag.uni-potsdam.de\/wp-content\/uploads\/2017\/04\/up_logo_university_2.png","contentUrl":"https:\/\/shop.verlag.uni-potsdam.de\/wp-content\/uploads\/2017\/04\/up_logo_university_2.png","width":160,"height":172,"caption":"Universit\u00e4tsverlag Potsdam"},"image":{"@id":"https:\/\/shop.verlag.uni-potsdam.de\/en\/#\/schema\/logo\/image\/"}}]}},"_links":{"self":[{"href":"https:\/\/shop.verlag.uni-potsdam.de\/en\/wp-json\/wp\/v2\/product\/83286","targetHints":{"allow":["GET"]}}],"collection":[{"href":"https:\/\/shop.verlag.uni-potsdam.de\/en\/wp-json\/wp\/v2\/product"}],"about":[{"href":"https:\/\/shop.verlag.uni-potsdam.de\/en\/wp-json\/wp\/v2\/types\/product"}],"wp:featuredmedia":[{"embeddable":true,"href":"https:\/\/shop.verlag.uni-potsdam.de\/en\/wp-json\/wp\/v2\/media\/90633"}],"wp:attachment":[{"href":"https:\/\/shop.verlag.uni-potsdam.de\/en\/wp-json\/wp\/v2\/media?parent=83286"}],"wp:term":[{"taxonomy":"product_brand","embeddable":true,"href":"https:\/\/shop.verlag.uni-potsdam.de\/en\/wp-json\/wp\/v2\/product_brand?post=83286"},{"taxonomy":"product_cat","embeddable":true,"href":"https:\/\/shop.verlag.uni-potsdam.de\/en\/wp-json\/wp\/v2\/product_cat?post=83286"},{"taxonomy":"product_tag","embeddable":true,"href":"https:\/\/shop.verlag.uni-potsdam.de\/en\/wp-json\/wp\/v2\/product_tag?post=83286"}],"curies":[{"name":"wp","href":"https:\/\/api.w.org\/{rel}","templated":true}]}}