{"id":96209,"date":"2026-04-27T05:29:55","date_gmt":"2026-04-27T05:29:55","guid":{"rendered":"https:\/\/shop.verlag.uni-potsdam.de\/shop\/empty-product-container-6\/"},"modified":"2026-04-27T09:30:55","modified_gmt":"2026-04-27T07:30:55","slug":"efraim-frisch-und-albrecht-mendelssohn-bartholdy","status":"publish","type":"product","link":"https:\/\/shop.verlag.uni-potsdam.de\/en\/shop\/efraim-frisch-und-albrecht-mendelssohn-bartholdy\/","title":{"rendered":"Efraim Frisch und Albrecht Mendelssohn Bartholdy"},"content":{"rendered":"<p class=\"qtranxs-available-languages-message qtranxs-available-languages-message-en\">Sorry, this entry is only available in <a href=\"https:\/\/shop.verlag.uni-potsdam.de\/de\/wp-json\/wp\/v2\/product\/96209\" class=\"qtranxs-available-language-link qtranxs-available-language-link-de\" title=\"Deutsch\">Deutsch<\/a>.<\/p><p>Efraim Frisch (1873\u20131942) und Albrecht Mendelssohn Bartholdy (1874\u20131936) waren im klassischen Zeitalter der Intellektuellen (neben anderem) Zeitschriftenentrepeneure und Gr\u00fcnder der kleinen Zeitschriften Der Neue Merkur (1914\u20131916\/1919\u20131925) und Europ\u00e4ische Gespr\u00e4che (1923\u20131933). Sie stehen (nicht nur mit ihren Zeitschriften) f\u00fcr einen der wiederholt in der Moderne unternommenen Versuche, die in der Aufkl\u00e4rung erschlossenen Ressourcen \u2013 demokratischer Republikanismus und universelle und gleiche Rechte f\u00fcr alle Menschen \u2013 im Vertrauen auf ihre globale Umsetzbarkeit zu aktivieren. In der Zeit der Weimarer Republik geh\u00f6rten sie zu den Republikanern, \u201edie Weimar als Symbol ernst nahmen und z\u00e4h und mutig bem\u00fcht waren, dem Ideal konkreten Inhalt zu verleihen\u201c (Peter Gay). Ihr bislang un\u00fcberliefert gebliebenes Beispiel f\u00fcgt sich ein in die Demokratiegeschichte der europ\u00e4ischen Moderne, in die Geschichte internationaler Gesellschaftsbeziehungen und die Geschichte der Selbstbehauptung intellektueller Autonomie.<\/p>\n<p>Die z\u00e4suren\u00fcbergreifend den Zeitraum von 1900 bis ca. 1940 untersuchende Studie erm\u00f6glicht wesentliche Einblicke in die Biografien Frischs und Mendelssohn Bartholdys, in die deutsch-franz\u00f6sische\/europ\u00e4isch-transatlantische Welt der kleinen (literarisch-politischen) Zeitschriften des fr\u00fchen 20. Jahrhunderts sowie in das medien-intellektuelle Feld des sp\u00e4ten Kaiserreiches und der Weimarer Republik in seiner humanistisch-demokratisch-republikanischen Tendenz. Dar\u00fcber hinaus beinhaltet sie neue Erkenntnisse zur Geschichte der \u201aHeidelberger Vereinigung\u2018 \u2013 der Arbeitsgemeinschaft f\u00fcr eine Politik des Rechts \u2013 um Prinz Max von Baden, zur deutschen Friedensdelegation in Versailles 1919 und ihrem Hamburger Nachleben, zum Handbuch der Politik sowie zur ersten amtlichen Aktenpublikation des Ausw\u00e4rtigen Amtes \u2013 der Gro\u00dfen Politik der Europ\u00e4ischen Kabinette 1871\u20131914. Schlie\u00dflich zu den Bem\u00fchungen der \u201aInternationalists\u2018 der 1920er Jahre, eine effektive \u00c4chtung des Angriffskrieges herbeizuf\u00fchren.<\/p>","protected":false},"excerpt":{"rendered":"<p class=\"qtranxs-available-languages-message qtranxs-available-languages-message-en\">Sorry, this entry is only available in <a href=\"https:\/\/shop.verlag.uni-potsdam.de\/de\/wp-json\/wp\/v2\/product\/96209\" class=\"qtranxs-available-language-link qtranxs-available-language-link-de\" title=\"Deutsch\">Deutsch<\/a>.<\/p>\n<p>Efraim Frisch (1873\u20131942) und Albrecht Mendelssohn Bartholdy (1874\u20131936) waren im klassischen Zeitalter der Intellektuellen (neben anderem) Zeitschriftenentrepeneure und Gr\u00fcnder der kleinen Zeitschriften Der Neue Merkur (1914\u20131916\/1919\u20131925) und Europ\u00e4ische Gespr\u00e4che (1923\u20131933). Sie stehen (nicht nur mit ihren Zeitschriften) f\u00fcr einen der wiederholt in der Moderne unternommenen Versuche, die in der Aufkl\u00e4rung erschlossenen Ressourcen \u2013 demokratischer Republikanismus und universelle und gleiche Rechte f\u00fcr alle Menschen \u2013 im Vertrauen auf ihre globale Umsetzbarkeit zu aktivieren. In der Zeit der Weimarer Republik geh\u00f6rten sie zu den Republikanern, \u201edie Weimar als Symbol ernst nahmen und z\u00e4h und mutig bem\u00fcht waren, dem Ideal konkreten Inhalt zu verleihen\u201c (Peter Gay). Ihr bislang un\u00fcberliefert gebliebenes Beispiel f\u00fcgt sich ein in die Demokratiegeschichte der europ\u00e4ischen Moderne, in die Geschichte internationaler Gesellschaftsbeziehungen und die Geschichte der Selbstbehauptung intellektueller Autonomie.<\/p>\n<p>Die z\u00e4suren\u00fcbergreifend den Zeitraum von 1900 bis ca. 1940 untersuchende Studie erm\u00f6glicht wesentliche Einblicke in die Biografien Frischs und Mendelssohn Bartholdys, in die deutsch-franz\u00f6sische\/europ\u00e4isch-transatlantische Welt der kleinen (literarisch-politischen) Zeitschriften des fr\u00fchen 20. Jahrhunderts sowie in das medien-intellektuelle Feld des sp\u00e4ten Kaiserreiches und der Weimarer Republik in seiner humanistisch-demokratisch-republikanischen Tendenz. Dar\u00fcber hinaus beinhaltet sie neue Erkenntnisse zur Geschichte der \u201aHeidelberger Vereinigung\u2018 \u2013 der Arbeitsgemeinschaft f\u00fcr eine Politik des Rechts \u2013 um Prinz Max von Baden, zur deutschen Friedensdelegation in Versailles 1919 und ihrem Hamburger Nachleben, zum Handbuch der Politik sowie zur ersten amtlichen Aktenpublikation des Ausw\u00e4rtigen Amtes \u2013 der Gro\u00dfen Politik der Europ\u00e4ischen Kabinette 1871\u20131914. Schlie\u00dflich zu den Bem\u00fchungen der \u201aInternationalists\u2018 der 1920er Jahre, eine effektive \u00c4chtung des Angriffskrieges herbeizuf\u00fchren.<\/p>\n","protected":false},"featured_media":96227,"template":"","meta":{"_acf_changed":false},"product_brand":[],"product_cat":[6207],"product_tag":[6970],"class_list":{"0":"post-96209","1":"product","2":"type-product","3":"status-publish","4":"has-post-thumbnail","6":"product_cat-geschichte-web-kategorie","7":"product_tag-biografie-demokratiegeschichte-geschichte-der-internationalen-gesellschaftsbeziehungen-geschichte-des-20-jahrhunderts-intellectual-history-intellektuelle-weimarer-republik","8":"autor-stephan-bauer","10":"first","11":"instock","12":"shipping-taxable","13":"purchasable","14":"product-type-simple"},"acf":[],"yoast_head":"<!-- This site is optimized with the Yoast SEO plugin v27.1.1 - https:\/\/yoast.com\/product\/yoast-seo-wordpress\/ -->\n<title>Efraim Frisch und Albrecht Mendelssohn Bartholdy - Universit\u00e4tsverlag Potsdam<\/title>\n<meta name=\"robots\" content=\"index, follow, max-snippet:-1, max-image-preview:large, max-video-preview:-1\" \/>\n<link rel=\"canonical\" href=\"https:\/\/shop.verlag.uni-potsdam.de\/en\/shop\/efraim-frisch-und-albrecht-mendelssohn-bartholdy\/\" \/>\n<meta property=\"og:locale\" content=\"en_US\" \/>\n<meta property=\"og:type\" content=\"article\" \/>\n<meta property=\"og:title\" content=\"Efraim Frisch und Albrecht Mendelssohn Bartholdy - Universit\u00e4tsverlag Potsdam\" \/>\n<meta property=\"og:description\" content=\"Efraim Frisch (1873\u20131942) und Albrecht Mendelssohn Bartholdy (1874\u20131936) waren im klassischen Zeitalter der Intellektuellen (neben anderem) Zeitschriftenentrepeneure und Gr\u00fcnder der kleinen Zeitschriften Der Neue Merkur (1914\u20131916\/1919\u20131925) und Europ\u00e4ische Gespr\u00e4che (1923\u20131933). Sie stehen (nicht nur mit ihren Zeitschriften) f\u00fcr einen der wiederholt in der Moderne unternommenen Versuche, die in der Aufkl\u00e4rung erschlossenen Ressourcen \u2013 demokratischer Republikanismus und universelle und gleiche Rechte f\u00fcr alle Menschen \u2013 im Vertrauen auf ihre globale Umsetzbarkeit zu aktivieren. In der Zeit der Weimarer Republik geh\u00f6rten sie zu den Republikanern, \u201edie Weimar als Symbol ernst nahmen und z\u00e4h und mutig bem\u00fcht waren, dem Ideal konkreten Inhalt zu verleihen\u201c (Peter Gay). Ihr bislang un\u00fcberliefert gebliebenes Beispiel f\u00fcgt sich ein in die Demokratiegeschichte der europ\u00e4ischen Moderne, in die Geschichte internationaler Gesellschaftsbeziehungen und die Geschichte der Selbstbehauptung intellektueller Autonomie.Die z\u00e4suren\u00fcbergreifend den Zeitraum von 1900 bis ca. 1940 untersuchende Studie erm\u00f6glicht wesentliche Einblicke in die Biografien Frischs und Mendelssohn Bartholdys, in die deutsch-franz\u00f6sische\/europ\u00e4isch-transatlantische Welt der kleinen (literarisch-politischen) Zeitschriften des fr\u00fchen 20. Jahrhunderts sowie in das medien-intellektuelle Feld des sp\u00e4ten Kaiserreiches und der Weimarer Republik in seiner humanistisch-demokratisch-republikanischen Tendenz. Dar\u00fcber hinaus beinhaltet sie neue Erkenntnisse zur Geschichte der \u201aHeidelberger Vereinigung\u2018 \u2013 der Arbeitsgemeinschaft f\u00fcr eine Politik des Rechts \u2013 um Prinz Max von Baden, zur deutschen Friedensdelegation in Versailles 1919 und ihrem Hamburger Nachleben, zum Handbuch der Politik sowie zur ersten amtlichen Aktenpublikation des Ausw\u00e4rtigen Amtes \u2013 der Gro\u00dfen Politik der Europ\u00e4ischen Kabinette 1871\u20131914. Schlie\u00dflich zu den Bem\u00fchungen der \u201aInternationalists\u2018 der 1920er Jahre, eine effektive \u00c4chtung des Angriffskrieges herbeizuf\u00fchren.\" \/>\n<meta property=\"og:url\" content=\"https:\/\/shop.verlag.uni-potsdam.de\/en\/shop\/efraim-frisch-und-albrecht-mendelssohn-bartholdy\/\" \/>\n<meta property=\"og:site_name\" content=\"Universit\u00e4tsverlag Potsdam\" \/>\n<meta property=\"article:modified_time\" content=\"2026-04-27T07:30:55+00:00\" \/>\n<meta property=\"og:image\" content=\"https:\/\/shop.verlag.uni-potsdam.de\/wp-content\/uploads\/asolmerce\/image-978-3-86956-577-4.png\" \/>\n\t<meta property=\"og:image:width\" content=\"2008\" \/>\n\t<meta property=\"og:image:height\" content=\"2835\" \/>\n\t<meta property=\"og:image:type\" content=\"image\/png\" \/>\n<meta name=\"twitter:card\" content=\"summary_large_image\" \/>\n<meta name=\"twitter:label1\" content=\"Est. reading time\" \/>\n\t<meta name=\"twitter:data1\" content=\"1 minute\" \/>\n<script type=\"application\/ld+json\" class=\"yoast-schema-graph\">{\"@context\":\"https:\/\/schema.org\",\"@graph\":[{\"@type\":\"WebPage\",\"@id\":\"https:\/\/shop.verlag.uni-potsdam.de\/en\/shop\/efraim-frisch-und-albrecht-mendelssohn-bartholdy\/\",\"url\":\"https:\/\/shop.verlag.uni-potsdam.de\/en\/shop\/efraim-frisch-und-albrecht-mendelssohn-bartholdy\/\",\"name\":\"Efraim Frisch und Albrecht Mendelssohn Bartholdy - Universit\u00e4tsverlag Potsdam\",\"isPartOf\":{\"@id\":\"https:\/\/shop.verlag.uni-potsdam.de\/en\/#website\"},\"primaryImageOfPage\":{\"@id\":\"https:\/\/shop.verlag.uni-potsdam.de\/en\/shop\/efraim-frisch-und-albrecht-mendelssohn-bartholdy\/#primaryimage\"},\"image\":{\"@id\":\"https:\/\/shop.verlag.uni-potsdam.de\/shop\/efraim-frisch-und-albrecht-mendelssohn-bartholdy\/#primaryimage\"},\"thumbnailUrl\":\"https:\/\/shop.verlag.uni-potsdam.de\/wp-content\/uploads\/asolmerce\/image-978-3-86956-577-4.png\",\"datePublished\":\"2026-04-27T05:29:55+00:00\",\"dateModified\":\"2026-04-27T07:30:55+00:00\",\"breadcrumb\":{\"@id\":\"https:\/\/shop.verlag.uni-potsdam.de\/en\/shop\/efraim-frisch-und-albrecht-mendelssohn-bartholdy\/#breadcrumb\"},\"inLanguage\":\"en-US\",\"potentialAction\":[{\"@type\":\"ReadAction\",\"target\":[[\"https:\/\/shop.verlag.uni-potsdam.de\/en\/shop\/efraim-frisch-und-albrecht-mendelssohn-bartholdy\/\"]]}]},{\"@type\":\"ImageObject\",\"inLanguage\":\"en-US\",\"@id\":\"https:\/\/shop.verlag.uni-potsdam.de\/en\/shop\/efraim-frisch-und-albrecht-mendelssohn-bartholdy\/#primaryimage\",\"url\":\"https:\/\/shop.verlag.uni-potsdam.de\/wp-content\/uploads\/asolmerce\/image-978-3-86956-577-4.png\",\"contentUrl\":\"https:\/\/shop.verlag.uni-potsdam.de\/wp-content\/uploads\/asolmerce\/image-978-3-86956-577-4.png\",\"width\":1813,\"height\":2560},{\"@type\":\"BreadcrumbList\",\"@id\":\"https:\/\/shop.verlag.uni-potsdam.de\/en\/shop\/efraim-frisch-und-albrecht-mendelssohn-bartholdy\/#breadcrumb\",\"itemListElement\":[{\"@type\":\"ListItem\",\"position\":1,\"name\":\"Startseite\",\"item\":\"https:\/\/shop.verlag.uni-potsdam.de\/en\/\"},{\"@type\":\"ListItem\",\"position\":2,\"name\":\"Shop\",\"item\":\"https:\/\/shop.verlag.uni-potsdam.de\/en\/shop\/\"},{\"@type\":\"ListItem\",\"position\":3,\"name\":\"Efraim Frisch und Albrecht Mendelssohn Bartholdy\"}]},{\"@type\":\"WebSite\",\"@id\":\"https:\/\/shop.verlag.uni-potsdam.de\/en\/#website\",\"url\":\"https:\/\/shop.verlag.uni-potsdam.de\/en\/\",\"name\":\"Universit\u00e4tsverlag Potsdam\",\"description\":\"\",\"publisher\":{\"@id\":\"https:\/\/shop.verlag.uni-potsdam.de\/en\/#organization\"},\"potentialAction\":[{\"@type\":\"SearchAction\",\"target\":{\"@type\":\"EntryPoint\",\"urlTemplate\":\"https:\/\/shop.verlag.uni-potsdam.de\/en\/?s={search_term_string}\"},\"query-input\":{\"@type\":\"PropertyValueSpecification\",\"valueRequired\":true,\"valueName\":\"search_term_string\"}}],\"inLanguage\":\"en-US\"},{\"@type\":\"Organization\",\"@id\":\"https:\/\/shop.verlag.uni-potsdam.de\/en\/#organization\",\"name\":\"Universit\u00e4tsverlag Potsdam\",\"url\":\"https:\/\/shop.verlag.uni-potsdam.de\/en\/\",\"logo\":{\"@type\":\"ImageObject\",\"inLanguage\":\"en-US\",\"@id\":\"https:\/\/shop.verlag.uni-potsdam.de\/en\/#\/schema\/logo\/image\/\",\"url\":\"https:\/\/shop.verlag.uni-potsdam.de\/wp-content\/uploads\/2017\/04\/up_logo_university_2.png\",\"contentUrl\":\"https:\/\/shop.verlag.uni-potsdam.de\/wp-content\/uploads\/2017\/04\/up_logo_university_2.png\",\"width\":160,\"height\":172,\"caption\":\"Universit\u00e4tsverlag Potsdam\"},\"image\":{\"@id\":\"https:\/\/shop.verlag.uni-potsdam.de\/en\/#\/schema\/logo\/image\/\"}}]}<\/script>\n<!-- \/ Yoast SEO plugin. -->","yoast_head_json":{"title":"Efraim Frisch und Albrecht Mendelssohn Bartholdy - Universit\u00e4tsverlag Potsdam","robots":{"index":"index","follow":"follow","max-snippet":"max-snippet:-1","max-image-preview":"max-image-preview:large","max-video-preview":"max-video-preview:-1"},"canonical":"https:\/\/shop.verlag.uni-potsdam.de\/en\/shop\/efraim-frisch-und-albrecht-mendelssohn-bartholdy\/","og_locale":"en_US","og_type":"article","og_title":"Efraim Frisch und Albrecht Mendelssohn Bartholdy - Universit\u00e4tsverlag Potsdam","og_description":"Efraim Frisch (1873\u20131942) und Albrecht Mendelssohn Bartholdy (1874\u20131936) waren im klassischen Zeitalter der Intellektuellen (neben anderem) Zeitschriftenentrepeneure und Gr\u00fcnder der kleinen Zeitschriften Der Neue Merkur (1914\u20131916\/1919\u20131925) und Europ\u00e4ische Gespr\u00e4che (1923\u20131933). Sie stehen (nicht nur mit ihren Zeitschriften) f\u00fcr einen der wiederholt in der Moderne unternommenen Versuche, die in der Aufkl\u00e4rung erschlossenen Ressourcen \u2013 demokratischer Republikanismus und universelle und gleiche Rechte f\u00fcr alle Menschen \u2013 im Vertrauen auf ihre globale Umsetzbarkeit zu aktivieren. In der Zeit der Weimarer Republik geh\u00f6rten sie zu den Republikanern, \u201edie Weimar als Symbol ernst nahmen und z\u00e4h und mutig bem\u00fcht waren, dem Ideal konkreten Inhalt zu verleihen\u201c (Peter Gay). Ihr bislang un\u00fcberliefert gebliebenes Beispiel f\u00fcgt sich ein in die Demokratiegeschichte der europ\u00e4ischen Moderne, in die Geschichte internationaler Gesellschaftsbeziehungen und die Geschichte der Selbstbehauptung intellektueller Autonomie.Die z\u00e4suren\u00fcbergreifend den Zeitraum von 1900 bis ca. 1940 untersuchende Studie erm\u00f6glicht wesentliche Einblicke in die Biografien Frischs und Mendelssohn Bartholdys, in die deutsch-franz\u00f6sische\/europ\u00e4isch-transatlantische Welt der kleinen (literarisch-politischen) Zeitschriften des fr\u00fchen 20. Jahrhunderts sowie in das medien-intellektuelle Feld des sp\u00e4ten Kaiserreiches und der Weimarer Republik in seiner humanistisch-demokratisch-republikanischen Tendenz. Dar\u00fcber hinaus beinhaltet sie neue Erkenntnisse zur Geschichte der \u201aHeidelberger Vereinigung\u2018 \u2013 der Arbeitsgemeinschaft f\u00fcr eine Politik des Rechts \u2013 um Prinz Max von Baden, zur deutschen Friedensdelegation in Versailles 1919 und ihrem Hamburger Nachleben, zum Handbuch der Politik sowie zur ersten amtlichen Aktenpublikation des Ausw\u00e4rtigen Amtes \u2013 der Gro\u00dfen Politik der Europ\u00e4ischen Kabinette 1871\u20131914. Schlie\u00dflich zu den Bem\u00fchungen der \u201aInternationalists\u2018 der 1920er Jahre, eine effektive \u00c4chtung des Angriffskrieges herbeizuf\u00fchren.","og_url":"https:\/\/shop.verlag.uni-potsdam.de\/en\/shop\/efraim-frisch-und-albrecht-mendelssohn-bartholdy\/","og_site_name":"Universit\u00e4tsverlag Potsdam","article_modified_time":"2026-04-27T07:30:55+00:00","og_image":[{"width":2008,"height":2835,"url":"https:\/\/shop.verlag.uni-potsdam.de\/wp-content\/uploads\/asolmerce\/image-978-3-86956-577-4.png","type":"image\/png"}],"twitter_card":"summary_large_image","twitter_misc":{"Est. reading time":"1 minute"},"schema":{"@context":"https:\/\/schema.org","@graph":[{"@type":"WebPage","@id":"https:\/\/shop.verlag.uni-potsdam.de\/en\/shop\/efraim-frisch-und-albrecht-mendelssohn-bartholdy\/","url":"https:\/\/shop.verlag.uni-potsdam.de\/en\/shop\/efraim-frisch-und-albrecht-mendelssohn-bartholdy\/","name":"Efraim Frisch und Albrecht Mendelssohn Bartholdy - Universit\u00e4tsverlag Potsdam","isPartOf":{"@id":"https:\/\/shop.verlag.uni-potsdam.de\/en\/#website"},"primaryImageOfPage":{"@id":"https:\/\/shop.verlag.uni-potsdam.de\/en\/shop\/efraim-frisch-und-albrecht-mendelssohn-bartholdy\/#primaryimage"},"image":{"@id":"https:\/\/shop.verlag.uni-potsdam.de\/shop\/efraim-frisch-und-albrecht-mendelssohn-bartholdy\/#primaryimage"},"thumbnailUrl":"https:\/\/shop.verlag.uni-potsdam.de\/wp-content\/uploads\/asolmerce\/image-978-3-86956-577-4.png","datePublished":"2026-04-27T05:29:55+00:00","dateModified":"2026-04-27T07:30:55+00:00","breadcrumb":{"@id":"https:\/\/shop.verlag.uni-potsdam.de\/en\/shop\/efraim-frisch-und-albrecht-mendelssohn-bartholdy\/#breadcrumb"},"inLanguage":"en-US","potentialAction":[{"@type":"ReadAction","target":[["https:\/\/shop.verlag.uni-potsdam.de\/en\/shop\/efraim-frisch-und-albrecht-mendelssohn-bartholdy\/"]]}]},{"@type":"ImageObject","inLanguage":"en-US","@id":"https:\/\/shop.verlag.uni-potsdam.de\/en\/shop\/efraim-frisch-und-albrecht-mendelssohn-bartholdy\/#primaryimage","url":"https:\/\/shop.verlag.uni-potsdam.de\/wp-content\/uploads\/asolmerce\/image-978-3-86956-577-4.png","contentUrl":"https:\/\/shop.verlag.uni-potsdam.de\/wp-content\/uploads\/asolmerce\/image-978-3-86956-577-4.png","width":1813,"height":2560},{"@type":"BreadcrumbList","@id":"https:\/\/shop.verlag.uni-potsdam.de\/en\/shop\/efraim-frisch-und-albrecht-mendelssohn-bartholdy\/#breadcrumb","itemListElement":[{"@type":"ListItem","position":1,"name":"Startseite","item":"https:\/\/shop.verlag.uni-potsdam.de\/en\/"},{"@type":"ListItem","position":2,"name":"Shop","item":"https:\/\/shop.verlag.uni-potsdam.de\/en\/shop\/"},{"@type":"ListItem","position":3,"name":"Efraim Frisch und Albrecht Mendelssohn Bartholdy"}]},{"@type":"WebSite","@id":"https:\/\/shop.verlag.uni-potsdam.de\/en\/#website","url":"https:\/\/shop.verlag.uni-potsdam.de\/en\/","name":"Universit\u00e4tsverlag Potsdam","description":"","publisher":{"@id":"https:\/\/shop.verlag.uni-potsdam.de\/en\/#organization"},"potentialAction":[{"@type":"SearchAction","target":{"@type":"EntryPoint","urlTemplate":"https:\/\/shop.verlag.uni-potsdam.de\/en\/?s={search_term_string}"},"query-input":{"@type":"PropertyValueSpecification","valueRequired":true,"valueName":"search_term_string"}}],"inLanguage":"en-US"},{"@type":"Organization","@id":"https:\/\/shop.verlag.uni-potsdam.de\/en\/#organization","name":"Universit\u00e4tsverlag Potsdam","url":"https:\/\/shop.verlag.uni-potsdam.de\/en\/","logo":{"@type":"ImageObject","inLanguage":"en-US","@id":"https:\/\/shop.verlag.uni-potsdam.de\/en\/#\/schema\/logo\/image\/","url":"https:\/\/shop.verlag.uni-potsdam.de\/wp-content\/uploads\/2017\/04\/up_logo_university_2.png","contentUrl":"https:\/\/shop.verlag.uni-potsdam.de\/wp-content\/uploads\/2017\/04\/up_logo_university_2.png","width":160,"height":172,"caption":"Universit\u00e4tsverlag Potsdam"},"image":{"@id":"https:\/\/shop.verlag.uni-potsdam.de\/en\/#\/schema\/logo\/image\/"}}]}},"_links":{"self":[{"href":"https:\/\/shop.verlag.uni-potsdam.de\/en\/wp-json\/wp\/v2\/product\/96209","targetHints":{"allow":["GET"]}}],"collection":[{"href":"https:\/\/shop.verlag.uni-potsdam.de\/en\/wp-json\/wp\/v2\/product"}],"about":[{"href":"https:\/\/shop.verlag.uni-potsdam.de\/en\/wp-json\/wp\/v2\/types\/product"}],"wp:featuredmedia":[{"embeddable":true,"href":"https:\/\/shop.verlag.uni-potsdam.de\/en\/wp-json\/wp\/v2\/media\/96227"}],"wp:attachment":[{"href":"https:\/\/shop.verlag.uni-potsdam.de\/en\/wp-json\/wp\/v2\/media?parent=96209"}],"wp:term":[{"taxonomy":"product_brand","embeddable":true,"href":"https:\/\/shop.verlag.uni-potsdam.de\/en\/wp-json\/wp\/v2\/product_brand?post=96209"},{"taxonomy":"product_cat","embeddable":true,"href":"https:\/\/shop.verlag.uni-potsdam.de\/en\/wp-json\/wp\/v2\/product_cat?post=96209"},{"taxonomy":"product_tag","embeddable":true,"href":"https:\/\/shop.verlag.uni-potsdam.de\/en\/wp-json\/wp\/v2\/product_tag?post=96209"}],"curies":[{"name":"wp","href":"https:\/\/api.w.org\/{rel}","templated":true}]}}